{"id":398,"date":"2023-02-03T18:52:24","date_gmt":"2023-02-03T17:52:24","guid":{"rendered":"https:\/\/www.doeer.eu\/en\/?page_id=398"},"modified":"2025-10-29T09:15:26","modified_gmt":"2025-10-29T08:15:26","slug":"news-2","status":"publish","type":"page","link":"https:\/\/www.doeer.eu\/sl\/news-2\/","title":{"rendered":"Novice"},"content":{"rendered":"<ul class=\"wp-block-latest-posts__list wp-block-latest-posts\"><li><div class=\"wp-block-latest-posts__featured-image alignleft\"><img loading=\"lazy\" decoding=\"async\" width=\"300\" height=\"209\" src=\"https:\/\/www.doeer.eu\/wp-content\/uploads\/2025\/11\/DOEER-NL5_SL_thumb-300x209.png\" class=\"attachment-medium size-medium wp-post-image\" alt=\"\" style=\"max-width:100px;\" srcset=\"https:\/\/www.doeer.eu\/wp-content\/uploads\/2025\/11\/DOEER-NL5_SL_thumb-300x209.png 300w, https:\/\/www.doeer.eu\/wp-content\/uploads\/2025\/11\/DOEER-NL5_SL_thumb-1024x713.png 1024w, https:\/\/www.doeer.eu\/wp-content\/uploads\/2025\/11\/DOEER-NL5_SL_thumb-768x535.png 768w, https:\/\/www.doeer.eu\/wp-content\/uploads\/2025\/11\/DOEER-NL5_SL_thumb.png 1270w\" sizes=\"auto, (max-width: 300px) 100vw, 300px\" \/><\/div><a class=\"wp-block-latest-posts__post-title\" href=\"https:\/\/www.doeer.eu\/sl\/doeer-newsletter-5\/\">DOEER novi\u010dnik \u0161t. 5<\/a><div class=\"wp-block-latest-posts__post-excerpt\">V tej \u0161tevilki: Kon\u010dni rezultati pobude DOEER; Zaklju\u010dni sestanek projekta DOEER v Neaplju; Promocijski dogodki v vseh dr\u017eavah projekta; Povratne informacije udele\u017eencev o pilotni dejavnosti; Zaklju\u010dna mednarodna konferenca v Italiji; Nadaljnji koraki\r\n<\/div><\/li>\n<li><div class=\"wp-block-latest-posts__featured-image alignleft\"><img loading=\"lazy\" decoding=\"async\" width=\"227\" height=\"300\" src=\"https:\/\/www.doeer.eu\/wp-content\/uploads\/2025\/07\/Sustainability-227x300.png\" class=\"attachment-medium size-medium wp-post-image\" alt=\"\" style=\"max-width:100px;\" srcset=\"https:\/\/www.doeer.eu\/wp-content\/uploads\/2025\/07\/Sustainability-227x300.png 227w, https:\/\/www.doeer.eu\/wp-content\/uploads\/2025\/07\/Sustainability.png 662w\" sizes=\"auto, (max-width: 227px) 100vw, 227px\" \/><\/div><a class=\"wp-block-latest-posts__post-title\" href=\"https:\/\/www.doeer.eu\/sl\/future-steps\/\">Nadaljnji koraki<\/a><div class=\"wp-block-latest-posts__post-excerpt\">Ob koncu projekta je ekipa DOEER dolo\u010dila komponente programa trajnosti v dokumentu \u00bbRaz\u0161irjeni program trajnosti \u2013 Strate\u0161ki na\u010drt za uporabo rezultatov projekta Erasmus+ DOEER Digitalno in odprto izobra\u017eevanje za odpornost na podlagi enakosti\u00ab in ustvarila videoposnetek \u00bbWhat is DOOER?\u00ab, ki ga bodo partnerji uporabili pri svojih nadaljnjih dejavnostih.<\/div><\/li>\n<li><div class=\"wp-block-latest-posts__featured-image alignleft\"><img loading=\"lazy\" decoding=\"async\" width=\"206\" height=\"300\" src=\"https:\/\/www.doeer.eu\/wp-content\/uploads\/2025\/06\/DOEER-Poster-EN-Naples-206x300.png\" class=\"attachment-medium size-medium wp-post-image\" alt=\"\" style=\"max-width:100px;\" srcset=\"https:\/\/www.doeer.eu\/wp-content\/uploads\/2025\/06\/DOEER-Poster-EN-Naples-206x300.png 206w, https:\/\/www.doeer.eu\/wp-content\/uploads\/2025\/06\/DOEER-Poster-EN-Naples-704x1024.png 704w, https:\/\/www.doeer.eu\/wp-content\/uploads\/2025\/06\/DOEER-Poster-EN-Naples-768x1117.png 768w, https:\/\/www.doeer.eu\/wp-content\/uploads\/2025\/06\/DOEER-Poster-EN-Naples-1056x1536.png 1056w, https:\/\/www.doeer.eu\/wp-content\/uploads\/2025\/06\/DOEER-Poster-EN-Naples-1408x2048.png 1408w, https:\/\/www.doeer.eu\/wp-content\/uploads\/2025\/06\/DOEER-Poster-EN-Naples-scaled.png 1761w\" sizes=\"auto, (max-width: 206px) 100vw, 206px\" \/><\/div><a class=\"wp-block-latest-posts__post-title\" href=\"https:\/\/www.doeer.eu\/sl\/the-final-international-conference-in-italy\/\">Zaklju\u010dna mednarodna konferenca v Italiji<\/a><div class=\"wp-block-latest-posts__post-excerpt\">Koordinatorica projekta DOEER, Univerza Federico II v Neaplju, je 20. junija 2025 v Neaplju organizirala zaklju\u010dno mednarodno konferenco projekta DOEER<\/div><\/li>\n<li><div class=\"wp-block-latest-posts__featured-image alignleft\"><img loading=\"lazy\" decoding=\"async\" width=\"300\" height=\"133\" src=\"https:\/\/www.doeer.eu\/wp-content\/uploads\/2025\/06\/events-cover-300x133.png\" class=\"attachment-medium size-medium wp-post-image\" alt=\"\" style=\"max-width:100px;\" srcset=\"https:\/\/www.doeer.eu\/wp-content\/uploads\/2025\/06\/events-cover-300x133.png 300w, https:\/\/www.doeer.eu\/wp-content\/uploads\/2025\/06\/events-cover-1024x453.png 1024w, https:\/\/www.doeer.eu\/wp-content\/uploads\/2025\/06\/events-cover-768x339.png 768w, https:\/\/www.doeer.eu\/wp-content\/uploads\/2025\/06\/events-cover-1536x679.png 1536w, https:\/\/www.doeer.eu\/wp-content\/uploads\/2025\/06\/events-cover.png 1919w\" sizes=\"auto, (max-width: 300px) 100vw, 300px\" \/><\/div><a class=\"wp-block-latest-posts__post-title\" href=\"https:\/\/www.doeer.eu\/sl\/the-promotion-events-in-all-projectcountries\/\">Promocijski dogodki v vseh dr\u017eavah projekta<\/a><div class=\"wp-block-latest-posts__post-excerpt\">V obdobju od aprila do junija 2025 so bili rezultati DOEER predstavljeni na nacionalnih promocijskih dogodkih, organiziranih v vsaki projektni dr\u017eavi \u2013 \u0160paniji, Romuniji, Slova\u0161ki, Cipru, Sloveniji, v Italiji pa na zaklju\u010dni mednarodni konferenci<\/div><\/li>\n<li><div class=\"wp-block-latest-posts__featured-image alignleft\"><img loading=\"lazy\" decoding=\"async\" width=\"300\" height=\"160\" src=\"https:\/\/www.doeer.eu\/wp-content\/uploads\/2025\/07\/Team-TPM-Naples-300x160.png\" class=\"attachment-medium size-medium wp-post-image\" alt=\"\" style=\"max-width:100px;\" srcset=\"https:\/\/www.doeer.eu\/wp-content\/uploads\/2025\/07\/Team-TPM-Naples-300x160.png 300w, https:\/\/www.doeer.eu\/wp-content\/uploads\/2025\/07\/Team-TPM-Naples-1024x546.png 1024w, https:\/\/www.doeer.eu\/wp-content\/uploads\/2025\/07\/Team-TPM-Naples-768x410.png 768w, https:\/\/www.doeer.eu\/wp-content\/uploads\/2025\/07\/Team-TPM-Naples-1536x820.png 1536w\" sizes=\"auto, (max-width: 300px) 100vw, 300px\" \/><\/div><a class=\"wp-block-latest-posts__post-title\" href=\"https:\/\/www.doeer.eu\/sl\/the-doeer-final-project-meeting-innaples\/\">Zaklju\u010dni sestanek projekta DOEER v Neaplju<\/a><div class=\"wp-block-latest-posts__post-excerpt\">Vsi projektni partnerji so se sestali v Neaplju (Italija) na zadnjem projektnem sre\u010danju, ki ga je 18. in 19. junija organizirala koordinatorica Univerza Federico II v Neaplju<\/div><\/li>\n<li><div class=\"wp-block-latest-posts__featured-image alignleft\"><img loading=\"lazy\" decoding=\"async\" width=\"300\" height=\"215\" src=\"https:\/\/www.doeer.eu\/wp-content\/uploads\/2025\/04\/DOEER_Events-300x215.jpg\" class=\"attachment-medium size-medium wp-post-image\" alt=\"\" style=\"max-width:100px;\" srcset=\"https:\/\/www.doeer.eu\/wp-content\/uploads\/2025\/04\/DOEER_Events-300x215.jpg 300w, https:\/\/www.doeer.eu\/wp-content\/uploads\/2025\/04\/DOEER_Events-1024x735.jpg 1024w, https:\/\/www.doeer.eu\/wp-content\/uploads\/2025\/04\/DOEER_Events-768x552.jpg 768w, https:\/\/www.doeer.eu\/wp-content\/uploads\/2025\/04\/DOEER_Events-1536x1103.jpg 1536w, https:\/\/www.doeer.eu\/wp-content\/uploads\/2025\/04\/DOEER_Events-2048x1471.jpg 2048w\" sizes=\"auto, (max-width: 300px) 100vw, 300px\" \/><\/div><a class=\"wp-block-latest-posts__post-title\" href=\"https:\/\/www.doeer.eu\/sl\/the-doeer-events\/\">Dogodki DOEER za predstavitev vseh rezultatov v dr\u017eavah projekta<\/a><div class=\"wp-block-latest-posts__post-excerpt\">Rezultati DOEER bodo predstavljeni na namenskih nacionalnih dogodkih, ki bodo organizirani od aprila do junija 2025 v vseh dr\u017eavah projekta<\/div><\/li>\n<li><div class=\"wp-block-latest-posts__featured-image alignleft\"><img loading=\"lazy\" decoding=\"async\" width=\"300\" height=\"138\" src=\"https:\/\/www.doeer.eu\/wp-content\/uploads\/2025\/04\/Results-thumb-300x138.png\" class=\"attachment-medium size-medium wp-post-image\" alt=\"\" style=\"max-width:100px;\" srcset=\"https:\/\/www.doeer.eu\/wp-content\/uploads\/2025\/04\/Results-thumb-300x138.png 300w, https:\/\/www.doeer.eu\/wp-content\/uploads\/2025\/04\/Results-thumb-1024x472.png 1024w, https:\/\/www.doeer.eu\/wp-content\/uploads\/2025\/04\/Results-thumb-768x354.png 768w, https:\/\/www.doeer.eu\/wp-content\/uploads\/2025\/04\/Results-thumb-1536x708.png 1536w, https:\/\/www.doeer.eu\/wp-content\/uploads\/2025\/04\/Results-thumb-2048x944.png 2048w\" sizes=\"auto, (max-width: 300px) 100vw, 300px\" \/><\/div><a class=\"wp-block-latest-posts__post-title\" href=\"https:\/\/www.doeer.eu\/sl\/the-final-results-of-the-doeer-initiative\/\">Kon\u010dni rezultati pobude DOEER<\/a><div class=\"wp-block-latest-posts__post-excerpt\">V skladu s splo\u0161nimi in specifi\u010dnimi cilji DOEER kon\u010dni rezultati projekta ustvarjajo razli\u010dne dodane vrednosti, ki podpirajo u\u010dinkovit sistem izobra\u017eevanja, zgrajen na skupnem in na resni\u010dnem \u017eivljenju temelje\u010dem razumevanju \u00bbenakopravnosti\u00ab<\/div><\/li>\n<li><div class=\"wp-block-latest-posts__featured-image alignleft\"><img loading=\"lazy\" decoding=\"async\" width=\"300\" height=\"225\" src=\"https:\/\/www.doeer.eu\/wp-content\/uploads\/2025\/04\/Progetto-senza-titolo-1-300x225.png\" class=\"attachment-medium size-medium wp-post-image\" alt=\"Pilot with HE students\" style=\"max-width:100px;\" srcset=\"https:\/\/www.doeer.eu\/wp-content\/uploads\/2025\/04\/Progetto-senza-titolo-1-300x225.png 300w, https:\/\/www.doeer.eu\/wp-content\/uploads\/2025\/04\/Progetto-senza-titolo-1-1024x768.png 1024w, https:\/\/www.doeer.eu\/wp-content\/uploads\/2025\/04\/Progetto-senza-titolo-1-768x576.png 768w, https:\/\/www.doeer.eu\/wp-content\/uploads\/2025\/04\/Progetto-senza-titolo-1-1536x1152.png 1536w, https:\/\/www.doeer.eu\/wp-content\/uploads\/2025\/04\/Progetto-senza-titolo-1-2048x1536.png 2048w\" sizes=\"auto, (max-width: 300px) 100vw, 300px\" \/><\/div><a class=\"wp-block-latest-posts__post-title\" href=\"https:\/\/www.doeer.eu\/sl\/the-feedback-of-the-participants-to-the-pilot-activity\/\">Zadovoljstvo udele\u017eencev<\/a><div class=\"wp-block-latest-posts__post-excerpt\">Na koncu 5-dnevnega programa so udele\u017eenci iz \u0161estih dr\u017eav ocenili svoje zadovoljstvo z dogodkom<\/div><\/li>\n<li><div class=\"wp-block-latest-posts__featured-image alignleft\"><img loading=\"lazy\" decoding=\"async\" width=\"300\" height=\"225\" src=\"https:\/\/www.doeer.eu\/wp-content\/uploads\/2025\/04\/d669a12d-d6a3-409c-a578-5a3562d8938e-300x225.jpg\" class=\"attachment-medium size-medium wp-post-image\" alt=\"\" style=\"max-width:100px;\" srcset=\"https:\/\/www.doeer.eu\/wp-content\/uploads\/2025\/04\/d669a12d-d6a3-409c-a578-5a3562d8938e-300x225.jpg 300w, https:\/\/www.doeer.eu\/wp-content\/uploads\/2025\/04\/d669a12d-d6a3-409c-a578-5a3562d8938e-1024x768.jpg 1024w, https:\/\/www.doeer.eu\/wp-content\/uploads\/2025\/04\/d669a12d-d6a3-409c-a578-5a3562d8938e-768x576.jpg 768w, https:\/\/www.doeer.eu\/wp-content\/uploads\/2025\/04\/d669a12d-d6a3-409c-a578-5a3562d8938e-1536x1152.jpg 1536w, https:\/\/www.doeer.eu\/wp-content\/uploads\/2025\/04\/d669a12d-d6a3-409c-a578-5a3562d8938e.jpg 1600w\" sizes=\"auto, (max-width: 300px) 100vw, 300px\" \/><\/div><a class=\"wp-block-latest-posts__post-title\" href=\"https:\/\/www.doeer.eu\/sl\/the-he-students-mobility-event-in-slovenia-to-pilot-the-doeer-online-course\/\">\u0160tudenti so v Sloveniji preizkusili u\u010dne module DOEER<\/a><div class=\"wp-block-latest-posts__post-excerpt\">Mobilnost je \u0161tudente pripeljala v Slovenijo, kjer so skupaj raziskovali DOEER u\u010dne module in izku\u0161ali inkluzivni turizem v praksi<\/div><\/li>\n<li><div class=\"wp-block-latest-posts__featured-image alignleft\"><img loading=\"lazy\" decoding=\"async\" width=\"300\" height=\"209\" src=\"https:\/\/www.doeer.eu\/wp-content\/uploads\/2024\/11\/DOEER-NL4-thumb-300x209.png\" class=\"attachment-medium size-medium wp-post-image\" alt=\"DOEER Newsletter 4\" style=\"max-width:100px;\" srcset=\"https:\/\/www.doeer.eu\/wp-content\/uploads\/2024\/11\/DOEER-NL4-thumb-300x209.png 300w, https:\/\/www.doeer.eu\/wp-content\/uploads\/2024\/11\/DOEER-NL4-thumb-1024x713.png 1024w, https:\/\/www.doeer.eu\/wp-content\/uploads\/2024\/11\/DOEER-NL4-thumb-768x535.png 768w, https:\/\/www.doeer.eu\/wp-content\/uploads\/2024\/11\/DOEER-NL4-thumb.png 1270w\" sizes=\"auto, (max-width: 300px) 100vw, 300px\" \/><\/div><a class=\"wp-block-latest-posts__post-title\" href=\"https:\/\/www.doeer.eu\/sl\/doeer-newsletter-4\/\">DOEER novi\u010dnik \u0161t. 4<\/a><div class=\"wp-block-latest-posts__post-excerpt\">V tej \u0161tevilki: Kako uporabljati ve\u010djezi\u010dne u\u010dne materiale DOEER; Ocena usposabljanja v \u0160paniji; Pilotno usposabljanje \u0161tudentov iz projektnih dr\u017eav; \u010cetrto sre\u010danje projektnih partnerjev v Sevilji\r\n<\/div><\/li>\n<li><div class=\"wp-block-latest-posts__featured-image alignleft\"><img loading=\"lazy\" decoding=\"async\" width=\"300\" height=\"225\" src=\"https:\/\/www.doeer.eu\/wp-content\/uploads\/2024\/11\/20241022_120322-300x225.jpg\" class=\"attachment-medium size-medium wp-post-image\" alt=\"\" style=\"max-width:100px;\" srcset=\"https:\/\/www.doeer.eu\/wp-content\/uploads\/2024\/11\/20241022_120322-300x225.jpg 300w, https:\/\/www.doeer.eu\/wp-content\/uploads\/2024\/11\/20241022_120322-1024x768.jpg 1024w, https:\/\/www.doeer.eu\/wp-content\/uploads\/2024\/11\/20241022_120322-768x576.jpg 768w, https:\/\/www.doeer.eu\/wp-content\/uploads\/2024\/11\/20241022_120322-1536x1152.jpg 1536w, https:\/\/www.doeer.eu\/wp-content\/uploads\/2024\/11\/20241022_120322-2048x1536.jpg 2048w\" sizes=\"auto, (max-width: 300px) 100vw, 300px\" \/><\/div><a class=\"wp-block-latest-posts__post-title\" href=\"https:\/\/www.doeer.eu\/sl\/the-doeer-fourth-project-meeting-in-seville\/\">\u010cetrto sre\u010danje projektnih partnerjev v Sevilji<\/a><div class=\"wp-block-latest-posts__post-excerpt\">Partnerji projekta DOEER so se v \u0160paniji sestali na 4. sre\u010danju.<\/div><\/li>\n<li><div class=\"wp-block-latest-posts__featured-image alignleft\"><img loading=\"lazy\" decoding=\"async\" width=\"300\" height=\"225\" src=\"https:\/\/www.doeer.eu\/wp-content\/uploads\/2024\/11\/IMG-20241022-WA0017-300x225.jpg\" class=\"attachment-medium size-medium wp-post-image\" alt=\"\" style=\"max-width:100px;\" srcset=\"https:\/\/www.doeer.eu\/wp-content\/uploads\/2024\/11\/IMG-20241022-WA0017-300x225.jpg 300w, https:\/\/www.doeer.eu\/wp-content\/uploads\/2024\/11\/IMG-20241022-WA0017-1024x768.jpg 1024w, https:\/\/www.doeer.eu\/wp-content\/uploads\/2024\/11\/IMG-20241022-WA0017-768x576.jpg 768w, https:\/\/www.doeer.eu\/wp-content\/uploads\/2024\/11\/IMG-20241022-WA0017-1536x1152.jpg 1536w, https:\/\/www.doeer.eu\/wp-content\/uploads\/2024\/11\/IMG-20241022-WA0017.jpg 1600w\" sizes=\"auto, (max-width: 300px) 100vw, 300px\" \/><\/div><a class=\"wp-block-latest-posts__post-title\" href=\"https:\/\/www.doeer.eu\/sl\/the-pilot-learning-for-the-university-students-from-all-project-countries\/\">Pilotno usposabljanje \u0161tudentov iz projektnih dr\u017eav<\/a><div class=\"wp-block-latest-posts__post-excerpt\">Pilotno usposabljanje \u0161tudentov bo potekalo v prvi polovici leta 2025<\/div><\/li>\n<li><div class=\"wp-block-latest-posts__featured-image alignleft\"><img loading=\"lazy\" decoding=\"async\" width=\"300\" height=\"274\" src=\"https:\/\/www.doeer.eu\/wp-content\/uploads\/2024\/11\/LTTA3-scaled-e1732658567692-300x274.jpg\" class=\"attachment-medium size-medium wp-post-image\" alt=\"\" style=\"max-width:100px;\" srcset=\"https:\/\/www.doeer.eu\/wp-content\/uploads\/2024\/11\/LTTA3-scaled-e1732658567692-300x274.jpg 300w, https:\/\/www.doeer.eu\/wp-content\/uploads\/2024\/11\/LTTA3-scaled-e1732658567692-1024x935.jpg 1024w, https:\/\/www.doeer.eu\/wp-content\/uploads\/2024\/11\/LTTA3-scaled-e1732658567692-768x701.jpg 768w, https:\/\/www.doeer.eu\/wp-content\/uploads\/2024\/11\/LTTA3-scaled-e1732658567692.jpg 1529w\" sizes=\"auto, (max-width: 300px) 100vw, 300px\" \/><\/div><a class=\"wp-block-latest-posts__post-title\" href=\"https:\/\/www.doeer.eu\/sl\/attendees-evaluation-of-the-training-event-in-spain\/\">Ocena usposabljanja v \u0160paniji<\/a><div class=\"wp-block-latest-posts__post-excerpt\">Mnenje 20 udele\u017eencev o projektnem usposabljanju v Sevilji, \u0160panija<\/div><\/li>\n<li><div class=\"wp-block-latest-posts__featured-image alignleft\"><img loading=\"lazy\" decoding=\"async\" width=\"300\" height=\"166\" src=\"https:\/\/www.doeer.eu\/wp-content\/uploads\/2024\/11\/Pictogram-300x166.png\" class=\"attachment-medium size-medium wp-post-image\" alt=\"\" style=\"max-width:100px;\" srcset=\"https:\/\/www.doeer.eu\/wp-content\/uploads\/2024\/11\/Pictogram-300x166.png 300w, https:\/\/www.doeer.eu\/wp-content\/uploads\/2024\/11\/Pictogram-1024x565.png 1024w, https:\/\/www.doeer.eu\/wp-content\/uploads\/2024\/11\/Pictogram-768x424.png 768w, https:\/\/www.doeer.eu\/wp-content\/uploads\/2024\/11\/Pictogram-1536x847.png 1536w, https:\/\/www.doeer.eu\/wp-content\/uploads\/2024\/11\/Pictogram.png 1800w\" sizes=\"auto, (max-width: 300px) 100vw, 300px\" \/><\/div><a class=\"wp-block-latest-posts__post-title\" href=\"https:\/\/www.doeer.eu\/sl\/how-to-use-the-multilingual-doeer-learning\/\">Kako uporabljati ve\u010djezi\u010dne u\u010dne materiale DOEER<\/a><div class=\"wp-block-latest-posts__post-excerpt\">Kako uporabljati DOEER u\u010dne module o enakosti in enakopravnosti v turizmu, ki so \u0161tudentom in turisti\u010dnim dele\u017enikom na voljo  brezpla\u010dno v vseh jezikih projekta<\/div><\/li>\n<li><div class=\"wp-block-latest-posts__featured-image alignleft\"><img loading=\"lazy\" decoding=\"async\" width=\"300\" height=\"209\" src=\"https:\/\/www.doeer.eu\/wp-content\/uploads\/2024\/04\/DOEER-NL3_thumb-300x209.png\" class=\"attachment-medium size-medium wp-post-image\" alt=\"\" style=\"max-width:100px;\" srcset=\"https:\/\/www.doeer.eu\/wp-content\/uploads\/2024\/04\/DOEER-NL3_thumb-300x209.png 300w, https:\/\/www.doeer.eu\/wp-content\/uploads\/2024\/04\/DOEER-NL3_thumb-1024x713.png 1024w, https:\/\/www.doeer.eu\/wp-content\/uploads\/2024\/04\/DOEER-NL3_thumb-768x535.png 768w, https:\/\/www.doeer.eu\/wp-content\/uploads\/2024\/04\/DOEER-NL3_thumb.png 1270w\" sizes=\"auto, (max-width: 300px) 100vw, 300px\" \/><\/div><a class=\"wp-block-latest-posts__post-title\" href=\"https:\/\/www.doeer.eu\/sl\/doeer-newsletter-3\/\">DOEER novi\u010dnik \u0161t. 3<\/a><div class=\"wp-block-latest-posts__post-excerpt\">V tej \u0161tevilki: DOEER-jev MOOC; Tretje sre\u010danje projektnih partnerjev  v Ljubljani; Usposabljanje projektnih partnerjev v \u0160paniji; Pilotno izobra\u017eevanje v projektu DOEER<\/div><\/li>\n<li><div class=\"wp-block-latest-posts__featured-image alignleft\"><img loading=\"lazy\" decoding=\"async\" width=\"300\" height=\"200\" src=\"https:\/\/www.doeer.eu\/wp-content\/uploads\/2024\/04\/persone-300x200.jpg\" class=\"attachment-medium size-medium wp-post-image\" alt=\"\" style=\"max-width:100px;\" srcset=\"https:\/\/www.doeer.eu\/wp-content\/uploads\/2024\/04\/persone-300x200.jpg 300w, https:\/\/www.doeer.eu\/wp-content\/uploads\/2024\/04\/persone-1024x683.jpg 1024w, https:\/\/www.doeer.eu\/wp-content\/uploads\/2024\/04\/persone-768x512.jpg 768w, https:\/\/www.doeer.eu\/wp-content\/uploads\/2024\/04\/persone-1536x1024.jpg 1536w\" sizes=\"auto, (max-width: 300px) 100vw, 300px\" \/><\/div><a class=\"wp-block-latest-posts__post-title\" href=\"https:\/\/www.doeer.eu\/sl\/the-doeer-programme-of-pilot-learning\/\">Pilotno izobra\u017eevanje v projektu DOEER<\/a><div class=\"wp-block-latest-posts__post-excerpt\">V prvih mesecih leta 2025 bodo projektni partnerji organizirali pilotno izobra\u017eevanje za \u0161tudente<\/div><\/li>\n<li><div class=\"wp-block-latest-posts__featured-image alignleft\"><img loading=\"lazy\" decoding=\"async\" width=\"300\" height=\"165\" src=\"https:\/\/www.doeer.eu\/wp-content\/uploads\/2024\/04\/camara-300x165.png\" class=\"attachment-medium size-medium wp-post-image\" alt=\"\" style=\"max-width:100px;\" srcset=\"https:\/\/www.doeer.eu\/wp-content\/uploads\/2024\/04\/camara-300x165.png 300w, https:\/\/www.doeer.eu\/wp-content\/uploads\/2024\/04\/camara.png 761w\" sizes=\"auto, (max-width: 300px) 100vw, 300px\" \/><\/div><a class=\"wp-block-latest-posts__post-title\" href=\"https:\/\/www.doeer.eu\/sl\/the-doeer-project-staff-training-event-in-spain\/\">Usposabljanje projektnih partnerjev v \u0160paniji<\/a><div class=\"wp-block-latest-posts__post-excerpt\">V sklopu projekta DOEER bo oktobra letos v \u0160paniji potekalo izobra\u017eevanje dele\u017enikov<\/div><\/li>\n<li><div class=\"wp-block-latest-posts__featured-image alignleft\"><img loading=\"lazy\" decoding=\"async\" width=\"300\" height=\"209\" src=\"https:\/\/www.doeer.eu\/wp-content\/uploads\/2024\/04\/DOEE_course-300x209.png\" class=\"attachment-medium size-medium wp-post-image\" alt=\"\" style=\"max-width:100px;\" srcset=\"https:\/\/www.doeer.eu\/wp-content\/uploads\/2024\/04\/DOEE_course-300x209.png 300w, https:\/\/www.doeer.eu\/wp-content\/uploads\/2024\/04\/DOEE_course-1024x713.png 1024w, https:\/\/www.doeer.eu\/wp-content\/uploads\/2024\/04\/DOEE_course-768x535.png 768w, https:\/\/www.doeer.eu\/wp-content\/uploads\/2024\/04\/DOEE_course.png 1270w\" sizes=\"auto, (max-width: 300px) 100vw, 300px\" \/><\/div><a class=\"wp-block-latest-posts__post-title\" href=\"https:\/\/www.doeer.eu\/sl\/the-doeer-mooc\/\">DOEER-jev MOOC<\/a><div class=\"wp-block-latest-posts__post-excerpt\">Brezpla\u010dni spletni modul o enakosti in enakopravnosti je osrednji rezultat projekta DOEER<\/div><\/li>\n<li><div class=\"wp-block-latest-posts__featured-image alignleft\"><img loading=\"lazy\" decoding=\"async\" width=\"300\" height=\"213\" src=\"https:\/\/www.doeer.eu\/wp-content\/uploads\/2024\/04\/TPM3_group-1.png\" class=\"attachment-medium size-medium wp-post-image\" alt=\"\" style=\"max-width:100px;\" \/><\/div><a class=\"wp-block-latest-posts__post-title\" href=\"https:\/\/www.doeer.eu\/sl\/the-doeer-third-project-meeting-in-ljubljana\/\">Tretje sre\u010danje projektnih partnerjev  v Ljubljani<\/a><div class=\"wp-block-latest-posts__post-excerpt\">Tretje sre\u010danje partnerjev je potekalo v Ljubljani v organizaciji slovenskega partnerja projekta, Zavoda Novi turizem. Partnerji so na njem ocenili trenutne rezultate in na\u010drtovali naslednje korake.<\/div><\/li>\n<li><div class=\"wp-block-latest-posts__featured-image alignleft\"><img loading=\"lazy\" decoding=\"async\" width=\"300\" height=\"209\" src=\"https:\/\/www.doeer.eu\/wp-content\/uploads\/2023\/07\/DOEER-NL2_thumb-1-300x209.png\" class=\"attachment-medium size-medium wp-post-image\" alt=\"\" style=\"max-width:100px;\" srcset=\"https:\/\/www.doeer.eu\/wp-content\/uploads\/2023\/07\/DOEER-NL2_thumb-1-300x209.png 300w, https:\/\/www.doeer.eu\/wp-content\/uploads\/2023\/07\/DOEER-NL2_thumb-1-1024x713.png 1024w, https:\/\/www.doeer.eu\/wp-content\/uploads\/2023\/07\/DOEER-NL2_thumb-1-768x535.png 768w, https:\/\/www.doeer.eu\/wp-content\/uploads\/2023\/07\/DOEER-NL2_thumb-1.png 1270w\" sizes=\"auto, (max-width: 300px) 100vw, 300px\" \/><\/div><a class=\"wp-block-latest-posts__post-title\" href=\"https:\/\/www.doeer.eu\/sl\/doeer-newsletter-2\/\">DOEER novi\u010dnik \u0161t. 2<\/a><div class=\"wp-block-latest-posts__post-excerpt\">V tej \u0161tevilki: Smernice kakovosti  za dvig digitalnih in pedago\u0161kih kompetenc s podro\u010dja enakosti v visoko\u0161olskem izobra\u017eevanju; DOEER-jeve definicije enakosti; Slabe in dobre prakse s podro\u010dja enakosti; Drugo sre\u010danje projektnih partnerjev na Cipru; DOEER-jev okvir\r\n<\/div><\/li>\n<li><div class=\"wp-block-latest-posts__featured-image alignleft\"><img loading=\"lazy\" decoding=\"async\" width=\"212\" height=\"300\" src=\"https:\/\/www.doeer.eu\/wp-content\/uploads\/2024\/04\/Guidelines_SL_cover-1-212x300.jpg\" class=\"attachment-medium size-medium wp-post-image\" alt=\"\" style=\"max-width:100px;\" srcset=\"https:\/\/www.doeer.eu\/wp-content\/uploads\/2024\/04\/Guidelines_SL_cover-1-212x300.jpg 212w, https:\/\/www.doeer.eu\/wp-content\/uploads\/2024\/04\/Guidelines_SL_cover-1-724x1024.jpg 724w, https:\/\/www.doeer.eu\/wp-content\/uploads\/2024\/04\/Guidelines_SL_cover-1-768x1086.jpg 768w, https:\/\/www.doeer.eu\/wp-content\/uploads\/2024\/04\/Guidelines_SL_cover-1-1086x1536.jpg 1086w, https:\/\/www.doeer.eu\/wp-content\/uploads\/2024\/04\/Guidelines_SL_cover-1-1448x2048.jpg 1448w, https:\/\/www.doeer.eu\/wp-content\/uploads\/2024\/04\/Guidelines_SL_cover-1-scaled.jpg 1810w\" sizes=\"auto, (max-width: 212px) 100vw, 212px\" \/><\/div><a class=\"wp-block-latest-posts__post-title\" href=\"https:\/\/www.doeer.eu\/sl\/quality-guidelines-for-he-digital-and-pedagogical-competencies-on-equality\/\">Smernice kakovosti za dvig digitalnih in pedago\u0161kih kompetenc s podro\u010dja enakosti v visoko\u0161olskem izobra\u017eevanju<\/a><div class=\"wp-block-latest-posts__post-excerpt\">Dokument Smernice kakovosti  za dvig digitalnih in pedago\u0161kih kompetenc s podro\u010dja enakosti v visoko\u0161olskem izobra\u017eevanju zajema primere dobrih praks s podro\u010dja enakosti v izobra\u017eevanju in na trgu delovne sile, ki so jih strokovnjaki identificirali na nacionalnih posvetih<\/div><\/li>\n<li><div class=\"wp-block-latest-posts__featured-image alignleft\"><img loading=\"lazy\" decoding=\"async\" width=\"300\" height=\"267\" src=\"https:\/\/www.doeer.eu\/wp-content\/uploads\/2023\/07\/DOEER-Framework-SL-300x267.png\" class=\"attachment-medium size-medium wp-post-image\" alt=\"\" style=\"max-width:100px;\" srcset=\"https:\/\/www.doeer.eu\/wp-content\/uploads\/2023\/07\/DOEER-Framework-SL-300x267.png 300w, https:\/\/www.doeer.eu\/wp-content\/uploads\/2023\/07\/DOEER-Framework-SL-768x684.png 768w, https:\/\/www.doeer.eu\/wp-content\/uploads\/2023\/07\/DOEER-Framework-SL.png 846w\" sizes=\"auto, (max-width: 300px) 100vw, 300px\" \/><\/div><a class=\"wp-block-latest-posts__post-title\" href=\"https:\/\/www.doeer.eu\/sl\/the-doeer-framework\/\">DOEER-jev okvir <\/a><div class=\"wp-block-latest-posts__post-excerpt\">V sklopu projekta DOEER smo zasnovali okvir, s katerim bomo dvigovali kompetence na podro\u010dju enakosti in enakopravnosti<\/div><\/li>\n<li><div class=\"wp-block-latest-posts__featured-image alignleft\"><img loading=\"lazy\" decoding=\"async\" width=\"300\" height=\"264\" src=\"https:\/\/www.doeer.eu\/wp-content\/uploads\/2023\/06\/TPM2_group-e1687784875432-300x264.jpg\" class=\"attachment-medium size-medium wp-post-image\" alt=\"\" style=\"max-width:100px;\" srcset=\"https:\/\/www.doeer.eu\/wp-content\/uploads\/2023\/06\/TPM2_group-e1687784875432-300x264.jpg 300w, https:\/\/www.doeer.eu\/wp-content\/uploads\/2023\/06\/TPM2_group-e1687784875432-1024x901.jpg 1024w, https:\/\/www.doeer.eu\/wp-content\/uploads\/2023\/06\/TPM2_group-e1687784875432-768x676.jpg 768w, https:\/\/www.doeer.eu\/wp-content\/uploads\/2023\/06\/TPM2_group-e1687784875432.jpg 1200w\" sizes=\"auto, (max-width: 300px) 100vw, 300px\" \/><\/div><a class=\"wp-block-latest-posts__post-title\" href=\"https:\/\/www.doeer.eu\/sl\/the-doeer-second-project-meeting-in-cyprus\/\">Drugo sre\u010danje projektnih partnerjev na Cipru<\/a><div class=\"wp-block-latest-posts__post-excerpt\">Projektni partnerji so se ponovno sre\u010dali v \u017eivo, tokrat v Nikoziji na Cipru<\/div><\/li>\n<li><div class=\"wp-block-latest-posts__featured-image alignleft\"><img loading=\"lazy\" decoding=\"async\" width=\"300\" height=\"220\" src=\"https:\/\/www.doeer.eu\/wp-content\/uploads\/2023\/07\/definitions-cover-SL-300x220.png\" class=\"attachment-medium size-medium wp-post-image\" alt=\"\" style=\"max-width:100px;\" srcset=\"https:\/\/www.doeer.eu\/wp-content\/uploads\/2023\/07\/definitions-cover-SL-300x220.png 300w, https:\/\/www.doeer.eu\/wp-content\/uploads\/2023\/07\/definitions-cover-SL.png 360w\" sizes=\"auto, (max-width: 300px) 100vw, 300px\" \/><\/div><a class=\"wp-block-latest-posts__post-title\" href=\"https:\/\/www.doeer.eu\/sl\/the-doeer-definitions-of-equalities\/\">DOEER-jeve definicije enakosti <\/a><div class=\"wp-block-latest-posts__post-excerpt\">V projektu DOEER obravnavamo razli\u010dna podro\u010dja enakosti<\/div><\/li>\n<li><div class=\"wp-block-latest-posts__featured-image alignleft\"><img loading=\"lazy\" decoding=\"async\" width=\"300\" height=\"70\" src=\"https:\/\/www.doeer.eu\/wp-content\/uploads\/2023\/04\/mosaic-3394372_1920-e1682087221809-300x70.jpg\" class=\"attachment-medium size-medium wp-post-image\" alt=\"\" style=\"max-width:100px;\" srcset=\"https:\/\/www.doeer.eu\/wp-content\/uploads\/2023\/04\/mosaic-3394372_1920-e1682087221809-300x70.jpg 300w, https:\/\/www.doeer.eu\/wp-content\/uploads\/2023\/04\/mosaic-3394372_1920-e1682087221809-768x180.jpg 768w, https:\/\/www.doeer.eu\/wp-content\/uploads\/2023\/04\/mosaic-3394372_1920-e1682087221809-1024x241.jpg 1024w, https:\/\/www.doeer.eu\/wp-content\/uploads\/2023\/04\/mosaic-3394372_1920-e1682087221809-1536x361.jpg 1536w, https:\/\/www.doeer.eu\/wp-content\/uploads\/2023\/04\/mosaic-3394372_1920-e1682087221809.jpg 1920w\" sizes=\"auto, (max-width: 300px) 100vw, 300px\" \/><\/div><a class=\"wp-block-latest-posts__post-title\" href=\"https:\/\/www.doeer.eu\/sl\/worst-and-best-practice-on-equality\/\">Slabe in dobre prakse s podro\u010dja enakosti<\/a><div class=\"wp-block-latest-posts__post-excerpt\">Izbrane prakse s podro\u010dja enakosti v izobra\u017eevanju in na trgu delovne sile  so na voljo kot u\u010dni material<\/div><\/li>\n<li><div class=\"wp-block-latest-posts__featured-image alignleft\"><img loading=\"lazy\" decoding=\"async\" width=\"300\" height=\"209\" src=\"https:\/\/www.doeer.eu\/wp-content\/uploads\/2023\/06\/DOEER-NL1_SL_thumb-2.png\" class=\"attachment-medium size-medium wp-post-image\" alt=\"\" style=\"max-width:100px;\" \/><\/div><a class=\"wp-block-latest-posts__post-title\" href=\"https:\/\/www.doeer.eu\/sl\/doeer-newsletter-1\/\">DOEER Novi\u010dnik \u0161t. 1<\/a><div class=\"wp-block-latest-posts__post-excerpt\">V tej \u0161tevilki: Cilji projekta DOEER; DOEER priporo\u010da; Znamka DOEER; Prvo sre\u010danje partnerjev v Bukare\u0161ti; Posveti z nacionalnimi skupinami strokovnjakov<\/div><\/li>\n<li><div class=\"wp-block-latest-posts__featured-image alignleft\"><img loading=\"lazy\" decoding=\"async\" width=\"300\" height=\"196\" src=\"https:\/\/www.doeer.eu\/wp-content\/uploads\/2023\/04\/DOEER-A_thumb1-300x196.png\" class=\"attachment-medium size-medium wp-post-image\" alt=\"\" style=\"max-width:100px;\" srcset=\"https:\/\/www.doeer.eu\/wp-content\/uploads\/2023\/04\/DOEER-A_thumb1-300x196.png 300w, https:\/\/www.doeer.eu\/wp-content\/uploads\/2023\/04\/DOEER-A_thumb1-1024x671.png 1024w, https:\/\/www.doeer.eu\/wp-content\/uploads\/2023\/04\/DOEER-A_thumb1-768x503.png 768w, https:\/\/www.doeer.eu\/wp-content\/uploads\/2023\/04\/DOEER-A_thumb1.png 1350w\" sizes=\"auto, (max-width: 300px) 100vw, 300px\" \/><\/div><a class=\"wp-block-latest-posts__post-title\" href=\"https:\/\/www.doeer.eu\/sl\/consultation-of-national-groups-of-experts-counsellors-in-each-project-country\/\">Posvetovanje z nacionalnimi skupinami strokovnjakov\/svetovalcev <\/a><div class=\"wp-block-latest-posts__post-excerpt\">Vsak projektni parter bo organiziral posvet z nacionalnimi strokovnjaki s podro\u010dja enakosti. Tema posvetov bodo najbolj\u0161e in najslab\u0161e prakse na podro\u010dju enakosti v izobra\u017eevalnem in poslovnem sektorju<\/div><\/li>\n<li><div class=\"wp-block-latest-posts__featured-image alignleft\"><img loading=\"lazy\" decoding=\"async\" width=\"300\" height=\"70\" src=\"https:\/\/www.doeer.eu\/wp-content\/uploads\/2023\/04\/mosaic-3394372_1920-e1682087221809-300x70.jpg\" class=\"attachment-medium size-medium wp-post-image\" alt=\"\" style=\"max-width:100px;\" srcset=\"https:\/\/www.doeer.eu\/wp-content\/uploads\/2023\/04\/mosaic-3394372_1920-e1682087221809-300x70.jpg 300w, https:\/\/www.doeer.eu\/wp-content\/uploads\/2023\/04\/mosaic-3394372_1920-e1682087221809-768x180.jpg 768w, https:\/\/www.doeer.eu\/wp-content\/uploads\/2023\/04\/mosaic-3394372_1920-e1682087221809-1024x241.jpg 1024w, https:\/\/www.doeer.eu\/wp-content\/uploads\/2023\/04\/mosaic-3394372_1920-e1682087221809-1536x361.jpg 1536w, https:\/\/www.doeer.eu\/wp-content\/uploads\/2023\/04\/mosaic-3394372_1920-e1682087221809.jpg 1920w\" sizes=\"auto, (max-width: 300px) 100vw, 300px\" \/><\/div><a class=\"wp-block-latest-posts__post-title\" href=\"https:\/\/www.doeer.eu\/sl\/intercultural-equality\/\">Medkulturna enakost<\/a><div class=\"wp-block-latest-posts__post-excerpt\">Medkulturna enakost se nana\u0161a na enakovredno obravnavo pripadnikov razli\u010dnih kultur in prepoznavanje razli\u010dnih kulturnih praks<\/div><\/li>\n<li><div class=\"wp-block-latest-posts__featured-image alignleft\"><img loading=\"lazy\" decoding=\"async\" width=\"300\" height=\"70\" src=\"https:\/\/www.doeer.eu\/wp-content\/uploads\/2023\/04\/mosaic-3394372_1920-e1682087221809-300x70.jpg\" class=\"attachment-medium size-medium wp-post-image\" alt=\"\" style=\"max-width:100px;\" srcset=\"https:\/\/www.doeer.eu\/wp-content\/uploads\/2023\/04\/mosaic-3394372_1920-e1682087221809-300x70.jpg 300w, https:\/\/www.doeer.eu\/wp-content\/uploads\/2023\/04\/mosaic-3394372_1920-e1682087221809-768x180.jpg 768w, https:\/\/www.doeer.eu\/wp-content\/uploads\/2023\/04\/mosaic-3394372_1920-e1682087221809-1024x241.jpg 1024w, https:\/\/www.doeer.eu\/wp-content\/uploads\/2023\/04\/mosaic-3394372_1920-e1682087221809-1536x361.jpg 1536w, https:\/\/www.doeer.eu\/wp-content\/uploads\/2023\/04\/mosaic-3394372_1920-e1682087221809.jpg 1920w\" sizes=\"auto, (max-width: 300px) 100vw, 300px\" \/><\/div><a class=\"wp-block-latest-posts__post-title\" href=\"https:\/\/www.doeer.eu\/sl\/equality-in-opportunities-in-labour-market\/\">Enake mo\u017enosti na trgu delovne sile<\/a><div class=\"wp-block-latest-posts__post-excerpt\">Enakost mo\u017enosti na trgu delovne sile pomeni, da ni sistemskih ovir, ki bi posameznikom prepre\u010devale dostop do zaposlitve ali napredovanja<\/div><\/li>\n<li><div class=\"wp-block-latest-posts__featured-image alignleft\"><img loading=\"lazy\" decoding=\"async\" width=\"300\" height=\"70\" src=\"https:\/\/www.doeer.eu\/wp-content\/uploads\/2023\/04\/mosaic-3394372_1920-e1682087221809-300x70.jpg\" class=\"attachment-medium size-medium wp-post-image\" alt=\"\" style=\"max-width:100px;\" srcset=\"https:\/\/www.doeer.eu\/wp-content\/uploads\/2023\/04\/mosaic-3394372_1920-e1682087221809-300x70.jpg 300w, https:\/\/www.doeer.eu\/wp-content\/uploads\/2023\/04\/mosaic-3394372_1920-e1682087221809-768x180.jpg 768w, https:\/\/www.doeer.eu\/wp-content\/uploads\/2023\/04\/mosaic-3394372_1920-e1682087221809-1024x241.jpg 1024w, https:\/\/www.doeer.eu\/wp-content\/uploads\/2023\/04\/mosaic-3394372_1920-e1682087221809-1536x361.jpg 1536w, https:\/\/www.doeer.eu\/wp-content\/uploads\/2023\/04\/mosaic-3394372_1920-e1682087221809.jpg 1920w\" sizes=\"auto, (max-width: 300px) 100vw, 300px\" \/><\/div><a class=\"wp-block-latest-posts__post-title\" href=\"https:\/\/www.doeer.eu\/sl\/economic-equality\/\">Ekonomska enakost<\/a><div class=\"wp-block-latest-posts__post-excerpt\">Ekonomska enakost se nana\u0161a na enakovreden dostop do ekonomskih virov, prilo\u017enosti in nagrad<\/div><\/li>\n<li><div class=\"wp-block-latest-posts__featured-image alignleft\"><img loading=\"lazy\" decoding=\"async\" width=\"300\" height=\"70\" src=\"https:\/\/www.doeer.eu\/wp-content\/uploads\/2023\/04\/mosaic-3394372_1920-e1682087221809-300x70.jpg\" class=\"attachment-medium size-medium wp-post-image\" alt=\"\" style=\"max-width:100px;\" srcset=\"https:\/\/www.doeer.eu\/wp-content\/uploads\/2023\/04\/mosaic-3394372_1920-e1682087221809-300x70.jpg 300w, https:\/\/www.doeer.eu\/wp-content\/uploads\/2023\/04\/mosaic-3394372_1920-e1682087221809-768x180.jpg 768w, https:\/\/www.doeer.eu\/wp-content\/uploads\/2023\/04\/mosaic-3394372_1920-e1682087221809-1024x241.jpg 1024w, https:\/\/www.doeer.eu\/wp-content\/uploads\/2023\/04\/mosaic-3394372_1920-e1682087221809-1536x361.jpg 1536w, https:\/\/www.doeer.eu\/wp-content\/uploads\/2023\/04\/mosaic-3394372_1920-e1682087221809.jpg 1920w\" sizes=\"auto, (max-width: 300px) 100vw, 300px\" \/><\/div><a class=\"wp-block-latest-posts__post-title\" href=\"https:\/\/www.doeer.eu\/sl\/equality-for-persons-with-disabilities\/\">Enakost oseb s posebnimi potrebami<\/a><div class=\"wp-block-latest-posts__post-excerpt\">Enakost oseb s posebnimi potrebami pomeni, da imajo te enak dostop do prilo\u017enosti, pravic in virov kot vse preostale osebe<\/div><\/li>\n<li><div class=\"wp-block-latest-posts__featured-image alignleft\"><img loading=\"lazy\" decoding=\"async\" width=\"300\" height=\"70\" src=\"https:\/\/www.doeer.eu\/wp-content\/uploads\/2023\/04\/mosaic-3394372_1920-e1682087221809-300x70.jpg\" class=\"attachment-medium size-medium wp-post-image\" alt=\"\" style=\"max-width:100px;\" srcset=\"https:\/\/www.doeer.eu\/wp-content\/uploads\/2023\/04\/mosaic-3394372_1920-e1682087221809-300x70.jpg 300w, https:\/\/www.doeer.eu\/wp-content\/uploads\/2023\/04\/mosaic-3394372_1920-e1682087221809-768x180.jpg 768w, https:\/\/www.doeer.eu\/wp-content\/uploads\/2023\/04\/mosaic-3394372_1920-e1682087221809-1024x241.jpg 1024w, https:\/\/www.doeer.eu\/wp-content\/uploads\/2023\/04\/mosaic-3394372_1920-e1682087221809-1536x361.jpg 1536w, https:\/\/www.doeer.eu\/wp-content\/uploads\/2023\/04\/mosaic-3394372_1920-e1682087221809.jpg 1920w\" sizes=\"auto, (max-width: 300px) 100vw, 300px\" \/><\/div><a class=\"wp-block-latest-posts__post-title\" href=\"https:\/\/www.doeer.eu\/sl\/social-equality\/\">Dru\u017ebena enakost<\/a><div class=\"wp-block-latest-posts__post-excerpt\">Dru\u017ebena enakost se nana\u0161a na enakovredno obravnavo posameznikov, ne glede na njihovo poreklo, dru\u017ebeni status in osebne lastnosti<\/div><\/li>\n<li><div class=\"wp-block-latest-posts__featured-image alignleft\"><img loading=\"lazy\" decoding=\"async\" width=\"300\" height=\"70\" src=\"https:\/\/www.doeer.eu\/wp-content\/uploads\/2023\/04\/mosaic-3394372_1920-e1682087221809-300x70.jpg\" class=\"attachment-medium size-medium wp-post-image\" alt=\"\" style=\"max-width:100px;\" srcset=\"https:\/\/www.doeer.eu\/wp-content\/uploads\/2023\/04\/mosaic-3394372_1920-e1682087221809-300x70.jpg 300w, https:\/\/www.doeer.eu\/wp-content\/uploads\/2023\/04\/mosaic-3394372_1920-e1682087221809-768x180.jpg 768w, https:\/\/www.doeer.eu\/wp-content\/uploads\/2023\/04\/mosaic-3394372_1920-e1682087221809-1024x241.jpg 1024w, https:\/\/www.doeer.eu\/wp-content\/uploads\/2023\/04\/mosaic-3394372_1920-e1682087221809-1536x361.jpg 1536w, https:\/\/www.doeer.eu\/wp-content\/uploads\/2023\/04\/mosaic-3394372_1920-e1682087221809.jpg 1920w\" sizes=\"auto, (max-width: 300px) 100vw, 300px\" \/><\/div><a class=\"wp-block-latest-posts__post-title\" href=\"https:\/\/www.doeer.eu\/sl\/gender-equality\/\">Enakost spolov<\/a><div class=\"wp-block-latest-posts__post-excerpt\">Enakost spolov se nana\u0161a na enake pravice, prilo\u017enosti in obravnavo posameznikov ne glede na njihov spol<\/div><\/li>\n<li><div class=\"wp-block-latest-posts__featured-image alignleft\"><img loading=\"lazy\" decoding=\"async\" width=\"300\" height=\"113\" src=\"https:\/\/www.doeer.eu\/wp-content\/uploads\/2023\/04\/KoM-e1680780691169-300x113.png\" class=\"attachment-medium size-medium wp-post-image\" alt=\"KoM\" style=\"max-width:100px;\" srcset=\"https:\/\/www.doeer.eu\/wp-content\/uploads\/2023\/04\/KoM-e1680780691169-300x113.png 300w, https:\/\/www.doeer.eu\/wp-content\/uploads\/2023\/04\/KoM-e1680780691169-1024x384.png 1024w, https:\/\/www.doeer.eu\/wp-content\/uploads\/2023\/04\/KoM-e1680780691169-768x288.png 768w, https:\/\/www.doeer.eu\/wp-content\/uploads\/2023\/04\/KoM-e1680780691169.png 1300w\" sizes=\"auto, (max-width: 300px) 100vw, 300px\" \/><\/div><a class=\"wp-block-latest-posts__post-title\" href=\"https:\/\/www.doeer.eu\/sl\/first-project-meeting-in-bucharest\/\">Prvo sre\u010danje ekipe DOEER v Bukare\u0161ti<\/a><div class=\"wp-block-latest-posts__post-excerpt\">Uvodnemu spletnemu sestanku v septembru je oktobra sledilo prvo partnersko sre\u010danje v Romuniji<\/div><\/li>\n<li><div class=\"wp-block-latest-posts__featured-image alignleft\"><img loading=\"lazy\" decoding=\"async\" width=\"300\" height=\"167\" src=\"https:\/\/www.doeer.eu\/wp-content\/uploads\/2023\/04\/Logo_VI-e1682243567277-300x167.png\" class=\"attachment-medium size-medium wp-post-image\" alt=\"\" style=\"max-width:100px;\" srcset=\"https:\/\/www.doeer.eu\/wp-content\/uploads\/2023\/04\/Logo_VI-e1682243567277-300x167.png 300w, https:\/\/www.doeer.eu\/wp-content\/uploads\/2023\/04\/Logo_VI-e1682243567277-768x428.png 768w, https:\/\/www.doeer.eu\/wp-content\/uploads\/2023\/04\/Logo_VI-e1682243567277.png 838w\" sizes=\"auto, (max-width: 300px) 100vw, 300px\" \/><\/div><a class=\"wp-block-latest-posts__post-title\" href=\"https:\/\/www.doeer.eu\/sl\/doeer-branding\/\">Znamka DOEER<\/a><div class=\"wp-block-latest-posts__post-excerpt\">Vsi rezultati projekta DOEER so namenjeni prosti uporabi. Logotip je osrednji element vizualne identitete projekta in zdru\u017euje razli\u010dne simbole, ki predstavljajo podro\u010dja delovanja DOEER<\/div><\/li>\n<\/ul>","protected":false},"excerpt":{"rendered":"","protected":false},"author":3,"featured_media":0,"parent":0,"menu_order":0,"comment_status":"closed","ping_status":"closed","template":"","meta":{"pgc_sgb_lightbox_settings":"","footnotes":""},"class_list":["post-398","page","type-page","status-publish","hentry"],"_links":{"self":[{"href":"https:\/\/www.doeer.eu\/sl\/wp-json\/wp\/v2\/pages\/398","targetHints":{"allow":["GET"]}}],"collection":[{"href":"https:\/\/www.doeer.eu\/sl\/wp-json\/wp\/v2\/pages"}],"about":[{"href":"https:\/\/www.doeer.eu\/sl\/wp-json\/wp\/v2\/types\/page"}],"author":[{"embeddable":true,"href":"https:\/\/www.doeer.eu\/sl\/wp-json\/wp\/v2\/users\/3"}],"replies":[{"embeddable":true,"href":"https:\/\/www.doeer.eu\/sl\/wp-json\/wp\/v2\/comments?post=398"}],"version-history":[{"count":15,"href":"https:\/\/www.doeer.eu\/sl\/wp-json\/wp\/v2\/pages\/398\/revisions"}],"predecessor-version":[{"id":1519,"href":"https:\/\/www.doeer.eu\/sl\/wp-json\/wp\/v2\/pages\/398\/revisions\/1519"}],"wp:attachment":[{"href":"https:\/\/www.doeer.eu\/sl\/wp-json\/wp\/v2\/media?parent=398"}],"curies":[{"name":"wp","href":"https:\/\/api.w.org\/{rel}","templated":true}]}}