{"id":398,"date":"2023-02-03T18:52:24","date_gmt":"2023-02-03T17:52:24","guid":{"rendered":"https:\/\/www.doeer.eu\/en\/?page_id=398"},"modified":"2025-10-29T09:15:26","modified_gmt":"2025-10-29T08:15:26","slug":"news-2","status":"publish","type":"page","link":"https:\/\/www.doeer.eu\/sk\/news-2\/","title":{"rendered":"Novinky "},"content":{"rendered":"<ul class=\"wp-block-latest-posts__list wp-block-latest-posts\"><li><div class=\"wp-block-latest-posts__featured-image alignleft\"><img loading=\"lazy\" decoding=\"async\" width=\"300\" height=\"209\" src=\"https:\/\/www.doeer.eu\/wp-content\/uploads\/2025\/08\/DOEER-NL5_EN_thumb-300x209.png\" class=\"attachment-medium size-medium wp-post-image\" alt=\"\" style=\"max-width:100px;\" srcset=\"https:\/\/www.doeer.eu\/wp-content\/uploads\/2025\/08\/DOEER-NL5_EN_thumb-300x209.png 300w, https:\/\/www.doeer.eu\/wp-content\/uploads\/2025\/08\/DOEER-NL5_EN_thumb-1024x713.png 1024w, https:\/\/www.doeer.eu\/wp-content\/uploads\/2025\/08\/DOEER-NL5_EN_thumb-768x535.png 768w, https:\/\/www.doeer.eu\/wp-content\/uploads\/2025\/08\/DOEER-NL5_EN_thumb.png 1270w\" sizes=\"auto, (max-width: 300px) 100vw, 300px\" \/><\/div><a class=\"wp-block-latest-posts__post-title\" href=\"https:\/\/www.doeer.eu\/sk\/doeer-newsletter-5\/\">DOEER Newsletter 5<\/a><div class=\"wp-block-latest-posts__post-excerpt\">V tomto vydan\u00ed: Kone\u010dn\u00e9 v\u00fdsledky iniciat\u00edvy DOEER; Z\u00e1vere\u010dn\u00e9 stretnutie projektu DOEER v Neapole; Propaga\u010dn\u00e9 podujatia vo v\u0161etk\u00fdch krajin\u00e1ch projektu; Sp\u00e4tn\u00e1 v\u00e4zba \u00fa\u010dastn\u00edkov k pilotnej aktivite; Z\u00e1vere\u010dn\u00e1 medzin\u00e1rodn\u00e1 konferencia v Taliansku; \u010eal\u0161ie kroky<\/div><\/li>\n<li><div class=\"wp-block-latest-posts__featured-image alignleft\"><img loading=\"lazy\" decoding=\"async\" width=\"227\" height=\"300\" src=\"https:\/\/www.doeer.eu\/wp-content\/uploads\/2025\/07\/Sustainability-227x300.png\" class=\"attachment-medium size-medium wp-post-image\" alt=\"\" style=\"max-width:100px;\" srcset=\"https:\/\/www.doeer.eu\/wp-content\/uploads\/2025\/07\/Sustainability-227x300.png 227w, https:\/\/www.doeer.eu\/wp-content\/uploads\/2025\/07\/Sustainability.png 662w\" sizes=\"auto, (max-width: 227px) 100vw, 227px\" \/><\/div><a class=\"wp-block-latest-posts__post-title\" href=\"https:\/\/www.doeer.eu\/sk\/future-steps\/\">\u010eal\u0161ie kroky<\/a><div class=\"wp-block-latest-posts__post-excerpt\">Na konci projektu t\u00edm DOEER stanovil komponenty programu udr\u017eate\u013enosti v dokumente \u201eRoz\u0161\u00edren\u00fd program udr\u017eate\u013enosti \u2013 Strategick\u00fd pl\u00e1n vyu\u017eitia v\u00fdsledkov projektu Erasmus+ DOEER Digit\u00e1lne a otvoren\u00e9 vzdel\u00e1vanie pre odolnos\u0165 zalo\u017een\u00fa na rovnosti\u201c a vytvoril video \u201eWhat is DOOER?\u201c, ktor\u00e9 partneri pou\u017eij\u00fa pri svojich n\u00e1sledn\u00fdch aktivit\u00e1ch.<\/div><\/li>\n<li><div class=\"wp-block-latest-posts__featured-image alignleft\"><img loading=\"lazy\" decoding=\"async\" width=\"206\" height=\"300\" src=\"https:\/\/www.doeer.eu\/wp-content\/uploads\/2025\/06\/DOEER-Poster-EN-Naples-206x300.png\" class=\"attachment-medium size-medium wp-post-image\" alt=\"\" style=\"max-width:100px;\" srcset=\"https:\/\/www.doeer.eu\/wp-content\/uploads\/2025\/06\/DOEER-Poster-EN-Naples-206x300.png 206w, https:\/\/www.doeer.eu\/wp-content\/uploads\/2025\/06\/DOEER-Poster-EN-Naples-704x1024.png 704w, https:\/\/www.doeer.eu\/wp-content\/uploads\/2025\/06\/DOEER-Poster-EN-Naples-768x1117.png 768w, https:\/\/www.doeer.eu\/wp-content\/uploads\/2025\/06\/DOEER-Poster-EN-Naples-1056x1536.png 1056w, https:\/\/www.doeer.eu\/wp-content\/uploads\/2025\/06\/DOEER-Poster-EN-Naples-1408x2048.png 1408w, https:\/\/www.doeer.eu\/wp-content\/uploads\/2025\/06\/DOEER-Poster-EN-Naples-scaled.png 1761w\" sizes=\"auto, (max-width: 206px) 100vw, 206px\" \/><\/div><a class=\"wp-block-latest-posts__post-title\" href=\"https:\/\/www.doeer.eu\/sk\/the-final-international-conference-in-italy\/\">Z\u00e1vere\u010dn\u00e1 medzin\u00e1rodn\u00e1 konferencia v Taliansku<\/a><div class=\"wp-block-latest-posts__post-excerpt\">D\u0148a 20. j\u00fana 2025 zorganizoval koordin\u00e1tor Univerzita Federica II v Neapole z\u00e1vere\u010dn\u00fa medzin\u00e1rodn\u00fa konferenciu projektu DOEER.<\/div><\/li>\n<li><div class=\"wp-block-latest-posts__featured-image alignleft\"><img loading=\"lazy\" decoding=\"async\" width=\"300\" height=\"133\" src=\"https:\/\/www.doeer.eu\/wp-content\/uploads\/2025\/06\/events-cover-300x133.png\" class=\"attachment-medium size-medium wp-post-image\" alt=\"\" style=\"max-width:100px;\" srcset=\"https:\/\/www.doeer.eu\/wp-content\/uploads\/2025\/06\/events-cover-300x133.png 300w, https:\/\/www.doeer.eu\/wp-content\/uploads\/2025\/06\/events-cover-1024x453.png 1024w, https:\/\/www.doeer.eu\/wp-content\/uploads\/2025\/06\/events-cover-768x339.png 768w, https:\/\/www.doeer.eu\/wp-content\/uploads\/2025\/06\/events-cover-1536x679.png 1536w, https:\/\/www.doeer.eu\/wp-content\/uploads\/2025\/06\/events-cover.png 1919w\" sizes=\"auto, (max-width: 300px) 100vw, 300px\" \/><\/div><a class=\"wp-block-latest-posts__post-title\" href=\"https:\/\/www.doeer.eu\/sk\/the-promotion-events-in-all-projectcountries\/\">Propaga\u010dn\u00e9 podujatia vo v\u0161etk\u00fdch krajin\u00e1ch projektu<\/a><div class=\"wp-block-latest-posts__post-excerpt\">V obdob\u00ed apr\u00edl \u2013 j\u00fan 2025 boli v\u00fdsledky projektu DOEER prezentovan\u00e9 po\u010das n\u00e1rodn\u00fdch propaga\u010dn\u00fdch podujat\u00ed organizovan\u00fdch v ka\u017edej projektovej krajine \u2013 \u0160panielsku, Rumunsku, Slovensku, na Cypre, v Slovinsku a v Taliansku na z\u00e1vere\u010dnej medzin\u00e1rodnej konferencii<\/div><\/li>\n<li><div class=\"wp-block-latest-posts__featured-image alignleft\"><img loading=\"lazy\" decoding=\"async\" width=\"300\" height=\"160\" src=\"https:\/\/www.doeer.eu\/wp-content\/uploads\/2025\/07\/Team-TPM-Naples-300x160.png\" class=\"attachment-medium size-medium wp-post-image\" alt=\"\" style=\"max-width:100px;\" srcset=\"https:\/\/www.doeer.eu\/wp-content\/uploads\/2025\/07\/Team-TPM-Naples-300x160.png 300w, https:\/\/www.doeer.eu\/wp-content\/uploads\/2025\/07\/Team-TPM-Naples-1024x546.png 1024w, https:\/\/www.doeer.eu\/wp-content\/uploads\/2025\/07\/Team-TPM-Naples-768x410.png 768w, https:\/\/www.doeer.eu\/wp-content\/uploads\/2025\/07\/Team-TPM-Naples-1536x820.png 1536w\" sizes=\"auto, (max-width: 300px) 100vw, 300px\" \/><\/div><a class=\"wp-block-latest-posts__post-title\" href=\"https:\/\/www.doeer.eu\/sk\/the-doeer-final-project-meeting-innaples\/\">Z\u00e1vere\u010dn\u00e9 stretnutie projektu DOEER v Neapole<\/a><div class=\"wp-block-latest-posts__post-excerpt\">V\u0161etci projektov\u00ed partneri sa stretli v Neapole (Taliansko), aby sa z\u00fa\u010dastnili posledn\u00e9ho projektov\u00e9ho stretnutia, ktor\u00e9 zorganizoval koordin\u00e1tor Univerzity Federica II v Neapole v d\u0148och 18. \u2013 19. j\u00fana<\/div><\/li>\n<li><div class=\"wp-block-latest-posts__featured-image alignleft\"><img loading=\"lazy\" decoding=\"async\" width=\"300\" height=\"215\" src=\"https:\/\/www.doeer.eu\/wp-content\/uploads\/2025\/04\/DOEER_Events-300x215.jpg\" class=\"attachment-medium size-medium wp-post-image\" alt=\"\" style=\"max-width:100px;\" srcset=\"https:\/\/www.doeer.eu\/wp-content\/uploads\/2025\/04\/DOEER_Events-300x215.jpg 300w, https:\/\/www.doeer.eu\/wp-content\/uploads\/2025\/04\/DOEER_Events-1024x735.jpg 1024w, https:\/\/www.doeer.eu\/wp-content\/uploads\/2025\/04\/DOEER_Events-768x552.jpg 768w, https:\/\/www.doeer.eu\/wp-content\/uploads\/2025\/04\/DOEER_Events-1536x1103.jpg 1536w, https:\/\/www.doeer.eu\/wp-content\/uploads\/2025\/04\/DOEER_Events-2048x1471.jpg 2048w\" sizes=\"auto, (max-width: 300px) 100vw, 300px\" \/><\/div><a class=\"wp-block-latest-posts__post-title\" href=\"https:\/\/www.doeer.eu\/sk\/the-doeer-events\/\">Podujatia DOEER na prezent\u00e1ciu v\u0161etk\u00fdch v\u00fdsledkov v krajin\u00e1ch projektu<\/a><div class=\"wp-block-latest-posts__post-excerpt\">V\u00fdsledky DOEER bud\u00fa prezentovan\u00e9 po\u010das \u0161pecializovan\u00fdch n\u00e1rodn\u00fdch podujat\u00ed organizovan\u00fdch v apr\u00edli a\u017e j\u00fani 2025 vo v\u0161etk\u00fdch krajin\u00e1ch projektu<\/div><\/li>\n<li><div class=\"wp-block-latest-posts__featured-image alignleft\"><img loading=\"lazy\" decoding=\"async\" width=\"300\" height=\"138\" src=\"https:\/\/www.doeer.eu\/wp-content\/uploads\/2025\/04\/Results-thumb-300x138.png\" class=\"attachment-medium size-medium wp-post-image\" alt=\"\" style=\"max-width:100px;\" srcset=\"https:\/\/www.doeer.eu\/wp-content\/uploads\/2025\/04\/Results-thumb-300x138.png 300w, https:\/\/www.doeer.eu\/wp-content\/uploads\/2025\/04\/Results-thumb-1024x472.png 1024w, https:\/\/www.doeer.eu\/wp-content\/uploads\/2025\/04\/Results-thumb-768x354.png 768w, https:\/\/www.doeer.eu\/wp-content\/uploads\/2025\/04\/Results-thumb-1536x708.png 1536w, https:\/\/www.doeer.eu\/wp-content\/uploads\/2025\/04\/Results-thumb-2048x944.png 2048w\" sizes=\"auto, (max-width: 300px) 100vw, 300px\" \/><\/div><a class=\"wp-block-latest-posts__post-title\" href=\"https:\/\/www.doeer.eu\/sk\/the-final-results-of-the-doeer-initiative\/\">Kone\u010dn\u00e9 v\u00fdsledky iniciat\u00edvy DOEER<\/a><div class=\"wp-block-latest-posts__post-excerpt\">Pod\u013ea v\u0161eobecn\u00fdch a \u0161pecifick\u00fdch cie\u013eov DOEER, kone\u010dn\u00e9 v\u00fdsledky projektu vytv\u00e1raj\u00fa r\u00f4zne pridan\u00e9 hodnoty, ktor\u00e9 podporuj\u00fa efekt\u00edvny syst\u00e9m vzdel\u00e1vania postaven\u00fd na spolo\u010dnom a re\u00e1lnom ch\u00e1pan\u00ed \u201erovnosti\u201c<\/div><\/li>\n<li><div class=\"wp-block-latest-posts__featured-image alignleft\"><img loading=\"lazy\" decoding=\"async\" width=\"300\" height=\"225\" src=\"https:\/\/www.doeer.eu\/wp-content\/uploads\/2025\/04\/Progetto-senza-titolo-1-300x225.png\" class=\"attachment-medium size-medium wp-post-image\" alt=\"Pilot with HE students\" style=\"max-width:100px;\" srcset=\"https:\/\/www.doeer.eu\/wp-content\/uploads\/2025\/04\/Progetto-senza-titolo-1-300x225.png 300w, https:\/\/www.doeer.eu\/wp-content\/uploads\/2025\/04\/Progetto-senza-titolo-1-1024x768.png 1024w, https:\/\/www.doeer.eu\/wp-content\/uploads\/2025\/04\/Progetto-senza-titolo-1-768x576.png 768w, https:\/\/www.doeer.eu\/wp-content\/uploads\/2025\/04\/Progetto-senza-titolo-1-1536x1152.png 1536w, https:\/\/www.doeer.eu\/wp-content\/uploads\/2025\/04\/Progetto-senza-titolo-1-2048x1536.png 2048w\" sizes=\"auto, (max-width: 300px) 100vw, 300px\" \/><\/div><a class=\"wp-block-latest-posts__post-title\" href=\"https:\/\/www.doeer.eu\/sk\/the-feedback-of-the-participants-to-the-pilot-activity\/\">Sp\u00e4tn\u00e1 v\u00e4zba \u00fa\u010dastn\u00edkov a \u00fa\u010dastn\u00ed\u010dok na pilotn\u00e9 aktivity<\/a><div class=\"wp-block-latest-posts__post-excerpt\">30 vysoko\u0161kolsk\u00fdch \u0161tudentov a \u0161tudentiek z Talianska, \u0160panielska, Rumunska, Slovenska, Cypru a Slovinska zhodnotilo svoje sk\u00fasenosti s u\u010den\u00edm na konci pilotn\u00e9ho projektu v \u013dub\u013eane<\/div><\/li>\n<li><div class=\"wp-block-latest-posts__featured-image alignleft\"><img loading=\"lazy\" decoding=\"async\" width=\"300\" height=\"225\" src=\"https:\/\/www.doeer.eu\/wp-content\/uploads\/2025\/04\/d669a12d-d6a3-409c-a578-5a3562d8938e-300x225.jpg\" class=\"attachment-medium size-medium wp-post-image\" alt=\"\" style=\"max-width:100px;\" srcset=\"https:\/\/www.doeer.eu\/wp-content\/uploads\/2025\/04\/d669a12d-d6a3-409c-a578-5a3562d8938e-300x225.jpg 300w, https:\/\/www.doeer.eu\/wp-content\/uploads\/2025\/04\/d669a12d-d6a3-409c-a578-5a3562d8938e-1024x768.jpg 1024w, https:\/\/www.doeer.eu\/wp-content\/uploads\/2025\/04\/d669a12d-d6a3-409c-a578-5a3562d8938e-768x576.jpg 768w, https:\/\/www.doeer.eu\/wp-content\/uploads\/2025\/04\/d669a12d-d6a3-409c-a578-5a3562d8938e-1536x1152.jpg 1536w, https:\/\/www.doeer.eu\/wp-content\/uploads\/2025\/04\/d669a12d-d6a3-409c-a578-5a3562d8938e.jpg 1600w\" sizes=\"auto, (max-width: 300px) 100vw, 300px\" \/><\/div><a class=\"wp-block-latest-posts__post-title\" href=\"https:\/\/www.doeer.eu\/sk\/the-he-students-mobility-event-in-slovenia-to-pilot-the-doeer-online-course\/\">Podujatie mobility \u0161tudentov vysok\u00fdch \u0161k\u00f4l v Slovinsku s cie\u013eom pilotne testova\u0165 online kurz DOEER<\/a><div class=\"wp-block-latest-posts__post-excerpt\">Mobilita \u0161tudentov a \u0161tudentiek vysok\u00fdch \u0161k\u00f4l organizovan\u00e1 v \u013dub\u013eane s cie\u013eom spolo\u010dne pilotne testova\u0165 kurz rovnosti DOEER a za\u017ei\u0165 inkluz\u00edvny cestovn\u00fd ruch<\/div><\/li>\n<li><div class=\"wp-block-latest-posts__featured-image alignleft\"><img loading=\"lazy\" decoding=\"async\" width=\"300\" height=\"209\" src=\"https:\/\/www.doeer.eu\/wp-content\/uploads\/2024\/11\/DOEER-NL4-thumb-300x209.png\" class=\"attachment-medium size-medium wp-post-image\" alt=\"DOEER Newsletter 4\" style=\"max-width:100px;\" srcset=\"https:\/\/www.doeer.eu\/wp-content\/uploads\/2024\/11\/DOEER-NL4-thumb-300x209.png 300w, https:\/\/www.doeer.eu\/wp-content\/uploads\/2024\/11\/DOEER-NL4-thumb-1024x713.png 1024w, https:\/\/www.doeer.eu\/wp-content\/uploads\/2024\/11\/DOEER-NL4-thumb-768x535.png 768w, https:\/\/www.doeer.eu\/wp-content\/uploads\/2024\/11\/DOEER-NL4-thumb.png 1270w\" sizes=\"auto, (max-width: 300px) 100vw, 300px\" \/><\/div><a class=\"wp-block-latest-posts__post-title\" href=\"https:\/\/www.doeer.eu\/sk\/doeer-newsletter-4\/\">DOEER Newsletter 4<\/a><div class=\"wp-block-latest-posts__post-excerpt\">V tomto vydan\u00ed: Ako pou\u017e\u00edva\u0165 viacjazy\u010dn\u00e9 u\u010denie DOEER; Hodnotenie vzdel\u00e1vacieho stretnutia v \u0160panielsku \u00fa\u010dastn\u00edkmi ; Pilotn\u00e9 vzdel\u00e1vanie pre vysoko\u0161kolsk\u00fdch \u0161tudentov zo v\u0161etk\u00fdch kraj\u00edn zapojen\u00fdch do projektu; \u0160tvrt\u00e9 stretnutie projektu DOEER v Seville\r\n<\/div><\/li>\n<li><div class=\"wp-block-latest-posts__featured-image alignleft\"><img loading=\"lazy\" decoding=\"async\" width=\"300\" height=\"225\" src=\"https:\/\/www.doeer.eu\/wp-content\/uploads\/2024\/11\/20241022_120322-300x225.jpg\" class=\"attachment-medium size-medium wp-post-image\" alt=\"\" style=\"max-width:100px;\" srcset=\"https:\/\/www.doeer.eu\/wp-content\/uploads\/2024\/11\/20241022_120322-300x225.jpg 300w, https:\/\/www.doeer.eu\/wp-content\/uploads\/2024\/11\/20241022_120322-1024x768.jpg 1024w, https:\/\/www.doeer.eu\/wp-content\/uploads\/2024\/11\/20241022_120322-768x576.jpg 768w, https:\/\/www.doeer.eu\/wp-content\/uploads\/2024\/11\/20241022_120322-1536x1152.jpg 1536w, https:\/\/www.doeer.eu\/wp-content\/uploads\/2024\/11\/20241022_120322-2048x1536.jpg 2048w\" sizes=\"auto, (max-width: 300px) 100vw, 300px\" \/><\/div><a class=\"wp-block-latest-posts__post-title\" href=\"https:\/\/www.doeer.eu\/sk\/the-doeer-fourth-project-meeting-in-seville\/\">\u0160tvrt\u00e9 projektov\u00e9 stretnutie DOEER v Seville<\/a><div class=\"wp-block-latest-posts__post-excerpt\">T\u00edm DOEER sa v \u0160panielsku stretol osobne u\u017e po \u0161tvrt\u00fdkr\u00e1t<\/div><\/li>\n<li><div class=\"wp-block-latest-posts__featured-image alignleft\"><img loading=\"lazy\" decoding=\"async\" width=\"300\" height=\"225\" src=\"https:\/\/www.doeer.eu\/wp-content\/uploads\/2024\/11\/IMG-20241022-WA0017-300x225.jpg\" class=\"attachment-medium size-medium wp-post-image\" alt=\"\" style=\"max-width:100px;\" srcset=\"https:\/\/www.doeer.eu\/wp-content\/uploads\/2024\/11\/IMG-20241022-WA0017-300x225.jpg 300w, https:\/\/www.doeer.eu\/wp-content\/uploads\/2024\/11\/IMG-20241022-WA0017-1024x768.jpg 1024w, https:\/\/www.doeer.eu\/wp-content\/uploads\/2024\/11\/IMG-20241022-WA0017-768x576.jpg 768w, https:\/\/www.doeer.eu\/wp-content\/uploads\/2024\/11\/IMG-20241022-WA0017-1536x1152.jpg 1536w, https:\/\/www.doeer.eu\/wp-content\/uploads\/2024\/11\/IMG-20241022-WA0017.jpg 1600w\" sizes=\"auto, (max-width: 300px) 100vw, 300px\" \/><\/div><a class=\"wp-block-latest-posts__post-title\" href=\"https:\/\/www.doeer.eu\/sk\/the-pilot-learning-for-the-university-students-from-all-project-countries\/\">Pilotn\u00e9 vzdel\u00e1vanie pre vysoko\u0161kolsk\u00fdch \u0161tudentov zo v\u0161etk\u00fdch kraj\u00edn projektu<\/a><div class=\"wp-block-latest-posts__post-excerpt\">Program pilotn\u00e9ho vzdel\u00e1vania pre \u0161tudentov vysok\u00fdch \u0161k\u00f4l z projektov\u00fdch univerz\u00edt, ktor\u00e9 sa m\u00e1 uskuto\u010dni\u0165 v prvom \u0161tvr\u0165roku 2025<\/div><\/li>\n<li><div class=\"wp-block-latest-posts__featured-image alignleft\"><img loading=\"lazy\" decoding=\"async\" width=\"300\" height=\"274\" src=\"https:\/\/www.doeer.eu\/wp-content\/uploads\/2024\/11\/LTTA3-scaled-e1732658567692-300x274.jpg\" class=\"attachment-medium size-medium wp-post-image\" alt=\"\" style=\"max-width:100px;\" srcset=\"https:\/\/www.doeer.eu\/wp-content\/uploads\/2024\/11\/LTTA3-scaled-e1732658567692-300x274.jpg 300w, https:\/\/www.doeer.eu\/wp-content\/uploads\/2024\/11\/LTTA3-scaled-e1732658567692-1024x935.jpg 1024w, https:\/\/www.doeer.eu\/wp-content\/uploads\/2024\/11\/LTTA3-scaled-e1732658567692-768x701.jpg 768w, https:\/\/www.doeer.eu\/wp-content\/uploads\/2024\/11\/LTTA3-scaled-e1732658567692.jpg 1529w\" sizes=\"auto, (max-width: 300px) 100vw, 300px\" \/><\/div><a class=\"wp-block-latest-posts__post-title\" href=\"https:\/\/www.doeer.eu\/sk\/attendees-evaluation-of-the-training-event-in-spain\/\">Hodnotenie vzdel\u00e1vacieho podujatia \u00fa\u010dastn\u00edku v \u0160panielsku <\/a><div class=\"wp-block-latest-posts__post-excerpt\">Sp\u00e4tn\u00e1 v\u00e4zba 20 \u00fa\u010dastn\u00edkov z partnersk\u00fdch organiz\u00e1ci\u00ed, ktor\u00ed sa z\u00fa\u010dastnili na partnerskom \u0161kolen\u00ed zamestnancov v Seville, \u0160panielsko<\/div><\/li>\n<li><div class=\"wp-block-latest-posts__featured-image alignleft\"><img loading=\"lazy\" decoding=\"async\" width=\"300\" height=\"166\" src=\"https:\/\/www.doeer.eu\/wp-content\/uploads\/2024\/11\/Pictogram-300x166.png\" class=\"attachment-medium size-medium wp-post-image\" alt=\"\" style=\"max-width:100px;\" srcset=\"https:\/\/www.doeer.eu\/wp-content\/uploads\/2024\/11\/Pictogram-300x166.png 300w, https:\/\/www.doeer.eu\/wp-content\/uploads\/2024\/11\/Pictogram-1024x565.png 1024w, https:\/\/www.doeer.eu\/wp-content\/uploads\/2024\/11\/Pictogram-768x424.png 768w, https:\/\/www.doeer.eu\/wp-content\/uploads\/2024\/11\/Pictogram-1536x847.png 1536w, https:\/\/www.doeer.eu\/wp-content\/uploads\/2024\/11\/Pictogram.png 1800w\" sizes=\"auto, (max-width: 300px) 100vw, 300px\" \/><\/div><a class=\"wp-block-latest-posts__post-title\" href=\"https:\/\/www.doeer.eu\/sk\/how-to-use-the-multilingual-doeer-learning\/\">Ako pou\u017e\u00edva\u0165 viacjazy\u010dn\u00fd kurz DOEER<\/a><div class=\"wp-block-latest-posts__post-excerpt\">Ako pou\u017e\u00edva\u0165 \u201eKurz DOEER o praxi zalo\u017eenej na rovnosti v cestovnom ruchu\u201c, ktor\u00fd je vo\u013ene dostupn\u00fd online pre \u0161tudentstvo vysok\u00fdch \u0161k\u00f4l a zainteresovan\u00e9 strany vo v\u0161etk\u00fdch jazykoch projektu<\/div><\/li>\n<li><div class=\"wp-block-latest-posts__featured-image alignleft\"><img loading=\"lazy\" decoding=\"async\" width=\"300\" height=\"209\" src=\"https:\/\/www.doeer.eu\/wp-content\/uploads\/2024\/04\/DOEER-NL3_thumb-300x209.png\" class=\"attachment-medium size-medium wp-post-image\" alt=\"\" style=\"max-width:100px;\" srcset=\"https:\/\/www.doeer.eu\/wp-content\/uploads\/2024\/04\/DOEER-NL3_thumb-300x209.png 300w, https:\/\/www.doeer.eu\/wp-content\/uploads\/2024\/04\/DOEER-NL3_thumb-1024x713.png 1024w, https:\/\/www.doeer.eu\/wp-content\/uploads\/2024\/04\/DOEER-NL3_thumb-768x535.png 768w, https:\/\/www.doeer.eu\/wp-content\/uploads\/2024\/04\/DOEER-NL3_thumb.png 1270w\" sizes=\"auto, (max-width: 300px) 100vw, 300px\" \/><\/div><a class=\"wp-block-latest-posts__post-title\" href=\"https:\/\/www.doeer.eu\/sk\/doeer-newsletter-3\/\">DOEER Newsletter 3<\/a><div class=\"wp-block-latest-posts__post-excerpt\">V tomto vydan\u00ed: MOOC DOEER; Tretie stretnutie projektu DOEER v \u013dub\u013eane; \u0160kolenie zamestnancov projektu DOEER v \u0160panielsku; Program pilotn\u00e9ho vzdel\u00e1vania DOEER<\/div><\/li>\n<li><div class=\"wp-block-latest-posts__featured-image alignleft\"><img loading=\"lazy\" decoding=\"async\" width=\"300\" height=\"200\" src=\"https:\/\/www.doeer.eu\/wp-content\/uploads\/2024\/04\/persone-300x200.jpg\" class=\"attachment-medium size-medium wp-post-image\" alt=\"\" style=\"max-width:100px;\" srcset=\"https:\/\/www.doeer.eu\/wp-content\/uploads\/2024\/04\/persone-300x200.jpg 300w, https:\/\/www.doeer.eu\/wp-content\/uploads\/2024\/04\/persone-1024x683.jpg 1024w, https:\/\/www.doeer.eu\/wp-content\/uploads\/2024\/04\/persone-768x512.jpg 768w, https:\/\/www.doeer.eu\/wp-content\/uploads\/2024\/04\/persone-1536x1024.jpg 1536w\" sizes=\"auto, (max-width: 300px) 100vw, 300px\" \/><\/div><a class=\"wp-block-latest-posts__post-title\" href=\"https:\/\/www.doeer.eu\/sk\/the-doeer-programme-of-pilot-learning\/\">Program pilotn\u00e9ho vzdel\u00e1vania DOEER<\/a><div class=\"wp-block-latest-posts__post-excerpt\">Projektov\u00fd t\u00edm pripravuje program pilotn\u00e9ho vzdel\u00e1vania pre \u0161tudentov, ktor\u00e9 je napl\u00e1novan\u00e9 na prv\u00e9 mesiace roku 2025<\/div><\/li>\n<li><div class=\"wp-block-latest-posts__featured-image alignleft\"><img loading=\"lazy\" decoding=\"async\" width=\"300\" height=\"165\" src=\"https:\/\/www.doeer.eu\/wp-content\/uploads\/2024\/04\/camara-300x165.png\" class=\"attachment-medium size-medium wp-post-image\" alt=\"\" style=\"max-width:100px;\" srcset=\"https:\/\/www.doeer.eu\/wp-content\/uploads\/2024\/04\/camara-300x165.png 300w, https:\/\/www.doeer.eu\/wp-content\/uploads\/2024\/04\/camara.png 761w\" sizes=\"auto, (max-width: 300px) 100vw, 300px\" \/><\/div><a class=\"wp-block-latest-posts__post-title\" href=\"https:\/\/www.doeer.eu\/sk\/the-doeer-project-staff-training-event-in-spain\/\">\u0160kolenie zamestnancov projektu DOEER v \u0160panielsku<\/a><div class=\"wp-block-latest-posts__post-excerpt\">T\u00edm DOEER organizuje \u0161kolenie \u010dlenov z partnersk\u00fdch organiz\u00e1ci\u00ed v projekte, ktor\u00e9 sa usktuo\u010dn\u00ed v okt\u00f3bri 2024 v \u0160panielsku<\/div><\/li>\n<li><div class=\"wp-block-latest-posts__featured-image alignleft\"><img loading=\"lazy\" decoding=\"async\" width=\"300\" height=\"209\" src=\"https:\/\/www.doeer.eu\/wp-content\/uploads\/2024\/04\/DOEE_course-300x209.png\" class=\"attachment-medium size-medium wp-post-image\" alt=\"\" style=\"max-width:100px;\" srcset=\"https:\/\/www.doeer.eu\/wp-content\/uploads\/2024\/04\/DOEE_course-300x209.png 300w, https:\/\/www.doeer.eu\/wp-content\/uploads\/2024\/04\/DOEE_course-1024x713.png 1024w, https:\/\/www.doeer.eu\/wp-content\/uploads\/2024\/04\/DOEE_course-768x535.png 768w, https:\/\/www.doeer.eu\/wp-content\/uploads\/2024\/04\/DOEE_course.png 1270w\" sizes=\"auto, (max-width: 300px) 100vw, 300px\" \/><\/div><a class=\"wp-block-latest-posts__post-title\" href=\"https:\/\/www.doeer.eu\/sk\/the-doeer-mooc\/\">MOOC DOEER<\/a><div class=\"wp-block-latest-posts__post-excerpt\">Vo\u013ene pr\u00edstupn\u00fd online kurz o postupoch zalo\u017een\u00fdch na rovnosti je hlavn\u00fdm v\u00fdstupom projektu DOEER<\/div><\/li>\n<li><div class=\"wp-block-latest-posts__featured-image alignleft\"><img loading=\"lazy\" decoding=\"async\" width=\"300\" height=\"213\" src=\"https:\/\/www.doeer.eu\/wp-content\/uploads\/2024\/04\/TPM3_group-1.png\" class=\"attachment-medium size-medium wp-post-image\" alt=\"\" style=\"max-width:100px;\" \/><\/div><a class=\"wp-block-latest-posts__post-title\" href=\"https:\/\/www.doeer.eu\/sk\/the-doeer-third-project-meeting-in-ljubljana\/\">Tretie stretnutie projektu DOEER v \u013dub\u013eane<\/a><div class=\"wp-block-latest-posts__post-excerpt\">Toto stretnutie, ktor\u00e9 zorganizoval slovinsk\u00fd partner v konzorciu, Zavod Novi turizem \u013dub\u013eane, poskytlo v\u0161etk\u00fdm partnerom pr\u00edle\u017eitos\u0165 zhodnoti\u0165 doteraj\u0161ie v\u00fdsledky a napl\u00e1nova\u0165 v\u0161etky \u010fal\u0161ie kroky<\/div><\/li>\n<li><div class=\"wp-block-latest-posts__featured-image alignleft\"><img loading=\"lazy\" decoding=\"async\" width=\"300\" height=\"209\" src=\"https:\/\/www.doeer.eu\/wp-content\/uploads\/2023\/07\/DOEER-NL2_thumb-1-300x209.png\" class=\"attachment-medium size-medium wp-post-image\" alt=\"\" style=\"max-width:100px;\" srcset=\"https:\/\/www.doeer.eu\/wp-content\/uploads\/2023\/07\/DOEER-NL2_thumb-1-300x209.png 300w, https:\/\/www.doeer.eu\/wp-content\/uploads\/2023\/07\/DOEER-NL2_thumb-1-1024x713.png 1024w, https:\/\/www.doeer.eu\/wp-content\/uploads\/2023\/07\/DOEER-NL2_thumb-1-768x535.png 768w, https:\/\/www.doeer.eu\/wp-content\/uploads\/2023\/07\/DOEER-NL2_thumb-1.png 1270w\" sizes=\"auto, (max-width: 300px) 100vw, 300px\" \/><\/div><a class=\"wp-block-latest-posts__post-title\" href=\"https:\/\/www.doeer.eu\/sk\/doeer-newsletter-2\/\">DOEER Newsletter 2<\/a><div class=\"wp-block-latest-posts__post-excerpt\">V tomto vydan\u00ed: Usmernenia o kvalite digit\u00e1lnych a pedagogick\u00fdch kompetenci\u00ed pre vysok\u00e9 \u0161koly v oblasti rovnosti; Defin\u00edcie rovnosti pod\u013ea DOEER; Najhor\u0161ie a najlep\u0161ie postupy v oblasti rovnosti; Druh\u00e9 projektov\u00e9 stretnutie DOEER na Cypre; Z\u00e1kladn\u00fd r\u00e1mec projektu DOEER\r\n<\/div><\/li>\n<li><div class=\"wp-block-latest-posts__featured-image alignleft\"><img loading=\"lazy\" decoding=\"async\" width=\"212\" height=\"300\" src=\"https:\/\/www.doeer.eu\/wp-content\/uploads\/2024\/04\/Guidelines_SK_cover-212x300.jpg\" class=\"attachment-medium size-medium wp-post-image\" alt=\"\" style=\"max-width:100px;\" srcset=\"https:\/\/www.doeer.eu\/wp-content\/uploads\/2024\/04\/Guidelines_SK_cover-212x300.jpg 212w, https:\/\/www.doeer.eu\/wp-content\/uploads\/2024\/04\/Guidelines_SK_cover-724x1024.jpg 724w, https:\/\/www.doeer.eu\/wp-content\/uploads\/2024\/04\/Guidelines_SK_cover-768x1086.jpg 768w, https:\/\/www.doeer.eu\/wp-content\/uploads\/2024\/04\/Guidelines_SK_cover-1086x1536.jpg 1086w, https:\/\/www.doeer.eu\/wp-content\/uploads\/2024\/04\/Guidelines_SK_cover-1448x2048.jpg 1448w, https:\/\/www.doeer.eu\/wp-content\/uploads\/2024\/04\/Guidelines_SK_cover-scaled.jpg 1810w\" sizes=\"auto, (max-width: 212px) 100vw, 212px\" \/><\/div><a class=\"wp-block-latest-posts__post-title\" href=\"https:\/\/www.doeer.eu\/sk\/quality-guidelines-for-he-digital-and-pedagogical-competencies-on-equality\/\">Usmernenia o kvalite digit\u00e1lnych a pedagogick\u00fdch kompetenci\u00ed vysok\u00fdch \u0161k\u00f4l v oblasti rovnosti<\/a><div class=\"wp-block-latest-posts__post-excerpt\">\u0160t\u00fadia s otvoren\u00fdm pr\u00edstupom &#8222;Usmernenia kvality pre digit\u00e1lne a pedagogick\u00e9 kompetencie vysok\u00fdch \u0161k\u00f4l v oblasti rovnosti&#8220; predstavuje anal\u00fdzu zisten\u00ed z konzult\u00e1ci\u00ed n\u00e1rodn\u00fdch skup\u00edn expertov o postupoch zalo\u017een\u00fdch na kvalite vo vzdel\u00e1vacom a podnikate\u013eskom sektore<\/div><\/li>\n<li><div class=\"wp-block-latest-posts__featured-image alignleft\"><img loading=\"lazy\" decoding=\"async\" width=\"300\" height=\"267\" src=\"https:\/\/www.doeer.eu\/wp-content\/uploads\/2023\/07\/DOEER-Framework-SK-300x267.png\" class=\"attachment-medium size-medium wp-post-image\" alt=\"\" style=\"max-width:100px;\" srcset=\"https:\/\/www.doeer.eu\/wp-content\/uploads\/2023\/07\/DOEER-Framework-SK-300x267.png 300w, https:\/\/www.doeer.eu\/wp-content\/uploads\/2023\/07\/DOEER-Framework-SK-768x684.png 768w, https:\/\/www.doeer.eu\/wp-content\/uploads\/2023\/07\/DOEER-Framework-SK.png 846w\" sizes=\"auto, (max-width: 300px) 100vw, 300px\" \/><\/div><a class=\"wp-block-latest-posts__post-title\" href=\"https:\/\/www.doeer.eu\/sk\/the-doeer-framework\/\">V\u00fdskumn\u00fd r\u00e1mec DOEER<\/a><div class=\"wp-block-latest-posts__post-excerpt\">Projekt DOEER vytvoril osobitn\u00fd v\u00fdskumn\u00fd r\u00e1mec na dosiahnutie kompetenci\u00ed v oblasti praxe zalo\u017eenej na rovnosti<\/div><\/li>\n<li><div class=\"wp-block-latest-posts__featured-image alignleft\"><img loading=\"lazy\" decoding=\"async\" width=\"300\" height=\"264\" src=\"https:\/\/www.doeer.eu\/wp-content\/uploads\/2023\/06\/TPM2_group-e1687784875432-300x264.jpg\" class=\"attachment-medium size-medium wp-post-image\" alt=\"\" style=\"max-width:100px;\" srcset=\"https:\/\/www.doeer.eu\/wp-content\/uploads\/2023\/06\/TPM2_group-e1687784875432-300x264.jpg 300w, https:\/\/www.doeer.eu\/wp-content\/uploads\/2023\/06\/TPM2_group-e1687784875432-1024x901.jpg 1024w, https:\/\/www.doeer.eu\/wp-content\/uploads\/2023\/06\/TPM2_group-e1687784875432-768x676.jpg 768w, https:\/\/www.doeer.eu\/wp-content\/uploads\/2023\/06\/TPM2_group-e1687784875432.jpg 1200w\" sizes=\"auto, (max-width: 300px) 100vw, 300px\" \/><\/div><a class=\"wp-block-latest-posts__post-title\" href=\"https:\/\/www.doeer.eu\/sk\/the-doeer-second-project-meeting-in-cyprus\/\">Druh\u00e9 projektov\u00e9 stretnutie DOEER na Cypre<\/a><div class=\"wp-block-latest-posts__post-excerpt\">Projektov\u00fd t\u00edm sa op\u00e4\u0165 stretol osobne v Nik\u00f3zii (Cyprus)<\/div><\/li>\n<li><div class=\"wp-block-latest-posts__featured-image alignleft\"><img loading=\"lazy\" decoding=\"async\" width=\"300\" height=\"220\" src=\"https:\/\/www.doeer.eu\/wp-content\/uploads\/2023\/06\/definitions_cover-SK-1.png\" class=\"attachment-medium size-medium wp-post-image\" alt=\"\" style=\"max-width:100px;\" \/><\/div><a class=\"wp-block-latest-posts__post-title\" href=\"https:\/\/www.doeer.eu\/sk\/the-doeer-definitions-of-equalities\/\">Vymedzenie pojmov rovnosti pod\u013ea DOEER<\/a><div class=\"wp-block-latest-posts__post-excerpt\">V r\u00e1mci projektu DOEER boli vybran\u00e9 a op\u00edsan\u00e9 konkr\u00e9tne oblasti rovnosti<\/div><\/li>\n<li><div class=\"wp-block-latest-posts__featured-image alignleft\"><img loading=\"lazy\" decoding=\"async\" width=\"300\" height=\"70\" src=\"https:\/\/www.doeer.eu\/wp-content\/uploads\/2023\/04\/mosaic-3394372_1920-e1682087221809-300x70.jpg\" class=\"attachment-medium size-medium wp-post-image\" alt=\"\" style=\"max-width:100px;\" srcset=\"https:\/\/www.doeer.eu\/wp-content\/uploads\/2023\/04\/mosaic-3394372_1920-e1682087221809-300x70.jpg 300w, https:\/\/www.doeer.eu\/wp-content\/uploads\/2023\/04\/mosaic-3394372_1920-e1682087221809-768x180.jpg 768w, https:\/\/www.doeer.eu\/wp-content\/uploads\/2023\/04\/mosaic-3394372_1920-e1682087221809-1024x241.jpg 1024w, https:\/\/www.doeer.eu\/wp-content\/uploads\/2023\/04\/mosaic-3394372_1920-e1682087221809-1536x361.jpg 1536w, https:\/\/www.doeer.eu\/wp-content\/uploads\/2023\/04\/mosaic-3394372_1920-e1682087221809.jpg 1920w\" sizes=\"auto, (max-width: 300px) 100vw, 300px\" \/><\/div><a class=\"wp-block-latest-posts__post-title\" href=\"https:\/\/www.doeer.eu\/sk\/worst-and-best-practice-on-equality\/\">Najhor\u0161ia a najlep\u0161ia prax v oblasti rovnosti<\/a><div class=\"wp-block-latest-posts__post-excerpt\">Vybran\u00e9 postupy zalo\u017een\u00e9 na rovnosti vo vzdel\u00e1vacom a podnikate\u013eskom sektore v ur\u010den\u00fdch oblastiach rovnosti s\u00fa poskytnut\u00e9 ako u\u010debn\u00fd materi\u00e1l<\/div><\/li>\n<li><div class=\"wp-block-latest-posts__featured-image alignleft\"><img loading=\"lazy\" decoding=\"async\" width=\"300\" height=\"209\" src=\"https:\/\/www.doeer.eu\/wp-content\/uploads\/2023\/04\/DOEER-NL1_thumb-300x209.png\" class=\"attachment-medium size-medium wp-post-image\" alt=\"\" style=\"max-width:100px;\" srcset=\"https:\/\/www.doeer.eu\/wp-content\/uploads\/2023\/04\/DOEER-NL1_thumb-300x209.png 300w, https:\/\/www.doeer.eu\/wp-content\/uploads\/2023\/04\/DOEER-NL1_thumb-1024x713.png 1024w, https:\/\/www.doeer.eu\/wp-content\/uploads\/2023\/04\/DOEER-NL1_thumb-768x535.png 768w, https:\/\/www.doeer.eu\/wp-content\/uploads\/2023\/04\/DOEER-NL1_thumb.png 1270w\" sizes=\"auto, (max-width: 300px) 100vw, 300px\" \/><\/div><a class=\"wp-block-latest-posts__post-title\" href=\"https:\/\/www.doeer.eu\/sk\/doeer-newsletter-1\/\">DOEER Newsletter 1<\/a><div class=\"wp-block-latest-posts__post-excerpt\">V tomto vydan\u00ed: Ciele projektu DOEER; Navrhovan\u00e9 vzdel\u00e1vanie DOEER; Zna\u010dka DOEER; Prv\u00e9 osobn\u00e9 stretnutie projektu DOEER v Bukure\u0161ti; Konzult\u00e1cie n\u00e1rodn\u00fdch skup\u00edn expertov\/poradcov v krajin\u00e1ch zapojen\u00fdch do projektu<\/div><\/li>\n<li><div class=\"wp-block-latest-posts__featured-image alignleft\"><img loading=\"lazy\" decoding=\"async\" width=\"300\" height=\"196\" src=\"https:\/\/www.doeer.eu\/wp-content\/uploads\/2023\/04\/DOEER-A_thumb1-300x196.png\" class=\"attachment-medium size-medium wp-post-image\" alt=\"\" style=\"max-width:100px;\" srcset=\"https:\/\/www.doeer.eu\/wp-content\/uploads\/2023\/04\/DOEER-A_thumb1-300x196.png 300w, https:\/\/www.doeer.eu\/wp-content\/uploads\/2023\/04\/DOEER-A_thumb1-1024x671.png 1024w, https:\/\/www.doeer.eu\/wp-content\/uploads\/2023\/04\/DOEER-A_thumb1-768x503.png 768w, https:\/\/www.doeer.eu\/wp-content\/uploads\/2023\/04\/DOEER-A_thumb1.png 1350w\" sizes=\"auto, (max-width: 300px) 100vw, 300px\" \/><\/div><a class=\"wp-block-latest-posts__post-title\" href=\"https:\/\/www.doeer.eu\/sk\/consultation-of-national-groups-of-experts-counsellors-in-each-project-country\/\">Konzult\u00e1cie n\u00e1rodn\u00fdch skup\u00edn expertov\/poradcov v ka\u017edej krajine projektu<\/a><div class=\"wp-block-latest-posts__post-excerpt\">N\u00e1rodn\u00e9 skupiny expertov\/poradcov v r\u00e1mci kraj\u00edn zapojen\u00fdch do projektu bud\u00fa osloven\u00e9 s ot\u00e1zkou, ak\u00e9 najhor\u0161ie\/najlep\u0161ie postupy by mali by\u0165 vybran\u00e9 ako relevantn\u00e9 pre princ\u00edpy postupov zalo\u017een\u00fdch na rovnosti vo vzdel\u00e1vacom a biznis sektore<\/div><\/li>\n<li><div class=\"wp-block-latest-posts__featured-image alignleft\"><img loading=\"lazy\" decoding=\"async\" width=\"300\" height=\"70\" src=\"https:\/\/www.doeer.eu\/wp-content\/uploads\/2023\/04\/mosaic-3394372_1920-e1682087221809-300x70.jpg\" class=\"attachment-medium size-medium wp-post-image\" alt=\"\" style=\"max-width:100px;\" srcset=\"https:\/\/www.doeer.eu\/wp-content\/uploads\/2023\/04\/mosaic-3394372_1920-e1682087221809-300x70.jpg 300w, https:\/\/www.doeer.eu\/wp-content\/uploads\/2023\/04\/mosaic-3394372_1920-e1682087221809-768x180.jpg 768w, https:\/\/www.doeer.eu\/wp-content\/uploads\/2023\/04\/mosaic-3394372_1920-e1682087221809-1024x241.jpg 1024w, https:\/\/www.doeer.eu\/wp-content\/uploads\/2023\/04\/mosaic-3394372_1920-e1682087221809-1536x361.jpg 1536w, https:\/\/www.doeer.eu\/wp-content\/uploads\/2023\/04\/mosaic-3394372_1920-e1682087221809.jpg 1920w\" sizes=\"auto, (max-width: 300px) 100vw, 300px\" \/><\/div><a class=\"wp-block-latest-posts__post-title\" href=\"https:\/\/www.doeer.eu\/sk\/intercultural-equality\/\">Medzikult\u00farna rovnos\u0165<\/a><div class=\"wp-block-latest-posts__post-excerpt\">Medzikult\u00farna rovnos\u0165 sa vz\u0165ahuje na z\u00e1sadu rovnak\u00e9ho zaobch\u00e1dzania a re\u0161pektovania v\u0161etk\u00fdch kult\u00far a uznanie rozmanitosti kult\u00farnych prejavov a zvyklost\u00ed<\/div><\/li>\n<li><div class=\"wp-block-latest-posts__featured-image alignleft\"><img loading=\"lazy\" decoding=\"async\" width=\"300\" height=\"70\" src=\"https:\/\/www.doeer.eu\/wp-content\/uploads\/2023\/04\/mosaic-3394372_1920-e1682087221809-300x70.jpg\" class=\"attachment-medium size-medium wp-post-image\" alt=\"\" style=\"max-width:100px;\" srcset=\"https:\/\/www.doeer.eu\/wp-content\/uploads\/2023\/04\/mosaic-3394372_1920-e1682087221809-300x70.jpg 300w, https:\/\/www.doeer.eu\/wp-content\/uploads\/2023\/04\/mosaic-3394372_1920-e1682087221809-768x180.jpg 768w, https:\/\/www.doeer.eu\/wp-content\/uploads\/2023\/04\/mosaic-3394372_1920-e1682087221809-1024x241.jpg 1024w, https:\/\/www.doeer.eu\/wp-content\/uploads\/2023\/04\/mosaic-3394372_1920-e1682087221809-1536x361.jpg 1536w, https:\/\/www.doeer.eu\/wp-content\/uploads\/2023\/04\/mosaic-3394372_1920-e1682087221809.jpg 1920w\" sizes=\"auto, (max-width: 300px) 100vw, 300px\" \/><\/div><a class=\"wp-block-latest-posts__post-title\" href=\"https:\/\/www.doeer.eu\/sk\/equality-in-opportunities-in-labour-market\/\">Rovnos\u0165 pr\u00edle\u017eitost\u00ed na trhu pr\u00e1ce<\/a><div class=\"wp-block-latest-posts__post-excerpt\">Rovnos\u0165 pr\u00edle\u017eitost\u00ed na trhu pr\u00e1ce si vy\u017eaduje, aby neexistovali \u017eiadne syst\u00e9mov\u00e9 prek\u00e1\u017eky, ktor\u00e9 by jednotlivcom br\u00e1nili v pr\u00edstupe k zamestnaniu alebo v kari\u00e9rnom postupe<\/div><\/li>\n<li><div class=\"wp-block-latest-posts__featured-image alignleft\"><img loading=\"lazy\" decoding=\"async\" width=\"300\" height=\"70\" src=\"https:\/\/www.doeer.eu\/wp-content\/uploads\/2023\/04\/mosaic-3394372_1920-e1682087221809-300x70.jpg\" class=\"attachment-medium size-medium wp-post-image\" alt=\"\" style=\"max-width:100px;\" srcset=\"https:\/\/www.doeer.eu\/wp-content\/uploads\/2023\/04\/mosaic-3394372_1920-e1682087221809-300x70.jpg 300w, https:\/\/www.doeer.eu\/wp-content\/uploads\/2023\/04\/mosaic-3394372_1920-e1682087221809-768x180.jpg 768w, https:\/\/www.doeer.eu\/wp-content\/uploads\/2023\/04\/mosaic-3394372_1920-e1682087221809-1024x241.jpg 1024w, https:\/\/www.doeer.eu\/wp-content\/uploads\/2023\/04\/mosaic-3394372_1920-e1682087221809-1536x361.jpg 1536w, https:\/\/www.doeer.eu\/wp-content\/uploads\/2023\/04\/mosaic-3394372_1920-e1682087221809.jpg 1920w\" sizes=\"auto, (max-width: 300px) 100vw, 300px\" \/><\/div><a class=\"wp-block-latest-posts__post-title\" href=\"https:\/\/www.doeer.eu\/sk\/economic-equality\/\">Ekonomick\u00e1 rovnos\u0165<\/a><div class=\"wp-block-latest-posts__post-excerpt\">Ekonomick\u00e1 rovnos\u0165 sa vz\u0165ahuje na z\u00e1sadu rovnak\u00e9ho pr\u00edstupu k ekonomick\u00fdm zdrojom, pr\u00edle\u017eitostiam a odmen\u00e1m pre v\u0161etk\u00fdch jednotlivcov v spolo\u010dnosti<\/div><\/li>\n<li><div class=\"wp-block-latest-posts__featured-image alignleft\"><img loading=\"lazy\" decoding=\"async\" width=\"300\" height=\"70\" src=\"https:\/\/www.doeer.eu\/wp-content\/uploads\/2023\/04\/mosaic-3394372_1920-e1682087221809-300x70.jpg\" class=\"attachment-medium size-medium wp-post-image\" alt=\"\" style=\"max-width:100px;\" srcset=\"https:\/\/www.doeer.eu\/wp-content\/uploads\/2023\/04\/mosaic-3394372_1920-e1682087221809-300x70.jpg 300w, https:\/\/www.doeer.eu\/wp-content\/uploads\/2023\/04\/mosaic-3394372_1920-e1682087221809-768x180.jpg 768w, https:\/\/www.doeer.eu\/wp-content\/uploads\/2023\/04\/mosaic-3394372_1920-e1682087221809-1024x241.jpg 1024w, https:\/\/www.doeer.eu\/wp-content\/uploads\/2023\/04\/mosaic-3394372_1920-e1682087221809-1536x361.jpg 1536w, https:\/\/www.doeer.eu\/wp-content\/uploads\/2023\/04\/mosaic-3394372_1920-e1682087221809.jpg 1920w\" sizes=\"auto, (max-width: 300px) 100vw, 300px\" \/><\/div><a class=\"wp-block-latest-posts__post-title\" href=\"https:\/\/www.doeer.eu\/sk\/equality-for-persons-with-disabilities\/\">Rovnos\u0165 os\u00f4b so \u0161pecifick\u00fdmi potrebami<\/a><div class=\"wp-block-latest-posts__post-excerpt\">Rovnos\u0165 os\u00f4b so \u0161pecifick\u00fdmi potrebami znamen\u00e1, \u017ee osoby so \u0161pecifick\u00fdmi potrebami by mali ma\u0165 rovnak\u00e9 pr\u00edle\u017eitosti, pr\u00e1va a pr\u00edstup k zdrojom ako ostatn\u00ed jednotlivci<\/div><\/li>\n<li><div class=\"wp-block-latest-posts__featured-image alignleft\"><img loading=\"lazy\" decoding=\"async\" width=\"300\" height=\"70\" src=\"https:\/\/www.doeer.eu\/wp-content\/uploads\/2023\/04\/mosaic-3394372_1920-e1682087221809-300x70.jpg\" class=\"attachment-medium size-medium wp-post-image\" alt=\"\" style=\"max-width:100px;\" srcset=\"https:\/\/www.doeer.eu\/wp-content\/uploads\/2023\/04\/mosaic-3394372_1920-e1682087221809-300x70.jpg 300w, https:\/\/www.doeer.eu\/wp-content\/uploads\/2023\/04\/mosaic-3394372_1920-e1682087221809-768x180.jpg 768w, https:\/\/www.doeer.eu\/wp-content\/uploads\/2023\/04\/mosaic-3394372_1920-e1682087221809-1024x241.jpg 1024w, https:\/\/www.doeer.eu\/wp-content\/uploads\/2023\/04\/mosaic-3394372_1920-e1682087221809-1536x361.jpg 1536w, https:\/\/www.doeer.eu\/wp-content\/uploads\/2023\/04\/mosaic-3394372_1920-e1682087221809.jpg 1920w\" sizes=\"auto, (max-width: 300px) 100vw, 300px\" \/><\/div><a class=\"wp-block-latest-posts__post-title\" href=\"https:\/\/www.doeer.eu\/sk\/social-equality\/\">Spolo\u010densk\u00e1 rovnos\u0165<\/a><div class=\"wp-block-latest-posts__post-excerpt\">Spolo\u010densk\u00e1 rovnos\u0165 odkazuje na z\u00e1sadu rovnak\u00e9ho zaobch\u00e1dzania a pr\u00edle\u017eitost\u00ed pre v\u0161etk\u00fdch jednotlivcov v spolo\u010dnosti bez oh\u013eadu na ich p\u00f4vod, soci\u00e1lne postavenie alebo in\u00e9 osobn\u00e9 charakteristiky<\/div><\/li>\n<li><div class=\"wp-block-latest-posts__featured-image alignleft\"><img loading=\"lazy\" decoding=\"async\" width=\"300\" height=\"70\" src=\"https:\/\/www.doeer.eu\/wp-content\/uploads\/2023\/04\/mosaic-3394372_1920-e1682087221809-300x70.jpg\" class=\"attachment-medium size-medium wp-post-image\" alt=\"\" style=\"max-width:100px;\" srcset=\"https:\/\/www.doeer.eu\/wp-content\/uploads\/2023\/04\/mosaic-3394372_1920-e1682087221809-300x70.jpg 300w, https:\/\/www.doeer.eu\/wp-content\/uploads\/2023\/04\/mosaic-3394372_1920-e1682087221809-768x180.jpg 768w, https:\/\/www.doeer.eu\/wp-content\/uploads\/2023\/04\/mosaic-3394372_1920-e1682087221809-1024x241.jpg 1024w, https:\/\/www.doeer.eu\/wp-content\/uploads\/2023\/04\/mosaic-3394372_1920-e1682087221809-1536x361.jpg 1536w, https:\/\/www.doeer.eu\/wp-content\/uploads\/2023\/04\/mosaic-3394372_1920-e1682087221809.jpg 1920w\" sizes=\"auto, (max-width: 300px) 100vw, 300px\" \/><\/div><a class=\"wp-block-latest-posts__post-title\" href=\"https:\/\/www.doeer.eu\/sk\/gender-equality\/\">Rodov\u00e1 rovnos\u0165<\/a><div class=\"wp-block-latest-posts__post-excerpt\">Rodov\u00e1 rovnos\u0165 znamen\u00e1 rovnak\u00e9 pr\u00e1va, pr\u00edle\u017eitosti a zaobch\u00e1dzanie s jednotlivcami bez oh\u013eadu na ich pohlavie<\/div><\/li>\n<li><div class=\"wp-block-latest-posts__featured-image alignleft\"><img loading=\"lazy\" decoding=\"async\" width=\"300\" height=\"113\" src=\"https:\/\/www.doeer.eu\/wp-content\/uploads\/2023\/04\/KoM-e1680780691169-300x113.png\" class=\"attachment-medium size-medium wp-post-image\" alt=\"KoM\" style=\"max-width:100px;\" srcset=\"https:\/\/www.doeer.eu\/wp-content\/uploads\/2023\/04\/KoM-e1680780691169-300x113.png 300w, https:\/\/www.doeer.eu\/wp-content\/uploads\/2023\/04\/KoM-e1680780691169-1024x384.png 1024w, https:\/\/www.doeer.eu\/wp-content\/uploads\/2023\/04\/KoM-e1680780691169-768x288.png 768w, https:\/\/www.doeer.eu\/wp-content\/uploads\/2023\/04\/KoM-e1680780691169.png 1300w\" sizes=\"auto, (max-width: 300px) 100vw, 300px\" \/><\/div><a class=\"wp-block-latest-posts__post-title\" href=\"https:\/\/www.doeer.eu\/sk\/first-project-meeting-in-bucharest\/\">Prv\u00e9 projektov\u00e9 stretnutie t\u00edmu DOEER sa konalo osobne v Bukure\u0161ti<\/a><div class=\"wp-block-latest-posts__post-excerpt\">Projektov\u00fd t\u00edm mal prv\u00e9 online stretnutie na zah\u00e1jenie v\u0161etk\u00fdch aktiv\u00edt a osobne sa stretol za\u010diatkom okt\u00f3bra 2022 v Rumunsku<\/div><\/li>\n<li><div class=\"wp-block-latest-posts__featured-image alignleft\"><img loading=\"lazy\" decoding=\"async\" width=\"300\" height=\"167\" src=\"https:\/\/www.doeer.eu\/wp-content\/uploads\/2023\/04\/Logo_VI-e1682243567277-300x167.png\" class=\"attachment-medium size-medium wp-post-image\" alt=\"\" style=\"max-width:100px;\" srcset=\"https:\/\/www.doeer.eu\/wp-content\/uploads\/2023\/04\/Logo_VI-e1682243567277-300x167.png 300w, https:\/\/www.doeer.eu\/wp-content\/uploads\/2023\/04\/Logo_VI-e1682243567277-768x428.png 768w, https:\/\/www.doeer.eu\/wp-content\/uploads\/2023\/04\/Logo_VI-e1682243567277.png 838w\" sizes=\"auto, (max-width: 300px) 100vw, 300px\" \/><\/div><a class=\"wp-block-latest-posts__post-title\" href=\"https:\/\/www.doeer.eu\/sk\/doeer-branding\/\">Zna\u010dka DOEER<\/a><div class=\"wp-block-latest-posts__post-excerpt\">V\u0161etky v\u00fdstupy a v\u00fdsledky DOEER s\u00fa vo\u013en\u00e9 dostupn\u00e9 na pou\u017e\u00edvanie. Logo je hlavnou s\u00fa\u010das\u0165ou vizu\u00e1lnej identity projektu a sp\u00e1ja r\u00f4zne symboly, ktor\u00e9 reprezentuj\u00fa rozsah p\u00f4sobnosti DOEER<\/div><\/li>\n<\/ul>","protected":false},"excerpt":{"rendered":"","protected":false},"author":3,"featured_media":0,"parent":0,"menu_order":0,"comment_status":"closed","ping_status":"closed","template":"","meta":{"pgc_sgb_lightbox_settings":"","footnotes":""},"class_list":["post-398","page","type-page","status-publish","hentry"],"_links":{"self":[{"href":"https:\/\/www.doeer.eu\/sk\/wp-json\/wp\/v2\/pages\/398","targetHints":{"allow":["GET"]}}],"collection":[{"href":"https:\/\/www.doeer.eu\/sk\/wp-json\/wp\/v2\/pages"}],"about":[{"href":"https:\/\/www.doeer.eu\/sk\/wp-json\/wp\/v2\/types\/page"}],"author":[{"embeddable":true,"href":"https:\/\/www.doeer.eu\/sk\/wp-json\/wp\/v2\/users\/3"}],"replies":[{"embeddable":true,"href":"https:\/\/www.doeer.eu\/sk\/wp-json\/wp\/v2\/comments?post=398"}],"version-history":[{"count":15,"href":"https:\/\/www.doeer.eu\/sk\/wp-json\/wp\/v2\/pages\/398\/revisions"}],"predecessor-version":[{"id":1519,"href":"https:\/\/www.doeer.eu\/sk\/wp-json\/wp\/v2\/pages\/398\/revisions\/1519"}],"wp:attachment":[{"href":"https:\/\/www.doeer.eu\/sk\/wp-json\/wp\/v2\/media?parent=398"}],"curies":[{"name":"wp","href":"https:\/\/api.w.org\/{rel}","templated":true}]}}