{"id":362,"date":"2023-04-03T18:16:27","date_gmt":"2023-04-03T16:16:27","guid":{"rendered":"https:\/\/www.doeer.eu\/en\/?page_id=362"},"modified":"2023-04-03T19:40:11","modified_gmt":"2023-04-03T17:40:11","slug":"our-team","status":"publish","type":"page","link":"https:\/\/www.doeer.eu\/sk\/our-team\/","title":{"rendered":"N\u00e1\u0161 t\u00edm"},"content":{"rendered":"\r\n<figure class=\"wp-block-image size-full is-resized\"><img loading=\"lazy\" decoding=\"async\" class=\"wp-image-377\" src=\"https:\/\/www.doeer.eu\/wp-content\/uploads\/2023\/04\/DISP.jpg\" alt=\"\" width=\"145\" height=\"97\" \/><\/figure>\r\n\r\n\r\n\r\n<p><a href=\"http:\/\/www.scienzepolitiche.unina.it\/\">http:\/\/www.scienzepolitiche.unina.it\/<\/a><\/p>\r\n\r\n\r\n\r\n<p>Neapolsk\u00e1 univerzita Federica II. bola prvou verejne financovanou univerzitou v Eur\u00f3pe, ktor\u00e1 bola zalo\u017een\u00e1 v roku 1224 cis\u00e1rskou listinou sic\u00edlskeho kr\u00e1\u013ea a cis\u00e1ra Sv\u00e4tej r\u00ed\u0161e r\u00edmskej Fridricha II.Hohenstaufena. V s\u00fa\u010dasnosti univerzita pon\u00faka kurzy v podstate vo v\u0161etk\u00fdch akademick\u00fdch discipl\u00ednach,ktor\u00e9 ved\u00fa k z\u00edskaniu stop\u00e4\u0165desiatich piatich vysoko\u0161kolsk\u00fdch titulov. V\u0161etky tieto \u0161tudijn\u00e9 programy s\u00fa podporovan\u00e9 v\u00fdskumn\u00fdmi pracoviskami. \u0160tudenti maj\u00fa mo\u017enos\u0165 intelektu\u00e1lneho rozvoja, ako aj z\u00edskavania odborn\u00fdch zru\u010dnost\u00ed. S\u00fa\u010dasn\u00fd po\u010det \u0161tudentov sa bl\u00ed\u017ei k 90 000 a po\u010det akademick\u00fdch pracovn\u00edkov je v s\u00fa\u010dasnosti 3 121.<br \/>Katedra politol\u00f3gie je jednou z 26 nov\u00fdch katedier Neapolskej univerzity Federica II. Didaktika a v\u00fdskum s\u00fa in\u0161pirovan\u00e9 multidisciplin\u00e1rnym pr\u00edstupom vhodn\u00fdm na dosiahnutie \u0161ir\u0161ieho pochopenia spolo\u010densk\u00fdch ot\u00e1zok s cie\u013eom \u010deli\u0165 s\u00fa\u010dasn\u00fdm v\u00fdzvam. Aktu\u00e1lne kurzy Katedry politol\u00f3gie s\u00fa funk\u010dn\u00e9 pre dosiahnutie odbornosti plne zodpovedaj\u00facej v\u00fdvoju soci\u00e1lno-ekonomick\u00e9ho syst\u00e9mu a trhu pr\u00e1ce, \u010d\u00edm sa zvy\u0161uj\u00fa mo\u017enosti kvalifikovan\u00e9ho zamestnania.<\/p>\r\n\r\n\r\n\r\n<figure class=\"wp-block-image size-full is-resized\"><img loading=\"lazy\" decoding=\"async\" class=\"wp-image-365\" src=\"https:\/\/www.doeer.eu\/wp-content\/uploads\/2023\/04\/eusa.png\" alt=\"\" width=\"210\" height=\"77\" \/><\/figure>\r\n\r\n\r\n\r\n<p><a href=\"https:\/\/www.eusa.es\/\">https:\/\/www.eusa.es\/<\/a><\/p>\r\n\r\n\r\n\r\n<p>EUSA je s\u00fakromn\u00e9 univerzitn\u00e9 centrum s viac ako 50-ro\u010dn\u00fdmi sk\u00fasenos\u0165ami v oblasti vysoko\u0161kolsk\u00e9ho vzdel\u00e1vania. EUSA je centrum pridru\u017een\u00e9 k Sevillskej univerzite a vo vlastn\u00edctve Obchodnej a priemyselnej komory v Seville. EUSA sa zameriava na zamestnate\u013enos\u0165, inov\u00e1cie a internacionaliz\u00e1ciu. V\u0161etky jej \u0161tudijn\u00e9 programy v zahrani\u010d\u00ed s\u00fa s\u00fa\u010das\u0165ou ofici\u00e1lnych bakal\u00e1rskych programov EUSA v odboroch audiovizu\u00e1lna komunik\u00e1cia, reklama a vz\u0165ahy s verejnos\u0165ou, cestovn\u00fd ruch a \u017eurnalistika. Okrem toho m\u00e1 politiku orientovan\u00fa na podnikate\u013esk\u00fd a rozvoj podnikania medzi \u0161tudentmi. V are\u00e1li EUSA sa nach\u00e1dza aj \u0161kola pre odborn\u00e9 vzdel\u00e1vanie vo viac ako 14 odboroch, postgradu\u00e1lna obchodn\u00e1 \u0161kola a nieko\u013eko jazykov\u00fdch \u0161k\u00f4l.<\/p>\r\n\r\n\r\n\r\n<figure class=\"wp-block-image size-full is-resized\"><img loading=\"lazy\" decoding=\"async\" class=\"wp-image-366\" src=\"https:\/\/www.doeer.eu\/wp-content\/uploads\/2023\/04\/Header-SNSPA-FAP_1.png\" alt=\"\" width=\"565\" height=\"64\" \/><\/figure>\r\n\r\n\r\n\r\n<p><a href=\"http:\/\/www.snspa.ro\" data-type=\"URL\" data-id=\"www.snspa.ro\">www.snspa.ro<\/a><\/p>\r\n\r\n\r\n\r\n<p>N\u00e1rodn\u00e1 univerzita politick\u00fdch \u0161t\u00fadi\u00ed a verejnej spr\u00e1vy (SNSPA), zalo\u017een\u00e1 v roku 1991 ako \u0161kola verejnej spr\u00e1vy, vzdel\u00e1va a rozv\u00edja odborn\u00e9 kompetencie v oblasti politol\u00f3gie, sociol\u00f3gie, administrat\u00edvnych \u0161t\u00fadi\u00ed, medzin\u00e1rodn\u00fdch vz\u0165ahov, diplomacie, eur\u00f3pskych \u0161t\u00fadi\u00ed, komunika\u010dn\u00fdch vied, psychol\u00f3gie, mana\u017ementu a \u013eudsk\u00fdch zdrojov. In\u0161titucion\u00e1lna v\u00edzia SNSPA spo\u010d\u00edva v realiz\u00e1cii jedine\u010dn\u00e9ho vz\u0165ahu medzi akademick\u00fdm vzdel\u00e1van\u00edm a skuto\u010dnou zmenou v Rumunsku. SNSPA neust\u00e1le vzdel\u00e1va rumunsk\u00fa elitu a jej cie\u013eom je roz\u0161\u00edri\u0165 t\u00fato vzdel\u00e1vaciu kapacitu na region\u00e1lnej \u00farovni. SNSPA z\u00edskala certifik\u00e1t ARACIS ako univerzita s vysok\u00fdm stup\u0148om d\u00f4very.<\/p>\r\n\r\n\r\n\r\n<figure class=\"wp-block-image size-full is-resized\"><img loading=\"lazy\" decoding=\"async\" class=\"wp-image-372\" src=\"https:\/\/www.doeer.eu\/wp-content\/uploads\/2023\/04\/uk-ba_400x400-e1680539232497.jpg\" alt=\"\" width=\"163\" height=\"186\" srcset=\"https:\/\/www.doeer.eu\/wp-content\/uploads\/2023\/04\/uk-ba_400x400-e1680539232497.jpg 323w, https:\/\/www.doeer.eu\/wp-content\/uploads\/2023\/04\/uk-ba_400x400-e1680539232497-263x300.jpg 263w\" sizes=\"auto, (max-width: 163px) 100vw, 163px\" \/><\/figure>\r\n\r\n\r\n\r\n<p><a href=\"http:\/\/www.uniba.sk\/\">http:\/\/www.uniba.sk\/<\/a><\/p>\r\n\r\n\r\n\r\n<p>\u00dastav eur\u00f3pskych \u0161t\u00fadi\u00ed a medzin\u00e1rodn\u00fdch vz\u0165ahov (UK BA) nadv\u00e4zuje na odkaz Katedry politol\u00f3gie, zalo\u017eenej v roku 1990 na Univerzite Komensk\u00e9ho. Na UK BA p\u00f4sob\u00ed aj pracovisko UNESCO pre vzdel\u00e1vanie v oblasti \u013eudsk\u00fdch pr\u00e1v. \u010clenovia UK BA maj\u00fa multidisciplin\u00e1rne vzdelanie v oblasti politol\u00f3gie, sociol\u00f3gie, medzin\u00e1rodn\u00fdch vz\u0165ahov, organiza\u010dn\u00fdch \u0161t\u00fadi\u00ed, hist\u00f3rie, pr\u00e1va, ekon\u00f3mie, diplomacie a filozofie. Intern\u00ed a extern\u00ed \u010dlenovia UK BA maj\u00fa bohat\u00e9 sk\u00fasenosti v\u010faka \u0161t\u00fadiu a hos\u0165ovaniu na popredn\u00fdch medzin\u00e1rodn\u00fdch v\u00fdskumn\u00fdch in\u0161tit\u00faci\u00e1ch. UK BA m\u00e1 akt\u00edvny v\u00fdskumn\u00fd program v oblasti eur\u00f3pskych \u0161t\u00fadi\u00ed a medzin\u00e1rodn\u00fdch vz\u0165ahov, podie\u013ea sa na mnoh\u00fdch medzin\u00e1rodn\u00fdch v\u00fdskumn\u00fdch projektoch a m\u00e1 kontakty s mnoh\u00fdmi univerzitami po celom svete. Akt\u00edvne spolupracuje aj s Ministerstvom zahrani\u010dn\u00fdch vec\u00ed SR pri realiz\u00e1cii v\u00fdskumu a organizovan\u00ed konferenci\u00ed.<\/p>\r\n\r\n\r\n\r\n<figure class=\"wp-block-image size-full is-resized\"><img loading=\"lazy\" decoding=\"async\" class=\"wp-image-373\" src=\"https:\/\/www.doeer.eu\/wp-content\/uploads\/2023\/04\/COMCY@2.png\" alt=\"\" width=\"419\" height=\"78\" \/><\/figure>\r\n\r\n\r\n\r\n<p><a href=\"https:\/\/comcy.eu\/\">https:\/\/comcy.eu\/<\/a><\/p>\r\n\r\n\r\n\r\n<p>CENTRE FOR COMPETENCE DEVELOPMENT CYPRUS (COMCY) je neziskov\u00e1 organiz\u00e1cia pre vzdel\u00e1vanie, v\u00fdskum a v\u00fdvoj, ktor\u00e1 p\u00f4sob\u00ed v oblasti projektov\u00e9ho riadenia, \u0161kolen\u00ed a vzdel\u00e1vania. COMCY sa zameriava na odborn\u00fa pr\u00edpravu a rozvoj r\u00f4znych cie\u013eov\u00fdch skup\u00edn a sektorov spolo\u010dnosti vr\u00e1tane skup\u00edn ml\u00e1de\u017ee a zranite\u013en\u00fdch jednotlivcov, seniorov a dospel\u00fdch, a to prostredn\u00edctvom \u00fa\u010dasti na programoch a iniciat\u00edvach E\u00da a realiz\u00e1cie odborn\u00fdch \u0161kolen\u00ed a vzdel\u00e1vac\u00edch semin\u00e1rov na Cypre a v zahrani\u010d\u00ed. Celkovo sa organiz\u00e1cia zameriava na podporu a posilnenie zranite\u013en\u00fdch soci\u00e1lnych skup\u00edn t\u00fdm, \u017ee pon\u00faka r\u00f4zne pr\u00edle\u017eitosti na osobn\u00fd a profesion\u00e1lny rozvoj. Okrem toho je COMCY \u010dlenom Eur\u00f3pskej asoci\u00e1cie pre vzdel\u00e1vanie dospel\u00fdch (EAEA) a Eur\u00f3pskej siete inov\u00e1ci\u00ed pre inkl\u00faziu.<\/p>\r\n\r\n\r\n\r\n<figure class=\"wp-block-image size-full is-resized\"><img loading=\"lazy\" decoding=\"async\" class=\"wp-image-420\" src=\"https:\/\/www.doeer.eu\/wp-content\/uploads\/2023\/04\/NT_oranzen-2.png\" alt=\"\" width=\"161\" height=\"161\" srcset=\"https:\/\/www.doeer.eu\/wp-content\/uploads\/2023\/04\/NT_oranzen-2.png 735w, https:\/\/www.doeer.eu\/wp-content\/uploads\/2023\/04\/NT_oranzen-2-300x300.png 300w, https:\/\/www.doeer.eu\/wp-content\/uploads\/2023\/04\/NT_oranzen-2-150x150.png 150w\" sizes=\"auto, (max-width: 161px) 100vw, 161px\" \/><\/figure>\r\n\r\n\r\n\r\n<p><a href=\"http:\/\/www.novi-turizem.org\">www.novi-turizem.org<\/a><\/p>\r\n\r\n\r\n\r\n<p>In\u0161tit\u00fat nov\u00e9ho turizmu (Zavod Novi turizem &#8211; ZNT) je v\u00fdskumn\u00fd \u00fastav, ktor\u00fd bol zalo\u017een\u00fd v roku 2009. Jeho hlavn\u00fdm cie\u013eom je vytv\u00e1ra\u0165 pr\u00edle\u017eitosti pre rozvoj slovinsk\u00e9ho cestovn\u00e9ho ruchu. In\u0161tit\u00fat funguje na troch pilieroch: strategick\u00fd rozvoj, vzdel\u00e1vanie a odborn\u00e1 pr\u00edprava a poradenstvo. ZNT je neziskov\u00e1 organiz\u00e1cia, ktor\u00e1 spolupracuje s iniciat\u00edvnymi organiz\u00e1ciami a jednotlivcami doma i v zahrani\u010d\u00ed, ktor\u00ed chc\u00fa rozv\u00edja\u0165 a podporova\u0165 &#8222;nov\u00fd, inovat\u00edvny cestovn\u00fd ruch&#8220;. ZNT je tie\u017e s\u00fa\u010das\u0165ou eur\u00f3pskych projektov a siet\u00ed.<\/p>\r\n\r\n\r\n\r\n<figure class=\"wp-block-image size-large is-resized\"><img loading=\"lazy\" decoding=\"async\" class=\"wp-image-375\" src=\"https:\/\/www.doeer.eu\/wp-content\/uploads\/2023\/04\/JanusOcol-1024x161.png\" alt=\"\" width=\"277\" height=\"43\" srcset=\"https:\/\/www.doeer.eu\/wp-content\/uploads\/2023\/04\/JanusOcol-1024x161.png 1024w, https:\/\/www.doeer.eu\/wp-content\/uploads\/2023\/04\/JanusOcol-300x47.png 300w, https:\/\/www.doeer.eu\/wp-content\/uploads\/2023\/04\/JanusOcol-768x121.png 768w, https:\/\/www.doeer.eu\/wp-content\/uploads\/2023\/04\/JanusOcol-1536x242.png 1536w, https:\/\/www.doeer.eu\/wp-content\/uploads\/2023\/04\/JanusOcol.png 2000w\" sizes=\"auto, (max-width: 277px) 100vw, 277px\" \/><\/figure>\r\n\r\n\r\n\r\n<p><a href=\"http:\/\/www.janus.it\">www.janus.it<\/a><\/p>\r\n\r\n\r\n\r\n<p>JANUS s.r.l. je talianska s\u00fakromn\u00e1 spolo\u010dnos\u0165, ktor\u00e1 vytv\u00e1ra a vyv\u00edja inovat\u00edvne softv\u00e9rov\u00e9 aplik\u00e1cie pre verejn\u00e9 a s\u00fakromn\u00e9 subjekty v oblasti kult\u00fary, vzdel\u00e1vania a \u0161kolenia, ako aj v oblasti podnikania. JANUS zabezpe\u010duje kompatibilitu svojich v\u00fdstupov s ak\u00fdmko\u013evek druhom siete (internet, intranet a\/alebo extranet). Slu\u017eby poskytovan\u00e9 spolo\u010dnos\u0165ou zah\u0155\u0148aj\u00fa aj grafick\u00fd dizajn a digit\u00e1lnu\/multimedi\u00e1lnu produkciu. V\u0161etky slu\u017eby spolo\u010dnosti JANUS s\u00fa podporovan\u00e9 asistenciou, technick\u00fdmi pr\u00edru\u010dkami a \u0161koleniami. Medzi \u00faspe\u0161n\u00e9 produkcie spolo\u010dnosti JANUS patria &#8222;AmaMusei&#8220; a &#8222;Amacitt\u00e0&#8220;, ktor\u00e9 pozost\u00e1vaj\u00fa z integrovanej platformy a aplik\u00e1ci\u00ed zalo\u017een\u00fdch na syst\u00e9me BAC &#8211; Beacon Access Control. Oba produkty vo ve\u013ekej miere vyu\u017e\u00edva ve\u013ek\u00fd po\u010det m\u00faze\u00ed a obc\u00ed v Taliansku.<\/p>\r\n","protected":false},"excerpt":{"rendered":"<p>http:\/\/www.scienzepolitiche.unina.it\/ Neapolsk\u00e1 univerzita Federica II. bola prvou verejne financovanou univerzitou v Eur\u00f3pe, ktor\u00e1 bola zalo\u017een\u00e1 v roku 1224 cis\u00e1rskou listinou sic\u00edlskeho kr\u00e1\u013ea a cis\u00e1ra Sv\u00e4tej r\u00ed\u0161e r\u00edmskej Fridricha II.Hohenstaufena. V s\u00fa\u010dasnosti univerzita pon\u00faka kurzy v podstate vo v\u0161etk\u00fdch akademick\u00fdch discipl\u00ednach,ktor\u00e9 ved\u00fa k z\u00edskaniu stop\u00e4\u0165desiatich piatich vysoko\u0161kolsk\u00fdch titulov. V\u0161etky tieto \u0161tudijn\u00e9 programy s\u00fa podporovan\u00e9 v\u00fdskumn\u00fdmi pracoviskami. [&hellip;]<\/p>\n","protected":false},"author":3,"featured_media":0,"parent":0,"menu_order":0,"comment_status":"closed","ping_status":"closed","template":"","meta":{"pgc_sgb_lightbox_settings":"","footnotes":""},"class_list":["post-362","page","type-page","status-publish","hentry"],"_links":{"self":[{"href":"https:\/\/www.doeer.eu\/sk\/wp-json\/wp\/v2\/pages\/362","targetHints":{"allow":["GET"]}}],"collection":[{"href":"https:\/\/www.doeer.eu\/sk\/wp-json\/wp\/v2\/pages"}],"about":[{"href":"https:\/\/www.doeer.eu\/sk\/wp-json\/wp\/v2\/types\/page"}],"author":[{"embeddable":true,"href":"https:\/\/www.doeer.eu\/sk\/wp-json\/wp\/v2\/users\/3"}],"replies":[{"embeddable":true,"href":"https:\/\/www.doeer.eu\/sk\/wp-json\/wp\/v2\/comments?post=362"}],"version-history":[{"count":10,"href":"https:\/\/www.doeer.eu\/sk\/wp-json\/wp\/v2\/pages\/362\/revisions"}],"predecessor-version":[{"id":424,"href":"https:\/\/www.doeer.eu\/sk\/wp-json\/wp\/v2\/pages\/362\/revisions\/424"}],"wp:attachment":[{"href":"https:\/\/www.doeer.eu\/sk\/wp-json\/wp\/v2\/media?parent=362"}],"curies":[{"name":"wp","href":"https:\/\/api.w.org\/{rel}","templated":true}]}}