{"id":398,"date":"2023-02-03T18:52:24","date_gmt":"2023-02-03T17:52:24","guid":{"rendered":"https:\/\/www.doeer.eu\/en\/?page_id=398"},"modified":"2025-10-29T09:15:26","modified_gmt":"2025-10-29T08:15:26","slug":"news-2","status":"publish","type":"page","link":"https:\/\/www.doeer.eu\/ro\/news-2\/","title":{"rendered":"Nout\u0103\u021bi"},"content":{"rendered":"<ul class=\"wp-block-latest-posts__list wp-block-latest-posts\"><li><div class=\"wp-block-latest-posts__featured-image alignleft\"><img loading=\"lazy\" decoding=\"async\" width=\"300\" height=\"209\" src=\"https:\/\/www.doeer.eu\/wp-content\/uploads\/2025\/11\/DOEER-NL5_RO_thumb-300x209.png\" class=\"attachment-medium size-medium wp-post-image\" alt=\"\" style=\"max-width:100px;\" srcset=\"https:\/\/www.doeer.eu\/wp-content\/uploads\/2025\/11\/DOEER-NL5_RO_thumb-300x209.png 300w, https:\/\/www.doeer.eu\/wp-content\/uploads\/2025\/11\/DOEER-NL5_RO_thumb-1024x713.png 1024w, https:\/\/www.doeer.eu\/wp-content\/uploads\/2025\/11\/DOEER-NL5_RO_thumb-768x535.png 768w, https:\/\/www.doeer.eu\/wp-content\/uploads\/2025\/11\/DOEER-NL5_RO_thumb.png 1270w\" sizes=\"auto, (max-width: 300px) 100vw, 300px\" \/><\/div><a class=\"wp-block-latest-posts__post-title\" href=\"https:\/\/www.doeer.eu\/ro\/doeer-newsletter-5\/\">Buletin informativ DOEER 5<\/a><div class=\"wp-block-latest-posts__post-excerpt\">\u00cen aceast\u0103 edi\u021bie: Rezultatele finale ale ini\u021biativei DOEER; \u00cent\u00e2lnirea final\u0103 a proiectului DOEER de la Napoli; Evenimentele de promovare \u00een toate \u021b\u0103rile proiectului; Feedback-ul participan\u021bilor la activitatea pilot; Conferin\u021ba interna\u021bional\u0103 final\u0103 din Italia; Pa\u0219ii viitori\r\n<\/div><\/li>\n<li><div class=\"wp-block-latest-posts__featured-image alignleft\"><img loading=\"lazy\" decoding=\"async\" width=\"227\" height=\"300\" src=\"https:\/\/www.doeer.eu\/wp-content\/uploads\/2025\/07\/Sustainability-227x300.png\" class=\"attachment-medium size-medium wp-post-image\" alt=\"\" style=\"max-width:100px;\" srcset=\"https:\/\/www.doeer.eu\/wp-content\/uploads\/2025\/07\/Sustainability-227x300.png 227w, https:\/\/www.doeer.eu\/wp-content\/uploads\/2025\/07\/Sustainability.png 662w\" sizes=\"auto, (max-width: 227px) 100vw, 227px\" \/><\/div><a class=\"wp-block-latest-posts__post-title\" href=\"https:\/\/www.doeer.eu\/ro\/future-steps\/\">Pa\u0219ii viitori<\/a><div class=\"wp-block-latest-posts__post-excerpt\">La sf\u00e2r\u0219itul proiectului, echipa DOEER a stabilit componentele programului de sustenabilitate \u00een documentul \u201eProgramul extins de sustenabilitate &#8211; Plan strategic privind utilizarea rezultatelor proiectului Erasmus+ DOEER Educa\u021bie digital\u0103 \u0219i deschis\u0103 pentru rezilien\u021b\u0103 bazat\u0103 pe egalitate\u201d \u0219i a creat videoclipul \u201eCe este DOEER?\u201d pentru a fi utilizat de parteneri \u00een activitatea lor ulterioar\u0103<\/div><\/li>\n<li><div class=\"wp-block-latest-posts__featured-image alignleft\"><img loading=\"lazy\" decoding=\"async\" width=\"206\" height=\"300\" src=\"https:\/\/www.doeer.eu\/wp-content\/uploads\/2025\/06\/DOEER-Poster-EN-Naples-206x300.png\" class=\"attachment-medium size-medium wp-post-image\" alt=\"\" style=\"max-width:100px;\" srcset=\"https:\/\/www.doeer.eu\/wp-content\/uploads\/2025\/06\/DOEER-Poster-EN-Naples-206x300.png 206w, https:\/\/www.doeer.eu\/wp-content\/uploads\/2025\/06\/DOEER-Poster-EN-Naples-704x1024.png 704w, https:\/\/www.doeer.eu\/wp-content\/uploads\/2025\/06\/DOEER-Poster-EN-Naples-768x1117.png 768w, https:\/\/www.doeer.eu\/wp-content\/uploads\/2025\/06\/DOEER-Poster-EN-Naples-1056x1536.png 1056w, https:\/\/www.doeer.eu\/wp-content\/uploads\/2025\/06\/DOEER-Poster-EN-Naples-1408x2048.png 1408w, https:\/\/www.doeer.eu\/wp-content\/uploads\/2025\/06\/DOEER-Poster-EN-Naples-scaled.png 1761w\" sizes=\"auto, (max-width: 206px) 100vw, 206px\" \/><\/div><a class=\"wp-block-latest-posts__post-title\" href=\"https:\/\/www.doeer.eu\/ro\/the-final-international-conference-in-italy\/\">Conferin\u021ba interna\u021bional\u0103 final\u0103 din Italia<\/a><div class=\"wp-block-latest-posts__post-excerpt\">Pe 20 iunie 2025, coordonatorul Universit\u0103\u021bii din Napoli Federico II a organizat la Napoli conferin\u021ba interna\u021bional\u0103 final\u0103 a proiectului DOEER<\/div><\/li>\n<li><div class=\"wp-block-latest-posts__featured-image alignleft\"><img loading=\"lazy\" decoding=\"async\" width=\"300\" height=\"133\" src=\"https:\/\/www.doeer.eu\/wp-content\/uploads\/2025\/06\/events-cover-300x133.png\" class=\"attachment-medium size-medium wp-post-image\" alt=\"\" style=\"max-width:100px;\" srcset=\"https:\/\/www.doeer.eu\/wp-content\/uploads\/2025\/06\/events-cover-300x133.png 300w, https:\/\/www.doeer.eu\/wp-content\/uploads\/2025\/06\/events-cover-1024x453.png 1024w, https:\/\/www.doeer.eu\/wp-content\/uploads\/2025\/06\/events-cover-768x339.png 768w, https:\/\/www.doeer.eu\/wp-content\/uploads\/2025\/06\/events-cover-1536x679.png 1536w, https:\/\/www.doeer.eu\/wp-content\/uploads\/2025\/06\/events-cover.png 1919w\" sizes=\"auto, (max-width: 300px) 100vw, 300px\" \/><\/div><a class=\"wp-block-latest-posts__post-title\" href=\"https:\/\/www.doeer.eu\/ro\/the-promotion-events-in-all-projectcountries\/\">Evenimentele de promovare \u00een toate \u021b\u0103rile proiectului<\/a><div class=\"wp-block-latest-posts__post-excerpt\">\u00cen perioada aprilie-iunie 2025, rezultatele DOEER au fost prezentate \u00een cadrul evenimentelor na\u021bionale de promovare organizate \u00een fiecare \u021bar\u0103 participant\u0103 la proiect: Spania, Rom\u00e2nia, Slovacia, Cipru, Slovenia \u0219i, \u00een Italia, la conferin\u021ba interna\u021bional\u0103 final\u0103<\/div><\/li>\n<li><div class=\"wp-block-latest-posts__featured-image alignleft\"><img loading=\"lazy\" decoding=\"async\" width=\"300\" height=\"160\" src=\"https:\/\/www.doeer.eu\/wp-content\/uploads\/2025\/07\/Team-TPM-Naples-300x160.png\" class=\"attachment-medium size-medium wp-post-image\" alt=\"\" style=\"max-width:100px;\" srcset=\"https:\/\/www.doeer.eu\/wp-content\/uploads\/2025\/07\/Team-TPM-Naples-300x160.png 300w, https:\/\/www.doeer.eu\/wp-content\/uploads\/2025\/07\/Team-TPM-Naples-1024x546.png 1024w, https:\/\/www.doeer.eu\/wp-content\/uploads\/2025\/07\/Team-TPM-Naples-768x410.png 768w, https:\/\/www.doeer.eu\/wp-content\/uploads\/2025\/07\/Team-TPM-Naples-1536x820.png 1536w\" sizes=\"auto, (max-width: 300px) 100vw, 300px\" \/><\/div><a class=\"wp-block-latest-posts__post-title\" href=\"https:\/\/www.doeer.eu\/ro\/the-doeer-final-project-meeting-innaples\/\">\u00cent\u00e2lnirea final\u0103 a proiectului DOEER de la Napoli<\/a><div class=\"wp-block-latest-posts__post-excerpt\">To\u021bi partenerii proiectului s-au \u00eent\u00e2lnit la Napoli (Italia) pentru a participa la ultima \u00eent\u00e2lnire a proiectului, organizat\u0103 \u00een perioada 18-19 iunie de c\u0103tre coordonatorul Universit\u0103\u021bii Federico II din Napoli<\/div><\/li>\n<li><div class=\"wp-block-latest-posts__featured-image alignleft\"><img loading=\"lazy\" decoding=\"async\" width=\"300\" height=\"215\" src=\"https:\/\/www.doeer.eu\/wp-content\/uploads\/2025\/04\/DOEER_Events-300x215.jpg\" class=\"attachment-medium size-medium wp-post-image\" alt=\"\" style=\"max-width:100px;\" srcset=\"https:\/\/www.doeer.eu\/wp-content\/uploads\/2025\/04\/DOEER_Events-300x215.jpg 300w, https:\/\/www.doeer.eu\/wp-content\/uploads\/2025\/04\/DOEER_Events-1024x735.jpg 1024w, https:\/\/www.doeer.eu\/wp-content\/uploads\/2025\/04\/DOEER_Events-768x552.jpg 768w, https:\/\/www.doeer.eu\/wp-content\/uploads\/2025\/04\/DOEER_Events-1536x1103.jpg 1536w, https:\/\/www.doeer.eu\/wp-content\/uploads\/2025\/04\/DOEER_Events-2048x1471.jpg 2048w\" sizes=\"auto, (max-width: 300px) 100vw, 300px\" \/><\/div><a class=\"wp-block-latest-posts__post-title\" href=\"https:\/\/www.doeer.eu\/ro\/the-doeer-events\/\">Evenimentele DOEER vor prezenta toate rezultatele \u00een \u021b\u0103rile proiectului<\/a><div class=\"wp-block-latest-posts__post-excerpt\">Rezultatele DOEER vor fi prezentate \u00een cadrul unor evenimente na\u021bionale dedicate, organizate \u00een perioada aprilie-iunie 2025 \u00een toate \u021b\u0103rile implicate \u00een proiect<\/div><\/li>\n<li><div class=\"wp-block-latest-posts__featured-image alignleft\"><img loading=\"lazy\" decoding=\"async\" width=\"300\" height=\"138\" src=\"https:\/\/www.doeer.eu\/wp-content\/uploads\/2025\/04\/Results-thumb-300x138.png\" class=\"attachment-medium size-medium wp-post-image\" alt=\"\" style=\"max-width:100px;\" srcset=\"https:\/\/www.doeer.eu\/wp-content\/uploads\/2025\/04\/Results-thumb-300x138.png 300w, https:\/\/www.doeer.eu\/wp-content\/uploads\/2025\/04\/Results-thumb-1024x472.png 1024w, https:\/\/www.doeer.eu\/wp-content\/uploads\/2025\/04\/Results-thumb-768x354.png 768w, https:\/\/www.doeer.eu\/wp-content\/uploads\/2025\/04\/Results-thumb-1536x708.png 1536w, https:\/\/www.doeer.eu\/wp-content\/uploads\/2025\/04\/Results-thumb-2048x944.png 2048w\" sizes=\"auto, (max-width: 300px) 100vw, 300px\" \/><\/div><a class=\"wp-block-latest-posts__post-title\" href=\"https:\/\/www.doeer.eu\/ro\/the-final-results-of-the-doeer-initiative\/\">Rezultatele finale ale ini\u021biativei DOEER<\/a><div class=\"wp-block-latest-posts__post-excerpt\">Conform obiectivelor generale \u0219i specifice ale DOEER, rezultatele finale ale proiectului produc valori ad\u0103ugate diferite, sprijinind un sistem educa\u021bional eficient, construit pe o \u00een\u021belegere comun\u0103 \u0219i bazat\u0103 pe via\u021ba real\u0103 a conceptului de \u201eegalitate\u201d<\/div><\/li>\n<li><div class=\"wp-block-latest-posts__featured-image alignleft\"><img loading=\"lazy\" decoding=\"async\" width=\"300\" height=\"225\" src=\"https:\/\/www.doeer.eu\/wp-content\/uploads\/2025\/04\/Progetto-senza-titolo-1-300x225.png\" class=\"attachment-medium size-medium wp-post-image\" alt=\"Pilot with HE students\" style=\"max-width:100px;\" srcset=\"https:\/\/www.doeer.eu\/wp-content\/uploads\/2025\/04\/Progetto-senza-titolo-1-300x225.png 300w, https:\/\/www.doeer.eu\/wp-content\/uploads\/2025\/04\/Progetto-senza-titolo-1-1024x768.png 1024w, https:\/\/www.doeer.eu\/wp-content\/uploads\/2025\/04\/Progetto-senza-titolo-1-768x576.png 768w, https:\/\/www.doeer.eu\/wp-content\/uploads\/2025\/04\/Progetto-senza-titolo-1-1536x1152.png 1536w, https:\/\/www.doeer.eu\/wp-content\/uploads\/2025\/04\/Progetto-senza-titolo-1-2048x1536.png 2048w\" sizes=\"auto, (max-width: 300px) 100vw, 300px\" \/><\/div><a class=\"wp-block-latest-posts__post-title\" href=\"https:\/\/www.doeer.eu\/ro\/the-feedback-of-the-participants-to-the-pilot-activity\/\">Feedbackul participan\u021bilor <\/a><div class=\"wp-block-latest-posts__post-excerpt\">Cei 30 de studen\u021bi din \u00eenv\u0103\u021b\u0103m\u00e2ntul superior din Italia, Spania, Rom\u00e2nia, Slovacia, Cipru \u0219i Slovenia \u0219i-au evaluat experien\u021ba de \u00eenv\u0103\u021bare la finalul activit\u0103\u021bii pilot desf\u0103\u0219urate la Ljubljana<\/div><\/li>\n<li><div class=\"wp-block-latest-posts__featured-image alignleft\"><img loading=\"lazy\" decoding=\"async\" width=\"300\" height=\"225\" src=\"https:\/\/www.doeer.eu\/wp-content\/uploads\/2025\/04\/d669a12d-d6a3-409c-a578-5a3562d8938e-300x225.jpg\" class=\"attachment-medium size-medium wp-post-image\" alt=\"\" style=\"max-width:100px;\" srcset=\"https:\/\/www.doeer.eu\/wp-content\/uploads\/2025\/04\/d669a12d-d6a3-409c-a578-5a3562d8938e-300x225.jpg 300w, https:\/\/www.doeer.eu\/wp-content\/uploads\/2025\/04\/d669a12d-d6a3-409c-a578-5a3562d8938e-1024x768.jpg 1024w, https:\/\/www.doeer.eu\/wp-content\/uploads\/2025\/04\/d669a12d-d6a3-409c-a578-5a3562d8938e-768x576.jpg 768w, https:\/\/www.doeer.eu\/wp-content\/uploads\/2025\/04\/d669a12d-d6a3-409c-a578-5a3562d8938e-1536x1152.jpg 1536w, https:\/\/www.doeer.eu\/wp-content\/uploads\/2025\/04\/d669a12d-d6a3-409c-a578-5a3562d8938e.jpg 1600w\" sizes=\"auto, (max-width: 300px) 100vw, 300px\" \/><\/div><a class=\"wp-block-latest-posts__post-title\" href=\"https:\/\/www.doeer.eu\/ro\/the-he-students-mobility-event-in-slovenia-to-pilot-the-doeer-online-course\/\">Evenimentul de mobilitate al studen\u021bilor din \u00eenv\u0103\u021b\u0103m\u00e2ntul superior \u00een Slovenia pentru a pilota cursul online DOEER<\/a><div class=\"wp-block-latest-posts__post-excerpt\">La movilidad de estudiantes de educaci\u00f3n superior organizada en Liubliana para probar conjuntamente el curso de igualdad DOEER y experimentar el turismo inclusivo\r\nMobilitatea studen\u021bilor din \u00eenv\u0103\u021b\u0103m\u00e2ntul superior organizat\u0103 la Ljubljana pentru a pilota \u00eempreun\u0103 cursul DOEER despre egalitate \u0219i pentru a experimenta turismul incluziv<\/div><\/li>\n<li><div class=\"wp-block-latest-posts__featured-image alignleft\"><img loading=\"lazy\" decoding=\"async\" width=\"300\" height=\"209\" src=\"https:\/\/www.doeer.eu\/wp-content\/uploads\/2024\/11\/DOEER-NL4-thumb-300x209.png\" class=\"attachment-medium size-medium wp-post-image\" alt=\"DOEER Newsletter 4\" style=\"max-width:100px;\" srcset=\"https:\/\/www.doeer.eu\/wp-content\/uploads\/2024\/11\/DOEER-NL4-thumb-300x209.png 300w, https:\/\/www.doeer.eu\/wp-content\/uploads\/2024\/11\/DOEER-NL4-thumb-1024x713.png 1024w, https:\/\/www.doeer.eu\/wp-content\/uploads\/2024\/11\/DOEER-NL4-thumb-768x535.png 768w, https:\/\/www.doeer.eu\/wp-content\/uploads\/2024\/11\/DOEER-NL4-thumb.png 1270w\" sizes=\"auto, (max-width: 300px) 100vw, 300px\" \/><\/div><a class=\"wp-block-latest-posts__post-title\" href=\"https:\/\/www.doeer.eu\/ro\/doeer-newsletter-4\/\">Buletin informativ DOEER 4<\/a><div class=\"wp-block-latest-posts__post-excerpt\">\u00cen aceast\u0103 edi\u021bie: Cum se utilizeaz\u0103 \u00eenv\u0103\u021barea multilingv\u0103 DOEER; Evaluarea participan\u021bilor la\r\nevenimentul de formare din Spania; Programul pilot pentru studen\u021bii din toate \u021b\u0103rile partenere \u00een proiect; A patra \u00eent\u00e2lnire a proiectului DOEER \u00een Sevilia<\/div><\/li>\n<li><div class=\"wp-block-latest-posts__featured-image alignleft\"><img loading=\"lazy\" decoding=\"async\" width=\"300\" height=\"225\" src=\"https:\/\/www.doeer.eu\/wp-content\/uploads\/2024\/11\/20241022_120322-300x225.jpg\" class=\"attachment-medium size-medium wp-post-image\" alt=\"\" style=\"max-width:100px;\" srcset=\"https:\/\/www.doeer.eu\/wp-content\/uploads\/2024\/11\/20241022_120322-300x225.jpg 300w, https:\/\/www.doeer.eu\/wp-content\/uploads\/2024\/11\/20241022_120322-1024x768.jpg 1024w, https:\/\/www.doeer.eu\/wp-content\/uploads\/2024\/11\/20241022_120322-768x576.jpg 768w, https:\/\/www.doeer.eu\/wp-content\/uploads\/2024\/11\/20241022_120322-1536x1152.jpg 1536w, https:\/\/www.doeer.eu\/wp-content\/uploads\/2024\/11\/20241022_120322-2048x1536.jpg 2048w\" sizes=\"auto, (max-width: 300px) 100vw, 300px\" \/><\/div><a class=\"wp-block-latest-posts__post-title\" href=\"https:\/\/www.doeer.eu\/ro\/the-doeer-fourth-project-meeting-in-seville\/\">A patra \u00eent\u00e2lnire de proiect DOEER din Sevilla<\/a><div class=\"wp-block-latest-posts__post-excerpt\">Echipa DOEER s-a \u00eent\u00e2lnit \u00een Spania, \u00een persoan\u0103, pentru a patra oar\u0103<\/div><\/li>\n<li><div class=\"wp-block-latest-posts__featured-image alignleft\"><img loading=\"lazy\" decoding=\"async\" width=\"300\" height=\"225\" src=\"https:\/\/www.doeer.eu\/wp-content\/uploads\/2024\/11\/IMG-20241022-WA0017-300x225.jpg\" class=\"attachment-medium size-medium wp-post-image\" alt=\"\" style=\"max-width:100px;\" srcset=\"https:\/\/www.doeer.eu\/wp-content\/uploads\/2024\/11\/IMG-20241022-WA0017-300x225.jpg 300w, https:\/\/www.doeer.eu\/wp-content\/uploads\/2024\/11\/IMG-20241022-WA0017-1024x768.jpg 1024w, https:\/\/www.doeer.eu\/wp-content\/uploads\/2024\/11\/IMG-20241022-WA0017-768x576.jpg 768w, https:\/\/www.doeer.eu\/wp-content\/uploads\/2024\/11\/IMG-20241022-WA0017-1536x1152.jpg 1536w, https:\/\/www.doeer.eu\/wp-content\/uploads\/2024\/11\/IMG-20241022-WA0017.jpg 1600w\" sizes=\"auto, (max-width: 300px) 100vw, 300px\" \/><\/div><a class=\"wp-block-latest-posts__post-title\" href=\"https:\/\/www.doeer.eu\/ro\/the-pilot-learning-for-the-university-students-from-all-project-countries\/\">Programul pilot de \u00eenv\u0103\u021bare pentru studen\u021bii universitari din toate \u021b\u0103rile implicate \u00een proiect<\/a><div class=\"wp-block-latest-posts__post-excerpt\">Programul pilot de \u00eenv\u0103\u021bare pentru studen\u021bii din \u00eenv\u0103\u021b\u0103m\u00e2ntul superior ai universit\u0103\u021bilor partenere din proiect, programat s\u0103 aib\u0103 loc \u00een primul trimestru al anului 2025<\/div><\/li>\n<li><div class=\"wp-block-latest-posts__featured-image alignleft\"><img loading=\"lazy\" decoding=\"async\" width=\"300\" height=\"274\" src=\"https:\/\/www.doeer.eu\/wp-content\/uploads\/2024\/11\/LTTA3-scaled-e1732658567692-300x274.jpg\" class=\"attachment-medium size-medium wp-post-image\" alt=\"\" style=\"max-width:100px;\" srcset=\"https:\/\/www.doeer.eu\/wp-content\/uploads\/2024\/11\/LTTA3-scaled-e1732658567692-300x274.jpg 300w, https:\/\/www.doeer.eu\/wp-content\/uploads\/2024\/11\/LTTA3-scaled-e1732658567692-1024x935.jpg 1024w, https:\/\/www.doeer.eu\/wp-content\/uploads\/2024\/11\/LTTA3-scaled-e1732658567692-768x701.jpg 768w, https:\/\/www.doeer.eu\/wp-content\/uploads\/2024\/11\/LTTA3-scaled-e1732658567692.jpg 1529w\" sizes=\"auto, (max-width: 300px) 100vw, 300px\" \/><\/div><a class=\"wp-block-latest-posts__post-title\" href=\"https:\/\/www.doeer.eu\/ro\/attendees-evaluation-of-the-training-event-in-spain\/\">Evaluarea participan\u021bilor la evenimentul de instruire din Spania<\/a><div class=\"wp-block-latest-posts__post-excerpt\">Feedback-ul celor 20 de participan\u021bi din organiza\u021biile partenere care au luat parte la instruirea comun\u0103 a personalului \u00een Sevilla, Spania<\/div><\/li>\n<li><div class=\"wp-block-latest-posts__featured-image alignleft\"><img loading=\"lazy\" decoding=\"async\" width=\"300\" height=\"166\" src=\"https:\/\/www.doeer.eu\/wp-content\/uploads\/2024\/11\/Pictogram-300x166.png\" class=\"attachment-medium size-medium wp-post-image\" alt=\"\" style=\"max-width:100px;\" srcset=\"https:\/\/www.doeer.eu\/wp-content\/uploads\/2024\/11\/Pictogram-300x166.png 300w, https:\/\/www.doeer.eu\/wp-content\/uploads\/2024\/11\/Pictogram-1024x565.png 1024w, https:\/\/www.doeer.eu\/wp-content\/uploads\/2024\/11\/Pictogram-768x424.png 768w, https:\/\/www.doeer.eu\/wp-content\/uploads\/2024\/11\/Pictogram-1536x847.png 1536w, https:\/\/www.doeer.eu\/wp-content\/uploads\/2024\/11\/Pictogram.png 1800w\" sizes=\"auto, (max-width: 300px) 100vw, 300px\" \/><\/div><a class=\"wp-block-latest-posts__post-title\" href=\"https:\/\/www.doeer.eu\/ro\/how-to-use-the-multilingual-doeer-learning\/\">Cum s\u0103 utiliza\u021bi \u00eenv\u0103\u021barea multilingvistic\u0103 a DOEER<\/a><div class=\"wp-block-latest-posts__post-excerpt\">Cum s\u0103 utiliza\u021bi \u201eCursul DOEER despre practici bazate pe egalitate \u00een turism\u201d, disponibil gratuit online pentru studen\u021bii din \u00eenv\u0103\u021b\u0103m\u00e2ntul superior \u0219i p\u0103r\u021bile interesate, \u00een toate limbile proiectului<\/div><\/li>\n<li><div class=\"wp-block-latest-posts__featured-image alignleft\"><img loading=\"lazy\" decoding=\"async\" width=\"300\" height=\"209\" src=\"https:\/\/www.doeer.eu\/wp-content\/uploads\/2024\/04\/DOEER-NL3_thumb-300x209.png\" class=\"attachment-medium size-medium wp-post-image\" alt=\"\" style=\"max-width:100px;\" srcset=\"https:\/\/www.doeer.eu\/wp-content\/uploads\/2024\/04\/DOEER-NL3_thumb-300x209.png 300w, https:\/\/www.doeer.eu\/wp-content\/uploads\/2024\/04\/DOEER-NL3_thumb-1024x713.png 1024w, https:\/\/www.doeer.eu\/wp-content\/uploads\/2024\/04\/DOEER-NL3_thumb-768x535.png 768w, https:\/\/www.doeer.eu\/wp-content\/uploads\/2024\/04\/DOEER-NL3_thumb.png 1270w\" sizes=\"auto, (max-width: 300px) 100vw, 300px\" \/><\/div><a class=\"wp-block-latest-posts__post-title\" href=\"https:\/\/www.doeer.eu\/ro\/doeer-newsletter-3\/\">Buletin informativ DOEER 3<\/a><div class=\"wp-block-latest-posts__post-excerpt\">\u00cen aceast\u0103 edi\u021bie: MOOC-ul DOEER; A treia \u00eent\u00e2lnire a proiectului DOEER la Ljubljana; Evenimentul de formare a personalului proiectului DOEER \u00een Spania; Programul DOEER de \u00eenv\u0103\u021bare pilot\r\n<\/div><\/li>\n<li><div class=\"wp-block-latest-posts__featured-image alignleft\"><img loading=\"lazy\" decoding=\"async\" width=\"300\" height=\"200\" src=\"https:\/\/www.doeer.eu\/wp-content\/uploads\/2024\/04\/persone-300x200.jpg\" class=\"attachment-medium size-medium wp-post-image\" alt=\"\" style=\"max-width:100px;\" srcset=\"https:\/\/www.doeer.eu\/wp-content\/uploads\/2024\/04\/persone-300x200.jpg 300w, https:\/\/www.doeer.eu\/wp-content\/uploads\/2024\/04\/persone-1024x683.jpg 1024w, https:\/\/www.doeer.eu\/wp-content\/uploads\/2024\/04\/persone-768x512.jpg 768w, https:\/\/www.doeer.eu\/wp-content\/uploads\/2024\/04\/persone-1536x1024.jpg 1536w\" sizes=\"auto, (max-width: 300px) 100vw, 300px\" \/><\/div><a class=\"wp-block-latest-posts__post-title\" href=\"https:\/\/www.doeer.eu\/ro\/the-doeer-programme-of-pilot-learning\/\">Programul DOEER de \u00eenv\u0103\u021bare pilot<\/a><div class=\"wp-block-latest-posts__post-excerpt\">Echipa de proiect preg\u0103te\u0219te programul pilot de studiu destinat studen\u021bilor, programat s\u0103 aib\u0103 loc \u00een primele luni ale anului 2025<\/div><\/li>\n<li><div class=\"wp-block-latest-posts__featured-image alignleft\"><img loading=\"lazy\" decoding=\"async\" width=\"300\" height=\"165\" src=\"https:\/\/www.doeer.eu\/wp-content\/uploads\/2024\/04\/camara-300x165.png\" class=\"attachment-medium size-medium wp-post-image\" alt=\"\" style=\"max-width:100px;\" srcset=\"https:\/\/www.doeer.eu\/wp-content\/uploads\/2024\/04\/camara-300x165.png 300w, https:\/\/www.doeer.eu\/wp-content\/uploads\/2024\/04\/camara.png 761w\" sizes=\"auto, (max-width: 300px) 100vw, 300px\" \/><\/div><a class=\"wp-block-latest-posts__post-title\" href=\"https:\/\/www.doeer.eu\/ro\/the-doeer-project-staff-training-event-in-spain\/\">Evenimentul de formare a personalului proiectului DOEER \u00een Spania<\/a><div class=\"wp-block-latest-posts__post-excerpt\">Echipa DOEER organizeaz\u0103 activitatea de formare a personalului, programat\u0103 s\u0103 aib\u0103 loc \u00een Spania \u00een octombrie 2024<\/div><\/li>\n<li><div class=\"wp-block-latest-posts__featured-image alignleft\"><img loading=\"lazy\" decoding=\"async\" width=\"300\" height=\"209\" src=\"https:\/\/www.doeer.eu\/wp-content\/uploads\/2024\/04\/DOEE_course-300x209.png\" class=\"attachment-medium size-medium wp-post-image\" alt=\"\" style=\"max-width:100px;\" srcset=\"https:\/\/www.doeer.eu\/wp-content\/uploads\/2024\/04\/DOEE_course-300x209.png 300w, https:\/\/www.doeer.eu\/wp-content\/uploads\/2024\/04\/DOEE_course-1024x713.png 1024w, https:\/\/www.doeer.eu\/wp-content\/uploads\/2024\/04\/DOEE_course-768x535.png 768w, https:\/\/www.doeer.eu\/wp-content\/uploads\/2024\/04\/DOEE_course.png 1270w\" sizes=\"auto, (max-width: 300px) 100vw, 300px\" \/><\/div><a class=\"wp-block-latest-posts__post-title\" href=\"https:\/\/www.doeer.eu\/ro\/the-doeer-mooc\/\">MOOC-ul DOEER<\/a><div class=\"wp-block-latest-posts__post-excerpt\">Cursul online cu acces gratuit, bazat pe practici de egalitate, este rezultatul principal al proiectului DOEER.<\/div><\/li>\n<li><div class=\"wp-block-latest-posts__featured-image alignleft\"><img loading=\"lazy\" decoding=\"async\" width=\"300\" height=\"213\" src=\"https:\/\/www.doeer.eu\/wp-content\/uploads\/2024\/04\/TPM3_group-1.png\" class=\"attachment-medium size-medium wp-post-image\" alt=\"\" style=\"max-width:100px;\" \/><\/div><a class=\"wp-block-latest-posts__post-title\" href=\"https:\/\/www.doeer.eu\/ro\/the-doeer-third-project-meeting-in-ljubljana\/\">A treia \u00eent\u00e2lnire a proiectului DOEER la Ljubljana<\/a><div class=\"wp-block-latest-posts__post-excerpt\">Organizat de partenerul sloven Zavod Novi turizem din Ljubljana, aceast\u0103 \u00eent\u00e2lnire a oferit tuturor partenerilor ocazia de a evalua rezultatele de p\u00e2n\u0103 acum \u0219i de a programa pa\u0219ii urm\u0103tori.<\/div><\/li>\n<li><div class=\"wp-block-latest-posts__featured-image alignleft\"><img loading=\"lazy\" decoding=\"async\" width=\"300\" height=\"209\" src=\"https:\/\/www.doeer.eu\/wp-content\/uploads\/2023\/07\/DOEER-NL2_thumb-1-300x209.png\" class=\"attachment-medium size-medium wp-post-image\" alt=\"\" style=\"max-width:100px;\" srcset=\"https:\/\/www.doeer.eu\/wp-content\/uploads\/2023\/07\/DOEER-NL2_thumb-1-300x209.png 300w, https:\/\/www.doeer.eu\/wp-content\/uploads\/2023\/07\/DOEER-NL2_thumb-1-1024x713.png 1024w, https:\/\/www.doeer.eu\/wp-content\/uploads\/2023\/07\/DOEER-NL2_thumb-1-768x535.png 768w, https:\/\/www.doeer.eu\/wp-content\/uploads\/2023\/07\/DOEER-NL2_thumb-1.png 1270w\" sizes=\"auto, (max-width: 300px) 100vw, 300px\" \/><\/div><a class=\"wp-block-latest-posts__post-title\" href=\"https:\/\/www.doeer.eu\/ro\/doeer-newsletter-2\/\">Buletin informativ DOEER 2<\/a><div class=\"wp-block-latest-posts__post-excerpt\">\u00cen aceast\u0103 edi\u021bie: Ghiduri calitative pentru competen\u021bele digitale \u0219i pedagogice \u00een \u00eenv\u0103\u021b\u0103m\u00e2ntul superior privind egalitatea; Defini\u021biile DOEER pentru egalitate; Cele mai proaste \u0219i bune practici \u00een materie de egalitate; A doua \u00eent\u00e2lnire a proiectului DOEER \u00een Cipru; Cadrul DOEER<\/div><\/li>\n<li><div class=\"wp-block-latest-posts__featured-image alignleft\"><img loading=\"lazy\" decoding=\"async\" width=\"1\" height=\"1\" src=\"https:\/\/www.doeer.eu\/wp-content\/uploads\/2024\/04\/Guidelines_RO_cover.jpg\" class=\"attachment-medium size-medium wp-post-image\" alt=\"\" style=\"max-width:100px;\" \/><\/div><a class=\"wp-block-latest-posts__post-title\" href=\"https:\/\/www.doeer.eu\/ro\/quality-guidelines-for-he-digital-and-pedagogical-competencies-on-equality\/\">Ghiduri de calitate pentru competen\u021bele digitale \u0219i pedagogice HE privind egalitatea<\/a><div class=\"wp-block-latest-posts__post-excerpt\">Studiul cu acces liber \u201eGhiduri de calitate pentru competen\u021bele digitale \u0219i pedagogice de educa\u021bie \u00een materie de egalitate\u201d prezint\u0103 analiza rezultatelor consult\u0103rii grupurilor na\u021bionale de exper\u021bi privind practicile bazate pe calitate \u00een sectorul educa\u021biei \u0219i al afacerilor<\/div><\/li>\n<li><div class=\"wp-block-latest-posts__featured-image alignleft\"><img loading=\"lazy\" decoding=\"async\" width=\"300\" height=\"267\" src=\"https:\/\/www.doeer.eu\/wp-content\/uploads\/2023\/07\/DOEER-Framework-RO-300x267.png\" class=\"attachment-medium size-medium wp-post-image\" alt=\"\" style=\"max-width:100px;\" srcset=\"https:\/\/www.doeer.eu\/wp-content\/uploads\/2023\/07\/DOEER-Framework-RO-300x267.png 300w, https:\/\/www.doeer.eu\/wp-content\/uploads\/2023\/07\/DOEER-Framework-RO-768x684.png 768w, https:\/\/www.doeer.eu\/wp-content\/uploads\/2023\/07\/DOEER-Framework-RO.png 846w\" sizes=\"auto, (max-width: 300px) 100vw, 300px\" \/><\/div><a class=\"wp-block-latest-posts__post-title\" href=\"https:\/\/www.doeer.eu\/ro\/the-doeer-framework\/\">Cadrul proiectului DOEER<\/a><div class=\"wp-block-latest-posts__post-excerpt\">Proiectul DOEER a creat un cadru specific pentru a ob\u021bine competen\u021be privind practici bazate pe egalitate<\/div><\/li>\n<li><div class=\"wp-block-latest-posts__featured-image alignleft\"><img loading=\"lazy\" decoding=\"async\" width=\"300\" height=\"264\" src=\"https:\/\/www.doeer.eu\/wp-content\/uploads\/2023\/06\/TPM2_group-e1687784875432-300x264.jpg\" class=\"attachment-medium size-medium wp-post-image\" alt=\"\" style=\"max-width:100px;\" srcset=\"https:\/\/www.doeer.eu\/wp-content\/uploads\/2023\/06\/TPM2_group-e1687784875432-300x264.jpg 300w, https:\/\/www.doeer.eu\/wp-content\/uploads\/2023\/06\/TPM2_group-e1687784875432-1024x901.jpg 1024w, https:\/\/www.doeer.eu\/wp-content\/uploads\/2023\/06\/TPM2_group-e1687784875432-768x676.jpg 768w, https:\/\/www.doeer.eu\/wp-content\/uploads\/2023\/06\/TPM2_group-e1687784875432.jpg 1200w\" sizes=\"auto, (max-width: 300px) 100vw, 300px\" \/><\/div><a class=\"wp-block-latest-posts__post-title\" href=\"https:\/\/www.doeer.eu\/ro\/the-doeer-second-project-meeting-in-cyprus\/\">A doua \u00eent\u00e2lnire a proiectului DOEER \u00een Cipru<\/a><div class=\"wp-block-latest-posts__post-excerpt\">Echipa de proiect s-a \u00eent\u00e2lnit din nou personal la Nicosia (Cipru)<\/div><\/li>\n<li><div class=\"wp-block-latest-posts__featured-image alignleft\"><img loading=\"lazy\" decoding=\"async\" width=\"300\" height=\"220\" src=\"https:\/\/www.doeer.eu\/wp-content\/uploads\/2023\/07\/definitions-cover-RO-300x220.png\" class=\"attachment-medium size-medium wp-post-image\" alt=\"\" style=\"max-width:100px;\" srcset=\"https:\/\/www.doeer.eu\/wp-content\/uploads\/2023\/07\/definitions-cover-RO-300x220.png 300w, https:\/\/www.doeer.eu\/wp-content\/uploads\/2023\/07\/definitions-cover-RO.png 360w\" sizes=\"auto, (max-width: 300px) 100vw, 300px\" \/><\/div><a class=\"wp-block-latest-posts__post-title\" href=\"https:\/\/www.doeer.eu\/ro\/the-doeer-definitions-of-equalities\/\">Defini\u021biile DOEER pentru egalit\u0103\u021bi<\/a><div class=\"wp-block-latest-posts__post-excerpt\">Proiectul DOEER a selectat \u0219i a descris anumite domenii \u00een care se aplic\u0103 Egalitatea<\/div><\/li>\n<li><div class=\"wp-block-latest-posts__featured-image alignleft\"><img loading=\"lazy\" decoding=\"async\" width=\"300\" height=\"70\" src=\"https:\/\/www.doeer.eu\/wp-content\/uploads\/2023\/04\/mosaic-3394372_1920-e1682087221809-300x70.jpg\" class=\"attachment-medium size-medium wp-post-image\" alt=\"\" style=\"max-width:100px;\" srcset=\"https:\/\/www.doeer.eu\/wp-content\/uploads\/2023\/04\/mosaic-3394372_1920-e1682087221809-300x70.jpg 300w, https:\/\/www.doeer.eu\/wp-content\/uploads\/2023\/04\/mosaic-3394372_1920-e1682087221809-768x180.jpg 768w, https:\/\/www.doeer.eu\/wp-content\/uploads\/2023\/04\/mosaic-3394372_1920-e1682087221809-1024x241.jpg 1024w, https:\/\/www.doeer.eu\/wp-content\/uploads\/2023\/04\/mosaic-3394372_1920-e1682087221809-1536x361.jpg 1536w, https:\/\/www.doeer.eu\/wp-content\/uploads\/2023\/04\/mosaic-3394372_1920-e1682087221809.jpg 1920w\" sizes=\"auto, (max-width: 300px) 100vw, 300px\" \/><\/div><a class=\"wp-block-latest-posts__post-title\" href=\"https:\/\/www.doeer.eu\/ro\/worst-and-best-practice-on-equality\/\">Cele mai proaste \u0219i cele mai bune practici \u00een materie de egalitate<\/a><div class=\"wp-block-latest-posts__post-excerpt\">Practicile selectate bazate pe egalitate \u00een sectorul educa\u021biei \u0219i al afacerilor, \u00een domeniile identificate ale egalit\u0103\u021bii, constituie  material de \u00eenv\u0103\u021bare<\/div><\/li>\n<li><div class=\"wp-block-latest-posts__featured-image alignleft\"><img loading=\"lazy\" decoding=\"async\" width=\"300\" height=\"209\" src=\"https:\/\/www.doeer.eu\/wp-content\/uploads\/2023\/06\/DOEER-NL1_RO_thumb-300x209.png\" class=\"attachment-medium size-medium wp-post-image\" alt=\"\" style=\"max-width:100px;\" srcset=\"https:\/\/www.doeer.eu\/wp-content\/uploads\/2023\/06\/DOEER-NL1_RO_thumb-300x209.png 300w, https:\/\/www.doeer.eu\/wp-content\/uploads\/2023\/06\/DOEER-NL1_RO_thumb-1024x713.png 1024w, https:\/\/www.doeer.eu\/wp-content\/uploads\/2023\/06\/DOEER-NL1_RO_thumb-768x535.png 768w, https:\/\/www.doeer.eu\/wp-content\/uploads\/2023\/06\/DOEER-NL1_RO_thumb.png 1270w\" sizes=\"auto, (max-width: 300px) 100vw, 300px\" \/><\/div><a class=\"wp-block-latest-posts__post-title\" href=\"https:\/\/www.doeer.eu\/ro\/doeer-newsletter-1\/\">Buletin informativ 1 DOEER <\/a><div class=\"wp-block-latest-posts__post-excerpt\">\u00cen acest num\u0103r: Obiectivele proiectului DOEER; Tipul de \u00eenv\u0103\u021bare propus de DOEER; Brandul DOEER; Prima \u00eent\u00e2lnire de proiect DOEER fa\u021b\u0103 \u00een fa\u021b\u0103 la Bucure\u0219ti; Consultarea grupurilor na\u021bionale de exper\u021bi\/consilieri din \u021b\u0103rile participante ale proiectului<\/div><\/li>\n<li><div class=\"wp-block-latest-posts__featured-image alignleft\"><img loading=\"lazy\" decoding=\"async\" width=\"300\" height=\"196\" src=\"https:\/\/www.doeer.eu\/wp-content\/uploads\/2023\/04\/DOEER-A_thumb1-300x196.png\" class=\"attachment-medium size-medium wp-post-image\" alt=\"\" style=\"max-width:100px;\" srcset=\"https:\/\/www.doeer.eu\/wp-content\/uploads\/2023\/04\/DOEER-A_thumb1-300x196.png 300w, https:\/\/www.doeer.eu\/wp-content\/uploads\/2023\/04\/DOEER-A_thumb1-1024x671.png 1024w, https:\/\/www.doeer.eu\/wp-content\/uploads\/2023\/04\/DOEER-A_thumb1-768x503.png 768w, https:\/\/www.doeer.eu\/wp-content\/uploads\/2023\/04\/DOEER-A_thumb1.png 1350w\" sizes=\"auto, (max-width: 300px) 100vw, 300px\" \/><\/div><a class=\"wp-block-latest-posts__post-title\" href=\"https:\/\/www.doeer.eu\/ro\/consultation-of-national-groups-of-experts-counsellors-in-each-project-country\/\">Consultarea grupurilor na\u021bionale de exper\u021bi\/consilieri din fiecare \u021bar\u0103 din proiect<\/a><div class=\"wp-block-latest-posts__post-excerpt\">Grupurile na\u021bionale de exper\u021bi\/consilieri din \u021b\u0103rile proiectului vor fi consultate cu privire la cele mai proaste\/bune practici care vor trebui selectate ca fiind relevante pentru principiile practicilor bazate pe egalitate \u00een sectorul educa\u021biei \u0219i al afacerilor<\/div><\/li>\n<li><div class=\"wp-block-latest-posts__featured-image alignleft\"><img loading=\"lazy\" decoding=\"async\" width=\"300\" height=\"70\" src=\"https:\/\/www.doeer.eu\/wp-content\/uploads\/2023\/04\/mosaic-3394372_1920-e1682087221809-300x70.jpg\" class=\"attachment-medium size-medium wp-post-image\" alt=\"\" style=\"max-width:100px;\" srcset=\"https:\/\/www.doeer.eu\/wp-content\/uploads\/2023\/04\/mosaic-3394372_1920-e1682087221809-300x70.jpg 300w, https:\/\/www.doeer.eu\/wp-content\/uploads\/2023\/04\/mosaic-3394372_1920-e1682087221809-768x180.jpg 768w, https:\/\/www.doeer.eu\/wp-content\/uploads\/2023\/04\/mosaic-3394372_1920-e1682087221809-1024x241.jpg 1024w, https:\/\/www.doeer.eu\/wp-content\/uploads\/2023\/04\/mosaic-3394372_1920-e1682087221809-1536x361.jpg 1536w, https:\/\/www.doeer.eu\/wp-content\/uploads\/2023\/04\/mosaic-3394372_1920-e1682087221809.jpg 1920w\" sizes=\"auto, (max-width: 300px) 100vw, 300px\" \/><\/div><a class=\"wp-block-latest-posts__post-title\" href=\"https:\/\/www.doeer.eu\/ro\/intercultural-equality\/\">Egalitatea intercultural\u0103<\/a><div class=\"wp-block-latest-posts__post-excerpt\">Egalitatea intercultural\u0103 se refer\u0103 la principiul tratamentului egal \u0219i al respectului pentru toate culturile \u0219i la recunoa\u0219terea diversit\u0103\u021bii tuturor practicilor \u0219i formelor de exprimare cultural\u0103<\/div><\/li>\n<li><div class=\"wp-block-latest-posts__featured-image alignleft\"><img loading=\"lazy\" decoding=\"async\" width=\"300\" height=\"70\" src=\"https:\/\/www.doeer.eu\/wp-content\/uploads\/2023\/04\/mosaic-3394372_1920-e1682087221809-300x70.jpg\" class=\"attachment-medium size-medium wp-post-image\" alt=\"\" style=\"max-width:100px;\" srcset=\"https:\/\/www.doeer.eu\/wp-content\/uploads\/2023\/04\/mosaic-3394372_1920-e1682087221809-300x70.jpg 300w, https:\/\/www.doeer.eu\/wp-content\/uploads\/2023\/04\/mosaic-3394372_1920-e1682087221809-768x180.jpg 768w, https:\/\/www.doeer.eu\/wp-content\/uploads\/2023\/04\/mosaic-3394372_1920-e1682087221809-1024x241.jpg 1024w, https:\/\/www.doeer.eu\/wp-content\/uploads\/2023\/04\/mosaic-3394372_1920-e1682087221809-1536x361.jpg 1536w, https:\/\/www.doeer.eu\/wp-content\/uploads\/2023\/04\/mosaic-3394372_1920-e1682087221809.jpg 1920w\" sizes=\"auto, (max-width: 300px) 100vw, 300px\" \/><\/div><a class=\"wp-block-latest-posts__post-title\" href=\"https:\/\/www.doeer.eu\/ro\/equality-in-opportunities-in-labour-market\/\">Egalitate de oportunit\u0103\u021bi pe pia\u021ba muncii<\/a><div class=\"wp-block-latest-posts__post-excerpt\">Egalitatea de oportunit\u0103\u021bi pe pia\u021ba muncii implic\u0103 lipsa oric\u0103ror bariere sistemice care s\u0103 \u00eempiedice persoanele s\u0103 aib\u0103 acces la un loc de munc\u0103 sau s\u0103 avanseze \u00een carier\u0103<\/div><\/li>\n<li><div class=\"wp-block-latest-posts__featured-image alignleft\"><img loading=\"lazy\" decoding=\"async\" width=\"300\" height=\"70\" src=\"https:\/\/www.doeer.eu\/wp-content\/uploads\/2023\/04\/mosaic-3394372_1920-e1682087221809-300x70.jpg\" class=\"attachment-medium size-medium wp-post-image\" alt=\"\" style=\"max-width:100px;\" srcset=\"https:\/\/www.doeer.eu\/wp-content\/uploads\/2023\/04\/mosaic-3394372_1920-e1682087221809-300x70.jpg 300w, https:\/\/www.doeer.eu\/wp-content\/uploads\/2023\/04\/mosaic-3394372_1920-e1682087221809-768x180.jpg 768w, https:\/\/www.doeer.eu\/wp-content\/uploads\/2023\/04\/mosaic-3394372_1920-e1682087221809-1024x241.jpg 1024w, https:\/\/www.doeer.eu\/wp-content\/uploads\/2023\/04\/mosaic-3394372_1920-e1682087221809-1536x361.jpg 1536w, https:\/\/www.doeer.eu\/wp-content\/uploads\/2023\/04\/mosaic-3394372_1920-e1682087221809.jpg 1920w\" sizes=\"auto, (max-width: 300px) 100vw, 300px\" \/><\/div><a class=\"wp-block-latest-posts__post-title\" href=\"https:\/\/www.doeer.eu\/ro\/economic-equality\/\">Egalitatea economic\u0103<\/a><div class=\"wp-block-latest-posts__post-excerpt\">Egalitatea economic\u0103 se refer\u0103 la principiul accesului egal la resurse economice, oportunit\u0103\u021bi \u0219i recompense pentru to\u021bi indivizii dintr-o societate<\/div><\/li>\n<li><div class=\"wp-block-latest-posts__featured-image alignleft\"><img loading=\"lazy\" decoding=\"async\" width=\"300\" height=\"70\" src=\"https:\/\/www.doeer.eu\/wp-content\/uploads\/2023\/04\/mosaic-3394372_1920-e1682087221809-300x70.jpg\" class=\"attachment-medium size-medium wp-post-image\" alt=\"\" style=\"max-width:100px;\" srcset=\"https:\/\/www.doeer.eu\/wp-content\/uploads\/2023\/04\/mosaic-3394372_1920-e1682087221809-300x70.jpg 300w, https:\/\/www.doeer.eu\/wp-content\/uploads\/2023\/04\/mosaic-3394372_1920-e1682087221809-768x180.jpg 768w, https:\/\/www.doeer.eu\/wp-content\/uploads\/2023\/04\/mosaic-3394372_1920-e1682087221809-1024x241.jpg 1024w, https:\/\/www.doeer.eu\/wp-content\/uploads\/2023\/04\/mosaic-3394372_1920-e1682087221809-1536x361.jpg 1536w, https:\/\/www.doeer.eu\/wp-content\/uploads\/2023\/04\/mosaic-3394372_1920-e1682087221809.jpg 1920w\" sizes=\"auto, (max-width: 300px) 100vw, 300px\" \/><\/div><a class=\"wp-block-latest-posts__post-title\" href=\"https:\/\/www.doeer.eu\/ro\/equality-for-persons-with-disabilities\/\">Egalitate pentru persoanele cu disabilit\u0103\u021bi<\/a><div class=\"wp-block-latest-posts__post-excerpt\">Egalitate pentru persoanele cu dizabilit\u0103\u021bi presupune ca persoanele cu dizabilit\u0103\u021bi s\u0103 aib\u0103 acelea\u0219i oportunit\u0103\u021bi, drepturi \u0219i acces la resurse precum persoanele f\u0103r\u0103 dizabilit\u0103\u021bi<\/div><\/li>\n<li><div class=\"wp-block-latest-posts__featured-image alignleft\"><img loading=\"lazy\" decoding=\"async\" width=\"300\" height=\"70\" src=\"https:\/\/www.doeer.eu\/wp-content\/uploads\/2023\/04\/mosaic-3394372_1920-e1682087221809-300x70.jpg\" class=\"attachment-medium size-medium wp-post-image\" alt=\"\" style=\"max-width:100px;\" srcset=\"https:\/\/www.doeer.eu\/wp-content\/uploads\/2023\/04\/mosaic-3394372_1920-e1682087221809-300x70.jpg 300w, https:\/\/www.doeer.eu\/wp-content\/uploads\/2023\/04\/mosaic-3394372_1920-e1682087221809-768x180.jpg 768w, https:\/\/www.doeer.eu\/wp-content\/uploads\/2023\/04\/mosaic-3394372_1920-e1682087221809-1024x241.jpg 1024w, https:\/\/www.doeer.eu\/wp-content\/uploads\/2023\/04\/mosaic-3394372_1920-e1682087221809-1536x361.jpg 1536w, https:\/\/www.doeer.eu\/wp-content\/uploads\/2023\/04\/mosaic-3394372_1920-e1682087221809.jpg 1920w\" sizes=\"auto, (max-width: 300px) 100vw, 300px\" \/><\/div><a class=\"wp-block-latest-posts__post-title\" href=\"https:\/\/www.doeer.eu\/ro\/social-equality\/\">Egalitatea social\u0103<\/a><div class=\"wp-block-latest-posts__post-excerpt\">Egalitatea social\u0103 se refer\u0103 la principiul egalit\u0103\u021bii de tratament \u0219i oportunit\u0103\u021bi pentru to\u021bi indivizii dintr-o societate, indiferent de mediul lor, statutul social sau alte tr\u0103s\u0103turi personale<\/div><\/li>\n<li><div class=\"wp-block-latest-posts__featured-image alignleft\"><img loading=\"lazy\" decoding=\"async\" width=\"300\" height=\"70\" src=\"https:\/\/www.doeer.eu\/wp-content\/uploads\/2023\/04\/mosaic-3394372_1920-e1682087221809-300x70.jpg\" class=\"attachment-medium size-medium wp-post-image\" alt=\"\" style=\"max-width:100px;\" srcset=\"https:\/\/www.doeer.eu\/wp-content\/uploads\/2023\/04\/mosaic-3394372_1920-e1682087221809-300x70.jpg 300w, https:\/\/www.doeer.eu\/wp-content\/uploads\/2023\/04\/mosaic-3394372_1920-e1682087221809-768x180.jpg 768w, https:\/\/www.doeer.eu\/wp-content\/uploads\/2023\/04\/mosaic-3394372_1920-e1682087221809-1024x241.jpg 1024w, https:\/\/www.doeer.eu\/wp-content\/uploads\/2023\/04\/mosaic-3394372_1920-e1682087221809-1536x361.jpg 1536w, https:\/\/www.doeer.eu\/wp-content\/uploads\/2023\/04\/mosaic-3394372_1920-e1682087221809.jpg 1920w\" sizes=\"auto, (max-width: 300px) 100vw, 300px\" \/><\/div><a class=\"wp-block-latest-posts__post-title\" href=\"https:\/\/www.doeer.eu\/ro\/gender-equality\/\">Egalitatea de gen<\/a><div class=\"wp-block-latest-posts__post-excerpt\">Egalitatea de gen se refer\u0103 la egalitatea \u00een drepturi, oportunit\u0103\u021bi \u0219i tratament al indivizilor, indiferent de genul lor<\/div><\/li>\n<li><div class=\"wp-block-latest-posts__featured-image alignleft\"><img loading=\"lazy\" decoding=\"async\" width=\"300\" height=\"113\" src=\"https:\/\/www.doeer.eu\/wp-content\/uploads\/2023\/04\/KoM-e1680780691169-300x113.png\" class=\"attachment-medium size-medium wp-post-image\" alt=\"KoM\" style=\"max-width:100px;\" srcset=\"https:\/\/www.doeer.eu\/wp-content\/uploads\/2023\/04\/KoM-e1680780691169-300x113.png 300w, https:\/\/www.doeer.eu\/wp-content\/uploads\/2023\/04\/KoM-e1680780691169-1024x384.png 1024w, https:\/\/www.doeer.eu\/wp-content\/uploads\/2023\/04\/KoM-e1680780691169-768x288.png 768w, https:\/\/www.doeer.eu\/wp-content\/uploads\/2023\/04\/KoM-e1680780691169.png 1300w\" sizes=\"auto, (max-width: 300px) 100vw, 300px\" \/><\/div><a class=\"wp-block-latest-posts__post-title\" href=\"https:\/\/www.doeer.eu\/ro\/first-project-meeting-in-bucharest\/\">Echipa DOEER a avut prima \u00eent\u00e2lnire de proiect la Bucure\u0219ti<\/a><div class=\"wp-block-latest-posts__post-excerpt\">Echipa de proiect a avut o prim\u0103 \u00eent\u00e2lnire online pentru a ini\u021bia toate activit\u0103\u021bile \u0219i s-a \u00eent\u00e2lnit personal \u00een Rom\u00e2nia la \u00eenceputul lunii octombrie 2022<\/div><\/li>\n<li><div class=\"wp-block-latest-posts__featured-image alignleft\"><img loading=\"lazy\" decoding=\"async\" width=\"300\" height=\"167\" src=\"https:\/\/www.doeer.eu\/wp-content\/uploads\/2023\/04\/Logo_VI-e1682243567277-300x167.png\" class=\"attachment-medium size-medium wp-post-image\" alt=\"\" style=\"max-width:100px;\" srcset=\"https:\/\/www.doeer.eu\/wp-content\/uploads\/2023\/04\/Logo_VI-e1682243567277-300x167.png 300w, https:\/\/www.doeer.eu\/wp-content\/uploads\/2023\/04\/Logo_VI-e1682243567277-768x428.png 768w, https:\/\/www.doeer.eu\/wp-content\/uploads\/2023\/04\/Logo_VI-e1682243567277.png 838w\" sizes=\"auto, (max-width: 300px) 100vw, 300px\" \/><\/div><a class=\"wp-block-latest-posts__post-title\" href=\"https:\/\/www.doeer.eu\/ro\/doeer-branding\/\">Marca DOEER<\/a><div class=\"wp-block-latest-posts__post-excerpt\">Toate rezultatele \u0219i rezultatele DOEER sunt destinate a fi utilizate \u00een mod liber. Logo-ul este componenta central\u0103 a identit\u0103\u021bii vizuale a proiectului \u0219i combin\u0103 diferite simboluri pentru a reprezenta domeniile DOEER<\/div><\/li>\n<\/ul>","protected":false},"excerpt":{"rendered":"","protected":false},"author":3,"featured_media":0,"parent":0,"menu_order":0,"comment_status":"closed","ping_status":"closed","template":"","meta":{"pgc_sgb_lightbox_settings":"","footnotes":""},"class_list":["post-398","page","type-page","status-publish","hentry"],"_links":{"self":[{"href":"https:\/\/www.doeer.eu\/ro\/wp-json\/wp\/v2\/pages\/398","targetHints":{"allow":["GET"]}}],"collection":[{"href":"https:\/\/www.doeer.eu\/ro\/wp-json\/wp\/v2\/pages"}],"about":[{"href":"https:\/\/www.doeer.eu\/ro\/wp-json\/wp\/v2\/types\/page"}],"author":[{"embeddable":true,"href":"https:\/\/www.doeer.eu\/ro\/wp-json\/wp\/v2\/users\/3"}],"replies":[{"embeddable":true,"href":"https:\/\/www.doeer.eu\/ro\/wp-json\/wp\/v2\/comments?post=398"}],"version-history":[{"count":15,"href":"https:\/\/www.doeer.eu\/ro\/wp-json\/wp\/v2\/pages\/398\/revisions"}],"predecessor-version":[{"id":1519,"href":"https:\/\/www.doeer.eu\/ro\/wp-json\/wp\/v2\/pages\/398\/revisions\/1519"}],"wp:attachment":[{"href":"https:\/\/www.doeer.eu\/ro\/wp-json\/wp\/v2\/media?parent=398"}],"curies":[{"name":"wp","href":"https:\/\/api.w.org\/{rel}","templated":true}]}}