{"id":393,"date":"2023-04-03T18:36:45","date_gmt":"2023-04-03T16:36:45","guid":{"rendered":"https:\/\/www.doeer.eu\/en\/?page_id=393"},"modified":"2025-11-07T09:46:11","modified_gmt":"2025-11-07T08:46:11","slug":"resources","status":"publish","type":"page","link":"https:\/\/www.doeer.eu\/ro\/resources\/","title":{"rendered":"Resurse"},"content":{"rendered":"\r\n<figure class=\"wp-block-image size-full\"><img decoding=\"async\" class=\"wp-image-556\" src=\"https:\/\/www.doeer.eu\/wp-content\/uploads\/2023\/04\/to-learn-4226965.jpg\" alt=\"\" \/><\/figure>\r\n\r\n\r\n\r\n<p>Conform obiectivelor generale \u0219i specifice ale DOEER, rezultatele finale ale proiectului vor produce diferite valori ad\u0103ugate.<br \/>\u00cen acest sens, <strong>cooperarea \u00eentre institu\u021biile de \u00eenv\u0103\u021b\u0103m\u00e2nt superior europene<\/strong> va consolida rolul institutelor de \u00eenv\u0103\u021b\u0103m\u00e2nt superior partenere \u00een construirea unei<strong> \u00eendrum\u0103ri, \u00een colaborare cu mediul de afaceri, a procesului egal <\/strong>care se a\u0219teapt\u0103 s\u0103 determine restartul \u0219i<strong> rezilien\u021ba \u00een \u021b\u0103rile din proiectul UE<\/strong>, care, pentru DOEER, va trebui s\u0103 fie dezvoltat centrat pe om, digital \u0219i orizontal pentru toate disciplinele. <br \/>Prin urmare, va fi esen\u021bial s\u0103 se pun\u0103 \u00een practic\u0103 confruntarea, discutarea \u0219i \u00eemp\u0103rt\u0103\u0219irea orient\u0103rii conceptuale la nivel transna\u021bional \u00een \u021b\u0103rile proiectului, pentru a crea un sistem eficient de rezultate bazat pe <strong>o \u00een\u021belegere comun\u0103 \u0219i bazat\u0103 pe via\u021ba real\u0103 a \u201eegalului\u201d.<\/strong><\/p>\r\n","protected":false},"excerpt":{"rendered":"<p>Conform obiectivelor generale \u0219i specifice ale DOEER, rezultatele finale ale proiectului vor produce diferite valori ad\u0103ugate.\u00cen acest sens, cooperarea \u00eentre institu\u021biile de \u00eenv\u0103\u021b\u0103m\u00e2nt superior europene va consolida rolul institutelor de \u00eenv\u0103\u021b\u0103m\u00e2nt superior partenere \u00een construirea unei \u00eendrum\u0103ri, \u00een colaborare cu mediul de afaceri, a procesului egal care se a\u0219teapt\u0103 s\u0103 determine restartul \u0219i rezilien\u021ba \u00een [&hellip;]<\/p>\n","protected":false},"author":3,"featured_media":0,"parent":0,"menu_order":0,"comment_status":"closed","ping_status":"closed","template":"","meta":{"pgc_sgb_lightbox_settings":"","footnotes":""},"class_list":["post-393","page","type-page","status-publish","hentry"],"_links":{"self":[{"href":"https:\/\/www.doeer.eu\/ro\/wp-json\/wp\/v2\/pages\/393","targetHints":{"allow":["GET"]}}],"collection":[{"href":"https:\/\/www.doeer.eu\/ro\/wp-json\/wp\/v2\/pages"}],"about":[{"href":"https:\/\/www.doeer.eu\/ro\/wp-json\/wp\/v2\/types\/page"}],"author":[{"embeddable":true,"href":"https:\/\/www.doeer.eu\/ro\/wp-json\/wp\/v2\/users\/3"}],"replies":[{"embeddable":true,"href":"https:\/\/www.doeer.eu\/ro\/wp-json\/wp\/v2\/comments?post=393"}],"version-history":[{"count":3,"href":"https:\/\/www.doeer.eu\/ro\/wp-json\/wp\/v2\/pages\/393\/revisions"}],"predecessor-version":[{"id":1552,"href":"https:\/\/www.doeer.eu\/ro\/wp-json\/wp\/v2\/pages\/393\/revisions\/1552"}],"wp:attachment":[{"href":"https:\/\/www.doeer.eu\/ro\/wp-json\/wp\/v2\/media?parent=393"}],"curies":[{"name":"wp","href":"https:\/\/api.w.org\/{rel}","templated":true}]}}