{"id":398,"date":"2023-02-03T18:52:24","date_gmt":"2023-02-03T17:52:24","guid":{"rendered":"https:\/\/www.doeer.eu\/en\/?page_id=398"},"modified":"2025-10-29T09:15:26","modified_gmt":"2025-10-29T08:15:26","slug":"news-2","status":"publish","type":"page","link":"https:\/\/www.doeer.eu\/it\/news-2\/","title":{"rendered":"Notizie"},"content":{"rendered":"<ul class=\"wp-block-latest-posts__list wp-block-latest-posts\"><li><div class=\"wp-block-latest-posts__featured-image alignleft\"><img loading=\"lazy\" decoding=\"async\" width=\"300\" height=\"209\" src=\"https:\/\/www.doeer.eu\/wp-content\/uploads\/2025\/08\/DOEER-NL5_EN_thumb-300x209.png\" class=\"attachment-medium size-medium wp-post-image\" alt=\"\" style=\"max-width:100px;\" srcset=\"https:\/\/www.doeer.eu\/wp-content\/uploads\/2025\/08\/DOEER-NL5_EN_thumb-300x209.png 300w, https:\/\/www.doeer.eu\/wp-content\/uploads\/2025\/08\/DOEER-NL5_EN_thumb-1024x713.png 1024w, https:\/\/www.doeer.eu\/wp-content\/uploads\/2025\/08\/DOEER-NL5_EN_thumb-768x535.png 768w, https:\/\/www.doeer.eu\/wp-content\/uploads\/2025\/08\/DOEER-NL5_EN_thumb.png 1270w\" sizes=\"auto, (max-width: 300px) 100vw, 300px\" \/><\/div><a class=\"wp-block-latest-posts__post-title\" href=\"https:\/\/www.doeer.eu\/it\/doeer-newsletter-5\/\">Newsletter DOEER 5<\/a><div class=\"wp-block-latest-posts__post-excerpt\">In questo numero: Risultati finali dell&#8217;iniziativa DOEER; Il meeting finale del progetto DOEER a Napoli: Gli eventi promozionali in tutti i paesi del progetto; Il feedback dei partecipanti all&#8217;attivit\u00e0 pilota; La conferenza internazionale finale in Italia; Iniziative future<\/div><\/li>\n<li><div class=\"wp-block-latest-posts__featured-image alignleft\"><img loading=\"lazy\" decoding=\"async\" width=\"227\" height=\"300\" src=\"https:\/\/www.doeer.eu\/wp-content\/uploads\/2025\/07\/Sustainability-227x300.png\" class=\"attachment-medium size-medium wp-post-image\" alt=\"\" style=\"max-width:100px;\" srcset=\"https:\/\/www.doeer.eu\/wp-content\/uploads\/2025\/07\/Sustainability-227x300.png 227w, https:\/\/www.doeer.eu\/wp-content\/uploads\/2025\/07\/Sustainability.png 662w\" sizes=\"auto, (max-width: 227px) 100vw, 227px\" \/><\/div><a class=\"wp-block-latest-posts__post-title\" href=\"https:\/\/www.doeer.eu\/it\/future-steps\/\">Iniziative future  <\/a><div class=\"wp-block-latest-posts__post-excerpt\">Al termine del progetto, il team DOEER ha definito le componenti del programma di sostenibilit\u00e0 nel documento  \u201cExtended Sustainability Programme &#8211; Strategical plan on the use of the results of the Erasmus+ project DOEER Digital and Open Education for equality-based resilience\u201d e ha creato il video \u201cWhat is DOOER?\u201d, ad uso dei partner nelle loro attivit\u00e0 di follow-up<\/div><\/li>\n<li><div class=\"wp-block-latest-posts__featured-image alignleft\"><img loading=\"lazy\" decoding=\"async\" width=\"206\" height=\"300\" src=\"https:\/\/www.doeer.eu\/wp-content\/uploads\/2025\/06\/DOEER-Poster-EN-Naples-206x300.png\" class=\"attachment-medium size-medium wp-post-image\" alt=\"\" style=\"max-width:100px;\" srcset=\"https:\/\/www.doeer.eu\/wp-content\/uploads\/2025\/06\/DOEER-Poster-EN-Naples-206x300.png 206w, https:\/\/www.doeer.eu\/wp-content\/uploads\/2025\/06\/DOEER-Poster-EN-Naples-704x1024.png 704w, https:\/\/www.doeer.eu\/wp-content\/uploads\/2025\/06\/DOEER-Poster-EN-Naples-768x1117.png 768w, https:\/\/www.doeer.eu\/wp-content\/uploads\/2025\/06\/DOEER-Poster-EN-Naples-1056x1536.png 1056w, https:\/\/www.doeer.eu\/wp-content\/uploads\/2025\/06\/DOEER-Poster-EN-Naples-1408x2048.png 1408w, https:\/\/www.doeer.eu\/wp-content\/uploads\/2025\/06\/DOEER-Poster-EN-Naples-scaled.png 1761w\" sizes=\"auto, (max-width: 206px) 100vw, 206px\" \/><\/div><a class=\"wp-block-latest-posts__post-title\" href=\"https:\/\/www.doeer.eu\/it\/the-final-international-conference-in-italy\/\">La conferenza internazionale finale in Italia<\/a><div class=\"wp-block-latest-posts__post-excerpt\">Il 20 giugno 2025, l&#8217;Universit\u00e0 Federico II di Napoli, coordinatore di DOEER, ha organizzato a Napoli la conferenza internazionale conclusiva del progetto<\/div><\/li>\n<li><div class=\"wp-block-latest-posts__featured-image alignleft\"><img loading=\"lazy\" decoding=\"async\" width=\"300\" height=\"133\" src=\"https:\/\/www.doeer.eu\/wp-content\/uploads\/2025\/06\/events-cover-300x133.png\" class=\"attachment-medium size-medium wp-post-image\" alt=\"\" style=\"max-width:100px;\" srcset=\"https:\/\/www.doeer.eu\/wp-content\/uploads\/2025\/06\/events-cover-300x133.png 300w, https:\/\/www.doeer.eu\/wp-content\/uploads\/2025\/06\/events-cover-1024x453.png 1024w, https:\/\/www.doeer.eu\/wp-content\/uploads\/2025\/06\/events-cover-768x339.png 768w, https:\/\/www.doeer.eu\/wp-content\/uploads\/2025\/06\/events-cover-1536x679.png 1536w, https:\/\/www.doeer.eu\/wp-content\/uploads\/2025\/06\/events-cover.png 1919w\" sizes=\"auto, (max-width: 300px) 100vw, 300px\" \/><\/div><a class=\"wp-block-latest-posts__post-title\" href=\"https:\/\/www.doeer.eu\/it\/the-promotion-events-in-all-projectcountries\/\">Gli eventi promozionali in tutti i paesi del progetto<\/a><div class=\"wp-block-latest-posts__post-excerpt\">Nel periodo aprile-giugno 2025, i risultati del DOEER sono stati presentati durante eventi promozionali nazionali organizzati in ciascun paese del progetto (Spagna, Romania, Slovacchia, Cipro, Slovenia) e, in Italia, durante la conferenza internazionale finale<\/div><\/li>\n<li><div class=\"wp-block-latest-posts__featured-image alignleft\"><img loading=\"lazy\" decoding=\"async\" width=\"300\" height=\"160\" src=\"https:\/\/www.doeer.eu\/wp-content\/uploads\/2025\/07\/Team-TPM-Naples-300x160.png\" class=\"attachment-medium size-medium wp-post-image\" alt=\"\" style=\"max-width:100px;\" srcset=\"https:\/\/www.doeer.eu\/wp-content\/uploads\/2025\/07\/Team-TPM-Naples-300x160.png 300w, https:\/\/www.doeer.eu\/wp-content\/uploads\/2025\/07\/Team-TPM-Naples-1024x546.png 1024w, https:\/\/www.doeer.eu\/wp-content\/uploads\/2025\/07\/Team-TPM-Naples-768x410.png 768w, https:\/\/www.doeer.eu\/wp-content\/uploads\/2025\/07\/Team-TPM-Naples-1536x820.png 1536w\" sizes=\"auto, (max-width: 300px) 100vw, 300px\" \/><\/div><a class=\"wp-block-latest-posts__post-title\" href=\"https:\/\/www.doeer.eu\/it\/the-doeer-final-project-meeting-innaples\/\">L&#8217;incontro finale del progetto DOEER a Napoli<\/a><div class=\"wp-block-latest-posts__post-excerpt\">I partner del progetto si sono incontrati a Napoli (Italia) per partecipare all&#8217;ultimo incontro di DOEER organizzato nelle date del 18 e 19 giugno dal coordinatore Universit\u00e0 di Napoli Federico II<\/div><\/li>\n<li><div class=\"wp-block-latest-posts__featured-image alignleft\"><img loading=\"lazy\" decoding=\"async\" width=\"300\" height=\"215\" src=\"https:\/\/www.doeer.eu\/wp-content\/uploads\/2025\/04\/DOEER_Events-300x215.jpg\" class=\"attachment-medium size-medium wp-post-image\" alt=\"\" style=\"max-width:100px;\" srcset=\"https:\/\/www.doeer.eu\/wp-content\/uploads\/2025\/04\/DOEER_Events-300x215.jpg 300w, https:\/\/www.doeer.eu\/wp-content\/uploads\/2025\/04\/DOEER_Events-1024x735.jpg 1024w, https:\/\/www.doeer.eu\/wp-content\/uploads\/2025\/04\/DOEER_Events-768x552.jpg 768w, https:\/\/www.doeer.eu\/wp-content\/uploads\/2025\/04\/DOEER_Events-1536x1103.jpg 1536w, https:\/\/www.doeer.eu\/wp-content\/uploads\/2025\/04\/DOEER_Events-2048x1471.jpg 2048w\" sizes=\"auto, (max-width: 300px) 100vw, 300px\" \/><\/div><a class=\"wp-block-latest-posts__post-title\" href=\"https:\/\/www.doeer.eu\/it\/the-doeer-events\/\">Gli eventi DOEER di presentazione dei risultati in tutti i paesi del progetto<\/a><div class=\"wp-block-latest-posts__post-excerpt\">Eventi nazionali di presentazione dei risultati di DOEER  sono programmati in tutti i paesi del progetto nel periodo aprile-giugno 2025<\/div><\/li>\n<li><div class=\"wp-block-latest-posts__featured-image alignleft\"><img loading=\"lazy\" decoding=\"async\" width=\"300\" height=\"138\" src=\"https:\/\/www.doeer.eu\/wp-content\/uploads\/2025\/04\/Results-thumb-300x138.png\" class=\"attachment-medium size-medium wp-post-image\" alt=\"\" style=\"max-width:100px;\" srcset=\"https:\/\/www.doeer.eu\/wp-content\/uploads\/2025\/04\/Results-thumb-300x138.png 300w, https:\/\/www.doeer.eu\/wp-content\/uploads\/2025\/04\/Results-thumb-1024x472.png 1024w, https:\/\/www.doeer.eu\/wp-content\/uploads\/2025\/04\/Results-thumb-768x354.png 768w, https:\/\/www.doeer.eu\/wp-content\/uploads\/2025\/04\/Results-thumb-1536x708.png 1536w, https:\/\/www.doeer.eu\/wp-content\/uploads\/2025\/04\/Results-thumb-2048x944.png 2048w\" sizes=\"auto, (max-width: 300px) 100vw, 300px\" \/><\/div><a class=\"wp-block-latest-posts__post-title\" href=\"https:\/\/www.doeer.eu\/it\/the-final-results-of-the-doeer-initiative\/\">Risultati finali dell&#8217;iniziativa DOEER<\/a><div class=\"wp-block-latest-posts__post-excerpt\">Secondo gli obiettivi generali e specifici del DOEER, i risultati finali del progetto producono diversi valori aggiunti, supportando un sistema educativo efficiente basato su una comprensione comune e basata sulla vita reale di &#8220;uguale&#8221;<\/div><\/li>\n<li><div class=\"wp-block-latest-posts__featured-image alignleft\"><img loading=\"lazy\" decoding=\"async\" width=\"300\" height=\"225\" src=\"https:\/\/www.doeer.eu\/wp-content\/uploads\/2025\/04\/Progetto-senza-titolo-1-300x225.png\" class=\"attachment-medium size-medium wp-post-image\" alt=\"Pilot with HE students\" style=\"max-width:100px;\" srcset=\"https:\/\/www.doeer.eu\/wp-content\/uploads\/2025\/04\/Progetto-senza-titolo-1-300x225.png 300w, https:\/\/www.doeer.eu\/wp-content\/uploads\/2025\/04\/Progetto-senza-titolo-1-1024x768.png 1024w, https:\/\/www.doeer.eu\/wp-content\/uploads\/2025\/04\/Progetto-senza-titolo-1-768x576.png 768w, https:\/\/www.doeer.eu\/wp-content\/uploads\/2025\/04\/Progetto-senza-titolo-1-1536x1152.png 1536w, https:\/\/www.doeer.eu\/wp-content\/uploads\/2025\/04\/Progetto-senza-titolo-1-2048x1536.png 2048w\" sizes=\"auto, (max-width: 300px) 100vw, 300px\" \/><\/div><a class=\"wp-block-latest-posts__post-title\" href=\"https:\/\/www.doeer.eu\/it\/the-feedback-of-the-participants-to-the-pilot-activity\/\">Le valutazioni dei partecipanti all\u2019attivit\u00e0 pilota<\/a><div class=\"wp-block-latest-posts__post-excerpt\">I 30 studenti dell&#8217;istruzione superiore provenienti da Italia, Spagna, Romania, Slovacchia, Cipro e Slovenia hanno valutato la loro esperienza di apprendimento al termine dell&#8217;attivit\u00e0 pilota a Lubiana<\/div><\/li>\n<li><div class=\"wp-block-latest-posts__featured-image alignleft\"><img loading=\"lazy\" decoding=\"async\" width=\"300\" height=\"225\" src=\"https:\/\/www.doeer.eu\/wp-content\/uploads\/2025\/04\/d669a12d-d6a3-409c-a578-5a3562d8938e-300x225.jpg\" class=\"attachment-medium size-medium wp-post-image\" alt=\"\" style=\"max-width:100px;\" srcset=\"https:\/\/www.doeer.eu\/wp-content\/uploads\/2025\/04\/d669a12d-d6a3-409c-a578-5a3562d8938e-300x225.jpg 300w, https:\/\/www.doeer.eu\/wp-content\/uploads\/2025\/04\/d669a12d-d6a3-409c-a578-5a3562d8938e-1024x768.jpg 1024w, https:\/\/www.doeer.eu\/wp-content\/uploads\/2025\/04\/d669a12d-d6a3-409c-a578-5a3562d8938e-768x576.jpg 768w, https:\/\/www.doeer.eu\/wp-content\/uploads\/2025\/04\/d669a12d-d6a3-409c-a578-5a3562d8938e-1536x1152.jpg 1536w, https:\/\/www.doeer.eu\/wp-content\/uploads\/2025\/04\/d669a12d-d6a3-409c-a578-5a3562d8938e.jpg 1600w\" sizes=\"auto, (max-width: 300px) 100vw, 300px\" \/><\/div><a class=\"wp-block-latest-posts__post-title\" href=\"https:\/\/www.doeer.eu\/it\/the-he-students-mobility-event-in-slovenia-to-pilot-the-doeer-online-course\/\">L\u2019evento di mobilit\u00e0 degli studenti dell\u2019istruzione superiore in Slovenia per testare il corso online DOEER<\/a><div class=\"wp-block-latest-posts__post-excerpt\">La mobilit\u00e0 degli studenti universitari organizzata a Lubiana per sperimentare congiuntamente il corso di uguaglianza DOEER e sperimentare il turismo inclusivo<\/div><\/li>\n<li><div class=\"wp-block-latest-posts__featured-image alignleft\"><img loading=\"lazy\" decoding=\"async\" width=\"300\" height=\"209\" src=\"https:\/\/www.doeer.eu\/wp-content\/uploads\/2024\/11\/DOEER-NL4-thumb-300x209.png\" class=\"attachment-medium size-medium wp-post-image\" alt=\"DOEER Newsletter 4\" style=\"max-width:100px;\" srcset=\"https:\/\/www.doeer.eu\/wp-content\/uploads\/2024\/11\/DOEER-NL4-thumb-300x209.png 300w, https:\/\/www.doeer.eu\/wp-content\/uploads\/2024\/11\/DOEER-NL4-thumb-1024x713.png 1024w, https:\/\/www.doeer.eu\/wp-content\/uploads\/2024\/11\/DOEER-NL4-thumb-768x535.png 768w, https:\/\/www.doeer.eu\/wp-content\/uploads\/2024\/11\/DOEER-NL4-thumb.png 1270w\" sizes=\"auto, (max-width: 300px) 100vw, 300px\" \/><\/div><a class=\"wp-block-latest-posts__post-title\" href=\"https:\/\/www.doeer.eu\/it\/doeer-newsletter-4\/\">Newsletter DOEER 4<\/a><div class=\"wp-block-latest-posts__post-excerpt\">In questo numero: Come utilizzare l\u2019apprendimento multilingue di DOEER; Valutazione dei partecipanti all\u2019evento formativo in Spagna L\u2019apprendimento pilota per gli studenti universitari di tutti i Paesi del progetto; Il quarto incontro del progetto DOEER a Siviglia<\/div><\/li>\n<li><div class=\"wp-block-latest-posts__featured-image alignleft\"><img loading=\"lazy\" decoding=\"async\" width=\"300\" height=\"225\" src=\"https:\/\/www.doeer.eu\/wp-content\/uploads\/2024\/11\/20241022_120322-300x225.jpg\" class=\"attachment-medium size-medium wp-post-image\" alt=\"\" style=\"max-width:100px;\" srcset=\"https:\/\/www.doeer.eu\/wp-content\/uploads\/2024\/11\/20241022_120322-300x225.jpg 300w, https:\/\/www.doeer.eu\/wp-content\/uploads\/2024\/11\/20241022_120322-1024x768.jpg 1024w, https:\/\/www.doeer.eu\/wp-content\/uploads\/2024\/11\/20241022_120322-768x576.jpg 768w, https:\/\/www.doeer.eu\/wp-content\/uploads\/2024\/11\/20241022_120322-1536x1152.jpg 1536w, https:\/\/www.doeer.eu\/wp-content\/uploads\/2024\/11\/20241022_120322-2048x1536.jpg 2048w\" sizes=\"auto, (max-width: 300px) 100vw, 300px\" \/><\/div><a class=\"wp-block-latest-posts__post-title\" href=\"https:\/\/www.doeer.eu\/it\/the-doeer-fourth-project-meeting-in-seville\/\">Il quarto incontro del progetto DOEER a Siviglia<\/a><div class=\"wp-block-latest-posts__post-excerpt\">Il team DOEER si \u00e8 riunito in Spagna in presenza per la quarta volta<\/div><\/li>\n<li><div class=\"wp-block-latest-posts__featured-image alignleft\"><img loading=\"lazy\" decoding=\"async\" width=\"300\" height=\"225\" src=\"https:\/\/www.doeer.eu\/wp-content\/uploads\/2024\/11\/IMG-20241022-WA0017-300x225.jpg\" class=\"attachment-medium size-medium wp-post-image\" alt=\"\" style=\"max-width:100px;\" srcset=\"https:\/\/www.doeer.eu\/wp-content\/uploads\/2024\/11\/IMG-20241022-WA0017-300x225.jpg 300w, https:\/\/www.doeer.eu\/wp-content\/uploads\/2024\/11\/IMG-20241022-WA0017-1024x768.jpg 1024w, https:\/\/www.doeer.eu\/wp-content\/uploads\/2024\/11\/IMG-20241022-WA0017-768x576.jpg 768w, https:\/\/www.doeer.eu\/wp-content\/uploads\/2024\/11\/IMG-20241022-WA0017-1536x1152.jpg 1536w, https:\/\/www.doeer.eu\/wp-content\/uploads\/2024\/11\/IMG-20241022-WA0017.jpg 1600w\" sizes=\"auto, (max-width: 300px) 100vw, 300px\" \/><\/div><a class=\"wp-block-latest-posts__post-title\" href=\"https:\/\/www.doeer.eu\/it\/the-pilot-learning-for-the-university-students-from-all-project-countries\/\">L&#8217;apprendimento pilota per gli studenti universitari in tutti i paesi del progetto<\/a><div class=\"wp-block-latest-posts__post-excerpt\">Programma dell&#8217;apprendimento pilota per gli studenti delle universit\u00e0 del progetto, che si svolger\u00e0 nel primo trimestre del 2025<\/div><\/li>\n<li><div class=\"wp-block-latest-posts__featured-image alignleft\"><img loading=\"lazy\" decoding=\"async\" width=\"300\" height=\"274\" src=\"https:\/\/www.doeer.eu\/wp-content\/uploads\/2024\/11\/LTTA3-scaled-e1732658567692-300x274.jpg\" class=\"attachment-medium size-medium wp-post-image\" alt=\"\" style=\"max-width:100px;\" srcset=\"https:\/\/www.doeer.eu\/wp-content\/uploads\/2024\/11\/LTTA3-scaled-e1732658567692-300x274.jpg 300w, https:\/\/www.doeer.eu\/wp-content\/uploads\/2024\/11\/LTTA3-scaled-e1732658567692-1024x935.jpg 1024w, https:\/\/www.doeer.eu\/wp-content\/uploads\/2024\/11\/LTTA3-scaled-e1732658567692-768x701.jpg 768w, https:\/\/www.doeer.eu\/wp-content\/uploads\/2024\/11\/LTTA3-scaled-e1732658567692.jpg 1529w\" sizes=\"auto, (max-width: 300px) 100vw, 300px\" \/><\/div><a class=\"wp-block-latest-posts__post-title\" href=\"https:\/\/www.doeer.eu\/it\/attendees-evaluation-of-the-training-event-in-spain\/\">Valutazione dei partecipanti all&#8217;evento formativo in Spagna<\/a><div class=\"wp-block-latest-posts__post-excerpt\">Commenti dei 20 partecipanti delle organizzazioni partner che hanno partecipato alla formazione a Siviglia,  in Spagna<\/div><\/li>\n<li><div class=\"wp-block-latest-posts__featured-image alignleft\"><img loading=\"lazy\" decoding=\"async\" width=\"300\" height=\"166\" src=\"https:\/\/www.doeer.eu\/wp-content\/uploads\/2024\/11\/Pictogram-300x166.png\" class=\"attachment-medium size-medium wp-post-image\" alt=\"\" style=\"max-width:100px;\" srcset=\"https:\/\/www.doeer.eu\/wp-content\/uploads\/2024\/11\/Pictogram-300x166.png 300w, https:\/\/www.doeer.eu\/wp-content\/uploads\/2024\/11\/Pictogram-1024x565.png 1024w, https:\/\/www.doeer.eu\/wp-content\/uploads\/2024\/11\/Pictogram-768x424.png 768w, https:\/\/www.doeer.eu\/wp-content\/uploads\/2024\/11\/Pictogram-1536x847.png 1536w, https:\/\/www.doeer.eu\/wp-content\/uploads\/2024\/11\/Pictogram.png 1800w\" sizes=\"auto, (max-width: 300px) 100vw, 300px\" \/><\/div><a class=\"wp-block-latest-posts__post-title\" href=\"https:\/\/www.doeer.eu\/it\/how-to-use-the-multilingual-doeer-learning\/\">Come utilizzare l&#8217;apprendimento multilingue di DOEER<\/a><div class=\"wp-block-latest-posts__post-excerpt\">Come utilizzare il \u201cCorso DOEER sulle pratiche basate sull&#8217;uguaglianza nel turismo\u201d, disponibile online ad accesso gratuito per gli studenti dell&#8217;istruzione superiore e gli stakeholder, in tutte le lingue del progetto<\/div><\/li>\n<li><div class=\"wp-block-latest-posts__featured-image alignleft\"><img loading=\"lazy\" decoding=\"async\" width=\"300\" height=\"209\" src=\"https:\/\/www.doeer.eu\/wp-content\/uploads\/2024\/04\/DOEER-NL3_thumb-300x209.png\" class=\"attachment-medium size-medium wp-post-image\" alt=\"\" style=\"max-width:100px;\" srcset=\"https:\/\/www.doeer.eu\/wp-content\/uploads\/2024\/04\/DOEER-NL3_thumb-300x209.png 300w, https:\/\/www.doeer.eu\/wp-content\/uploads\/2024\/04\/DOEER-NL3_thumb-1024x713.png 1024w, https:\/\/www.doeer.eu\/wp-content\/uploads\/2024\/04\/DOEER-NL3_thumb-768x535.png 768w, https:\/\/www.doeer.eu\/wp-content\/uploads\/2024\/04\/DOEER-NL3_thumb.png 1270w\" sizes=\"auto, (max-width: 300px) 100vw, 300px\" \/><\/div><a class=\"wp-block-latest-posts__post-title\" href=\"https:\/\/www.doeer.eu\/it\/doeer-newsletter-3\/\">Newsletter DOEER 3<\/a><div class=\"wp-block-latest-posts__post-excerpt\">In questo numero: Il MOOC DOEER; Il terzo incontro del progetto DOEER a Lubiana; L\u2019evento di formazione dello staff del progetto in Spagna; Il programma DOEER per il pilotaggio dell\u2019apprendimento\r\n<\/div><\/li>\n<li><div class=\"wp-block-latest-posts__featured-image alignleft\"><img loading=\"lazy\" decoding=\"async\" width=\"300\" height=\"200\" src=\"https:\/\/www.doeer.eu\/wp-content\/uploads\/2024\/04\/persone-300x200.jpg\" class=\"attachment-medium size-medium wp-post-image\" alt=\"\" style=\"max-width:100px;\" srcset=\"https:\/\/www.doeer.eu\/wp-content\/uploads\/2024\/04\/persone-300x200.jpg 300w, https:\/\/www.doeer.eu\/wp-content\/uploads\/2024\/04\/persone-1024x683.jpg 1024w, https:\/\/www.doeer.eu\/wp-content\/uploads\/2024\/04\/persone-768x512.jpg 768w, https:\/\/www.doeer.eu\/wp-content\/uploads\/2024\/04\/persone-1536x1024.jpg 1536w\" sizes=\"auto, (max-width: 300px) 100vw, 300px\" \/><\/div><a class=\"wp-block-latest-posts__post-title\" href=\"https:\/\/www.doeer.eu\/it\/the-doeer-programme-of-pilot-learning\/\">Il programma DOEER per il pilotaggio dell\u2019apprendimento<\/a><div class=\"wp-block-latest-posts__post-excerpt\">Il gruppo di lavoro del progetto sta preparando il programma di apprendimento pilota per gli studenti previsto nei primi mesi del 2025<\/div><\/li>\n<li><div class=\"wp-block-latest-posts__featured-image alignleft\"><img loading=\"lazy\" decoding=\"async\" width=\"300\" height=\"165\" src=\"https:\/\/www.doeer.eu\/wp-content\/uploads\/2024\/04\/camara-300x165.png\" class=\"attachment-medium size-medium wp-post-image\" alt=\"\" style=\"max-width:100px;\" srcset=\"https:\/\/www.doeer.eu\/wp-content\/uploads\/2024\/04\/camara-300x165.png 300w, https:\/\/www.doeer.eu\/wp-content\/uploads\/2024\/04\/camara.png 761w\" sizes=\"auto, (max-width: 300px) 100vw, 300px\" \/><\/div><a class=\"wp-block-latest-posts__post-title\" href=\"https:\/\/www.doeer.eu\/it\/the-doeer-project-staff-training-event-in-spain\/\">L\u2019evento di formazione dello staff del progetto in Spagna<\/a><div class=\"wp-block-latest-posts__post-excerpt\">Il team DOEER sta organizzando le attivit\u00e0 di formazione per lo staff che si svolger\u00e0 in Spagna nell\u2019ottobre 2024<\/div><\/li>\n<li><div class=\"wp-block-latest-posts__featured-image alignleft\"><img loading=\"lazy\" decoding=\"async\" width=\"300\" height=\"209\" src=\"https:\/\/www.doeer.eu\/wp-content\/uploads\/2024\/04\/DOEE_course-300x209.png\" class=\"attachment-medium size-medium wp-post-image\" alt=\"\" style=\"max-width:100px;\" srcset=\"https:\/\/www.doeer.eu\/wp-content\/uploads\/2024\/04\/DOEE_course-300x209.png 300w, https:\/\/www.doeer.eu\/wp-content\/uploads\/2024\/04\/DOEE_course-1024x713.png 1024w, https:\/\/www.doeer.eu\/wp-content\/uploads\/2024\/04\/DOEE_course-768x535.png 768w, https:\/\/www.doeer.eu\/wp-content\/uploads\/2024\/04\/DOEE_course.png 1270w\" sizes=\"auto, (max-width: 300px) 100vw, 300px\" \/><\/div><a class=\"wp-block-latest-posts__post-title\" href=\"https:\/\/www.doeer.eu\/it\/the-doeer-mooc\/\">Il MOOC DOEER<\/a><div class=\"wp-block-latest-posts__post-excerpt\">Il corso online a libero accesso sulle pratiche basate sull\u2019uguaglianza \u00e8 il prodotto principale  del progetto DOEER<\/div><\/li>\n<li><div class=\"wp-block-latest-posts__featured-image alignleft\"><img loading=\"lazy\" decoding=\"async\" width=\"300\" height=\"213\" src=\"https:\/\/www.doeer.eu\/wp-content\/uploads\/2024\/04\/TPM3_group-1.png\" class=\"attachment-medium size-medium wp-post-image\" alt=\"\" style=\"max-width:100px;\" \/><\/div><a class=\"wp-block-latest-posts__post-title\" href=\"https:\/\/www.doeer.eu\/it\/the-doeer-third-project-meeting-in-ljubljana\/\">Il terzo incontro del progetto DOEER a Lubiana<\/a><div class=\"wp-block-latest-posts__post-excerpt\">Organizzato a Lubiana dal partner sloveno Zavod Novi Turizem, questo incontro ha offerto a tutti i partner l\u2019opportunit\u00e0 di valutare i risultati raggiunti e di programmare i prossimi passi da compiere<\/div><\/li>\n<li><div class=\"wp-block-latest-posts__featured-image alignleft\"><img loading=\"lazy\" decoding=\"async\" width=\"300\" height=\"209\" src=\"https:\/\/www.doeer.eu\/wp-content\/uploads\/2023\/07\/DOEER-NL2_thumb-1-300x209.png\" class=\"attachment-medium size-medium wp-post-image\" alt=\"\" style=\"max-width:100px;\" srcset=\"https:\/\/www.doeer.eu\/wp-content\/uploads\/2023\/07\/DOEER-NL2_thumb-1-300x209.png 300w, https:\/\/www.doeer.eu\/wp-content\/uploads\/2023\/07\/DOEER-NL2_thumb-1-1024x713.png 1024w, https:\/\/www.doeer.eu\/wp-content\/uploads\/2023\/07\/DOEER-NL2_thumb-1-768x535.png 768w, https:\/\/www.doeer.eu\/wp-content\/uploads\/2023\/07\/DOEER-NL2_thumb-1.png 1270w\" sizes=\"auto, (max-width: 300px) 100vw, 300px\" \/><\/div><a class=\"wp-block-latest-posts__post-title\" href=\"https:\/\/www.doeer.eu\/it\/doeer-newsletter-2\/\">Newsletter DOEER 2<\/a><div class=\"wp-block-latest-posts__post-excerpt\">In questo numero: Linee guida di qualit\u00e0 per le competenze digitali e pedagogiche per l\u2019alta formazione sull\u2019uguaglianza; Le definizioni di uguaglianza di DOEER; Cattive e buone pratiche sull\u2019uguaglianza; Il secondo incontro del progetto DOEER a Cipro; Il framework DOEER<\/div><\/li>\n<li><div class=\"wp-block-latest-posts__featured-image alignleft\"><img loading=\"lazy\" decoding=\"async\" width=\"212\" height=\"300\" src=\"https:\/\/www.doeer.eu\/wp-content\/uploads\/2024\/04\/Guidelines_IT_cover-212x300.jpg\" class=\"attachment-medium size-medium wp-post-image\" alt=\"\" style=\"max-width:100px;\" srcset=\"https:\/\/www.doeer.eu\/wp-content\/uploads\/2024\/04\/Guidelines_IT_cover-212x300.jpg 212w, https:\/\/www.doeer.eu\/wp-content\/uploads\/2024\/04\/Guidelines_IT_cover-724x1024.jpg 724w, https:\/\/www.doeer.eu\/wp-content\/uploads\/2024\/04\/Guidelines_IT_cover-768x1086.jpg 768w, https:\/\/www.doeer.eu\/wp-content\/uploads\/2024\/04\/Guidelines_IT_cover-1086x1536.jpg 1086w, https:\/\/www.doeer.eu\/wp-content\/uploads\/2024\/04\/Guidelines_IT_cover-1448x2048.jpg 1448w, https:\/\/www.doeer.eu\/wp-content\/uploads\/2024\/04\/Guidelines_IT_cover-scaled.jpg 1810w\" sizes=\"auto, (max-width: 212px) 100vw, 212px\" \/><\/div><a class=\"wp-block-latest-posts__post-title\" href=\"https:\/\/www.doeer.eu\/it\/quality-guidelines-for-he-digital-and-pedagogical-competencies-on-equality\/\">Linee guida di qualit\u00e0 per le competenze digitali e pedagogiche per l\u2019alta formazione sull\u2019uguaglianza<\/a><div class=\"wp-block-latest-posts__post-excerpt\">Lo studio ad accesso libero \u2018Linee guida di qualit\u00e0 per le competenze digitali e pedagogiche per l\u2019alta formazione sull\u2019uguaglianza\u2019 presenta l&#8217;analisi dei risultati della consultazione di gruppi nazionali di esperti sulle pratiche basate sulla qualit\u00e0 nel settore dell&#8217;istruzione e delle imprese<\/div><\/li>\n<li><div class=\"wp-block-latest-posts__featured-image alignleft\"><img loading=\"lazy\" decoding=\"async\" width=\"300\" height=\"267\" src=\"https:\/\/www.doeer.eu\/wp-content\/uploads\/2023\/07\/DOEER-Framework-IT-300x267.png\" class=\"attachment-medium size-medium wp-post-image\" alt=\"\" style=\"max-width:100px;\" srcset=\"https:\/\/www.doeer.eu\/wp-content\/uploads\/2023\/07\/DOEER-Framework-IT-300x267.png 300w, https:\/\/www.doeer.eu\/wp-content\/uploads\/2023\/07\/DOEER-Framework-IT-768x684.png 768w, https:\/\/www.doeer.eu\/wp-content\/uploads\/2023\/07\/DOEER-Framework-IT.png 846w\" sizes=\"auto, (max-width: 300px) 100vw, 300px\" \/><\/div><a class=\"wp-block-latest-posts__post-title\" href=\"https:\/\/www.doeer.eu\/it\/the-doeer-framework\/\">Il framework DOEER<\/a><div class=\"wp-block-latest-posts__post-excerpt\">Il Progetto DOEER ha creato un framework specifico per raggiungere le competenze sulle pratiche basate sull\u2019uguaglianza<\/div><\/li>\n<li><div class=\"wp-block-latest-posts__featured-image alignleft\"><img loading=\"lazy\" decoding=\"async\" width=\"300\" height=\"264\" src=\"https:\/\/www.doeer.eu\/wp-content\/uploads\/2023\/06\/TPM2_group-e1687784875432-300x264.jpg\" class=\"attachment-medium size-medium wp-post-image\" alt=\"\" style=\"max-width:100px;\" srcset=\"https:\/\/www.doeer.eu\/wp-content\/uploads\/2023\/06\/TPM2_group-e1687784875432-300x264.jpg 300w, https:\/\/www.doeer.eu\/wp-content\/uploads\/2023\/06\/TPM2_group-e1687784875432-1024x901.jpg 1024w, https:\/\/www.doeer.eu\/wp-content\/uploads\/2023\/06\/TPM2_group-e1687784875432-768x676.jpg 768w, https:\/\/www.doeer.eu\/wp-content\/uploads\/2023\/06\/TPM2_group-e1687784875432.jpg 1200w\" sizes=\"auto, (max-width: 300px) 100vw, 300px\" \/><\/div><a class=\"wp-block-latest-posts__post-title\" href=\"https:\/\/www.doeer.eu\/it\/the-doeer-second-project-meeting-in-cyprus\/\">Il secondo incontro del progetto a Cipro<\/a><div class=\"wp-block-latest-posts__post-excerpt\">Il team del progetto si \u00e8 nuovamente incontrato dal vivo a Nicosia (Cipro)<\/div><\/li>\n<li><div class=\"wp-block-latest-posts__featured-image alignleft\"><img loading=\"lazy\" decoding=\"async\" width=\"300\" height=\"220\" src=\"https:\/\/www.doeer.eu\/wp-content\/uploads\/2023\/07\/definitions-cover-IT-300x220.png\" class=\"attachment-medium size-medium wp-post-image\" alt=\"\" style=\"max-width:100px;\" srcset=\"https:\/\/www.doeer.eu\/wp-content\/uploads\/2023\/07\/definitions-cover-IT-300x220.png 300w, https:\/\/www.doeer.eu\/wp-content\/uploads\/2023\/07\/definitions-cover-IT.png 360w\" sizes=\"auto, (max-width: 300px) 100vw, 300px\" \/><\/div><a class=\"wp-block-latest-posts__post-title\" href=\"https:\/\/www.doeer.eu\/it\/the-doeer-definitions-of-equalities\/\">Le definizioni di uguaglianza di DOEER<\/a><div class=\"wp-block-latest-posts__post-excerpt\">Il Progetto DOEER ha selezionato e descritto specifiche dimensioni dell\u2019Uguaglianza<\/div><\/li>\n<li><div class=\"wp-block-latest-posts__featured-image alignleft\"><img loading=\"lazy\" decoding=\"async\" width=\"300\" height=\"70\" src=\"https:\/\/www.doeer.eu\/wp-content\/uploads\/2023\/04\/mosaic-3394372_1920-e1682087221809-300x70.jpg\" class=\"attachment-medium size-medium wp-post-image\" alt=\"\" style=\"max-width:100px;\" srcset=\"https:\/\/www.doeer.eu\/wp-content\/uploads\/2023\/04\/mosaic-3394372_1920-e1682087221809-300x70.jpg 300w, https:\/\/www.doeer.eu\/wp-content\/uploads\/2023\/04\/mosaic-3394372_1920-e1682087221809-768x180.jpg 768w, https:\/\/www.doeer.eu\/wp-content\/uploads\/2023\/04\/mosaic-3394372_1920-e1682087221809-1024x241.jpg 1024w, https:\/\/www.doeer.eu\/wp-content\/uploads\/2023\/04\/mosaic-3394372_1920-e1682087221809-1536x361.jpg 1536w, https:\/\/www.doeer.eu\/wp-content\/uploads\/2023\/04\/mosaic-3394372_1920-e1682087221809.jpg 1920w\" sizes=\"auto, (max-width: 300px) 100vw, 300px\" \/><\/div><a class=\"wp-block-latest-posts__post-title\" href=\"https:\/\/www.doeer.eu\/it\/worst-and-best-practice-on-equality\/\">Cattive e buone pratiche sull\u2019Uguaglianza<\/a><div class=\"wp-block-latest-posts__post-excerpt\">Alcune selezionate pratiche basate sull&#8217;uguaglianza nel settore dell&#8217;istruzione e delle imprese, nelle dimensioni dell\u2019uguaglianza identificate, sono fornite come materiale di apprendimento<\/div><\/li>\n<li><div class=\"wp-block-latest-posts__featured-image alignleft\"><img loading=\"lazy\" decoding=\"async\" width=\"300\" height=\"209\" src=\"https:\/\/www.doeer.eu\/wp-content\/uploads\/2023\/04\/DOEER-NL1_thumb-300x209.png\" class=\"attachment-medium size-medium wp-post-image\" alt=\"\" style=\"max-width:100px;\" srcset=\"https:\/\/www.doeer.eu\/wp-content\/uploads\/2023\/04\/DOEER-NL1_thumb-300x209.png 300w, https:\/\/www.doeer.eu\/wp-content\/uploads\/2023\/04\/DOEER-NL1_thumb-1024x713.png 1024w, https:\/\/www.doeer.eu\/wp-content\/uploads\/2023\/04\/DOEER-NL1_thumb-768x535.png 768w, https:\/\/www.doeer.eu\/wp-content\/uploads\/2023\/04\/DOEER-NL1_thumb.png 1270w\" sizes=\"auto, (max-width: 300px) 100vw, 300px\" \/><\/div><a class=\"wp-block-latest-posts__post-title\" href=\"https:\/\/www.doeer.eu\/it\/doeer-newsletter-1\/\">Newsletter DOEER 1<\/a><div class=\"wp-block-latest-posts__post-excerpt\">In questo numero: Gli obiettivi del progetto DOEER; La proposta di apprendimento di DOEER; Il branding DOEER; Il primo incontro in presenza del progetto DOEER a Bucarest; Consultazione dei gruppi nazionali di esperti\/consulenti nei Paesi del progetto<\/div><\/li>\n<li><div class=\"wp-block-latest-posts__featured-image alignleft\"><img loading=\"lazy\" decoding=\"async\" width=\"300\" height=\"196\" src=\"https:\/\/www.doeer.eu\/wp-content\/uploads\/2023\/04\/DOEER-A_thumb1-300x196.png\" class=\"attachment-medium size-medium wp-post-image\" alt=\"\" style=\"max-width:100px;\" srcset=\"https:\/\/www.doeer.eu\/wp-content\/uploads\/2023\/04\/DOEER-A_thumb1-300x196.png 300w, https:\/\/www.doeer.eu\/wp-content\/uploads\/2023\/04\/DOEER-A_thumb1-1024x671.png 1024w, https:\/\/www.doeer.eu\/wp-content\/uploads\/2023\/04\/DOEER-A_thumb1-768x503.png 768w, https:\/\/www.doeer.eu\/wp-content\/uploads\/2023\/04\/DOEER-A_thumb1.png 1350w\" sizes=\"auto, (max-width: 300px) 100vw, 300px\" \/><\/div><a class=\"wp-block-latest-posts__post-title\" href=\"https:\/\/www.doeer.eu\/it\/consultation-of-national-groups-of-experts-counsellors-in-each-project-country\/\">Consultazione di gruppi nazionali di esperti\/consulenti nei paesi del progetto<\/a><div class=\"wp-block-latest-posts__post-excerpt\">Gruppi nazionali di esperti\/consulenti nei paesi del progetto saranno consultati su quali siano le peggiori\/migliori pratiche da selezionare come rilevanti per i principi delle pratiche basate sull&#8217;uguaglianza nel settore dell&#8217;istruzione e delle imprese<\/div><\/li>\n<li><div class=\"wp-block-latest-posts__featured-image alignleft\"><img loading=\"lazy\" decoding=\"async\" width=\"300\" height=\"70\" src=\"https:\/\/www.doeer.eu\/wp-content\/uploads\/2023\/04\/mosaic-3394372_1920-e1682087221809-300x70.jpg\" class=\"attachment-medium size-medium wp-post-image\" alt=\"\" style=\"max-width:100px;\" srcset=\"https:\/\/www.doeer.eu\/wp-content\/uploads\/2023\/04\/mosaic-3394372_1920-e1682087221809-300x70.jpg 300w, https:\/\/www.doeer.eu\/wp-content\/uploads\/2023\/04\/mosaic-3394372_1920-e1682087221809-768x180.jpg 768w, https:\/\/www.doeer.eu\/wp-content\/uploads\/2023\/04\/mosaic-3394372_1920-e1682087221809-1024x241.jpg 1024w, https:\/\/www.doeer.eu\/wp-content\/uploads\/2023\/04\/mosaic-3394372_1920-e1682087221809-1536x361.jpg 1536w, https:\/\/www.doeer.eu\/wp-content\/uploads\/2023\/04\/mosaic-3394372_1920-e1682087221809.jpg 1920w\" sizes=\"auto, (max-width: 300px) 100vw, 300px\" \/><\/div><a class=\"wp-block-latest-posts__post-title\" href=\"https:\/\/www.doeer.eu\/it\/intercultural-equality\/\">Uguaglianza interculturale<\/a><div class=\"wp-block-latest-posts__post-excerpt\">L\u2019uguaglianza interculturale si riferisce al principio della parit\u00e0 di trattamento e del rispetto di tutte le culture e al riconoscimento della diversit\u00e0 delle espressioni e delle pratiche culturali<\/div><\/li>\n<li><div class=\"wp-block-latest-posts__featured-image alignleft\"><img loading=\"lazy\" decoding=\"async\" width=\"300\" height=\"70\" src=\"https:\/\/www.doeer.eu\/wp-content\/uploads\/2023\/04\/mosaic-3394372_1920-e1682087221809-300x70.jpg\" class=\"attachment-medium size-medium wp-post-image\" alt=\"\" style=\"max-width:100px;\" srcset=\"https:\/\/www.doeer.eu\/wp-content\/uploads\/2023\/04\/mosaic-3394372_1920-e1682087221809-300x70.jpg 300w, https:\/\/www.doeer.eu\/wp-content\/uploads\/2023\/04\/mosaic-3394372_1920-e1682087221809-768x180.jpg 768w, https:\/\/www.doeer.eu\/wp-content\/uploads\/2023\/04\/mosaic-3394372_1920-e1682087221809-1024x241.jpg 1024w, https:\/\/www.doeer.eu\/wp-content\/uploads\/2023\/04\/mosaic-3394372_1920-e1682087221809-1536x361.jpg 1536w, https:\/\/www.doeer.eu\/wp-content\/uploads\/2023\/04\/mosaic-3394372_1920-e1682087221809.jpg 1920w\" sizes=\"auto, (max-width: 300px) 100vw, 300px\" \/><\/div><a class=\"wp-block-latest-posts__post-title\" href=\"https:\/\/www.doeer.eu\/it\/equality-in-opportunities-in-labour-market\/\">Uguaglianza di opportunit\u00e0 nel mercato del lavoro<\/a><div class=\"wp-block-latest-posts__post-excerpt\">L\u2019uguaglianza di opportunit\u00e0 nel mercato del lavoro richiede che non vi siano barriere sistemiche che impediscano agli individui di accedere all\u2019occupazione o di progredire nella carriera<\/div><\/li>\n<li><div class=\"wp-block-latest-posts__featured-image alignleft\"><img loading=\"lazy\" decoding=\"async\" width=\"300\" height=\"70\" src=\"https:\/\/www.doeer.eu\/wp-content\/uploads\/2023\/04\/mosaic-3394372_1920-e1682087221809-300x70.jpg\" class=\"attachment-medium size-medium wp-post-image\" alt=\"\" style=\"max-width:100px;\" srcset=\"https:\/\/www.doeer.eu\/wp-content\/uploads\/2023\/04\/mosaic-3394372_1920-e1682087221809-300x70.jpg 300w, https:\/\/www.doeer.eu\/wp-content\/uploads\/2023\/04\/mosaic-3394372_1920-e1682087221809-768x180.jpg 768w, https:\/\/www.doeer.eu\/wp-content\/uploads\/2023\/04\/mosaic-3394372_1920-e1682087221809-1024x241.jpg 1024w, https:\/\/www.doeer.eu\/wp-content\/uploads\/2023\/04\/mosaic-3394372_1920-e1682087221809-1536x361.jpg 1536w, https:\/\/www.doeer.eu\/wp-content\/uploads\/2023\/04\/mosaic-3394372_1920-e1682087221809.jpg 1920w\" sizes=\"auto, (max-width: 300px) 100vw, 300px\" \/><\/div><a class=\"wp-block-latest-posts__post-title\" href=\"https:\/\/www.doeer.eu\/it\/economic-equality\/\">Uguaglianza economica<\/a><div class=\"wp-block-latest-posts__post-excerpt\">L\u2019uguaglianza economica si riferisce al principio della parit\u00e0 di accesso alle risorse economiche, alle opportunit\u00e0 e alle ricompense per tutti gli individui di una societ\u00e0<\/div><\/li>\n<li><div class=\"wp-block-latest-posts__featured-image alignleft\"><img loading=\"lazy\" decoding=\"async\" width=\"300\" height=\"70\" src=\"https:\/\/www.doeer.eu\/wp-content\/uploads\/2023\/04\/mosaic-3394372_1920-e1682087221809-300x70.jpg\" class=\"attachment-medium size-medium wp-post-image\" alt=\"\" style=\"max-width:100px;\" srcset=\"https:\/\/www.doeer.eu\/wp-content\/uploads\/2023\/04\/mosaic-3394372_1920-e1682087221809-300x70.jpg 300w, https:\/\/www.doeer.eu\/wp-content\/uploads\/2023\/04\/mosaic-3394372_1920-e1682087221809-768x180.jpg 768w, https:\/\/www.doeer.eu\/wp-content\/uploads\/2023\/04\/mosaic-3394372_1920-e1682087221809-1024x241.jpg 1024w, https:\/\/www.doeer.eu\/wp-content\/uploads\/2023\/04\/mosaic-3394372_1920-e1682087221809-1536x361.jpg 1536w, https:\/\/www.doeer.eu\/wp-content\/uploads\/2023\/04\/mosaic-3394372_1920-e1682087221809.jpg 1920w\" sizes=\"auto, (max-width: 300px) 100vw, 300px\" \/><\/div><a class=\"wp-block-latest-posts__post-title\" href=\"https:\/\/www.doeer.eu\/it\/equality-for-persons-with-disabilities\/\">Uguaglianza per persone con disabilit\u00e0<\/a><div class=\"wp-block-latest-posts__post-excerpt\">Uguaglianza per le persone con disabilit\u00e0 significa che gli individui con disabilit\u00e0 devono avere le stesse opportunit\u00e0, gli stessi diritti e lo stesso accesso alle risorse di quelli senza disabilit\u00e0<\/div><\/li>\n<li><div class=\"wp-block-latest-posts__featured-image alignleft\"><img loading=\"lazy\" decoding=\"async\" width=\"300\" height=\"70\" src=\"https:\/\/www.doeer.eu\/wp-content\/uploads\/2023\/04\/mosaic-3394372_1920-e1682087221809-300x70.jpg\" class=\"attachment-medium size-medium wp-post-image\" alt=\"\" style=\"max-width:100px;\" srcset=\"https:\/\/www.doeer.eu\/wp-content\/uploads\/2023\/04\/mosaic-3394372_1920-e1682087221809-300x70.jpg 300w, https:\/\/www.doeer.eu\/wp-content\/uploads\/2023\/04\/mosaic-3394372_1920-e1682087221809-768x180.jpg 768w, https:\/\/www.doeer.eu\/wp-content\/uploads\/2023\/04\/mosaic-3394372_1920-e1682087221809-1024x241.jpg 1024w, https:\/\/www.doeer.eu\/wp-content\/uploads\/2023\/04\/mosaic-3394372_1920-e1682087221809-1536x361.jpg 1536w, https:\/\/www.doeer.eu\/wp-content\/uploads\/2023\/04\/mosaic-3394372_1920-e1682087221809.jpg 1920w\" sizes=\"auto, (max-width: 300px) 100vw, 300px\" \/><\/div><a class=\"wp-block-latest-posts__post-title\" href=\"https:\/\/www.doeer.eu\/it\/social-equality\/\">Uguaglianza sociale<\/a><div class=\"wp-block-latest-posts__post-excerpt\">L\u2019uguaglianza sociale si riferisce al principio dell\u2019uguaglianza di trattamento e di opportunit\u00e0 sociale per tutti gli individui, indipendentemente dal loro background, dallo status sociale o da altre caratteristiche personali<\/div><\/li>\n<li><div class=\"wp-block-latest-posts__featured-image alignleft\"><img loading=\"lazy\" decoding=\"async\" width=\"300\" height=\"70\" src=\"https:\/\/www.doeer.eu\/wp-content\/uploads\/2023\/04\/mosaic-3394372_1920-e1682087221809-300x70.jpg\" class=\"attachment-medium size-medium wp-post-image\" alt=\"\" style=\"max-width:100px;\" srcset=\"https:\/\/www.doeer.eu\/wp-content\/uploads\/2023\/04\/mosaic-3394372_1920-e1682087221809-300x70.jpg 300w, https:\/\/www.doeer.eu\/wp-content\/uploads\/2023\/04\/mosaic-3394372_1920-e1682087221809-768x180.jpg 768w, https:\/\/www.doeer.eu\/wp-content\/uploads\/2023\/04\/mosaic-3394372_1920-e1682087221809-1024x241.jpg 1024w, https:\/\/www.doeer.eu\/wp-content\/uploads\/2023\/04\/mosaic-3394372_1920-e1682087221809-1536x361.jpg 1536w, https:\/\/www.doeer.eu\/wp-content\/uploads\/2023\/04\/mosaic-3394372_1920-e1682087221809.jpg 1920w\" sizes=\"auto, (max-width: 300px) 100vw, 300px\" \/><\/div><a class=\"wp-block-latest-posts__post-title\" href=\"https:\/\/www.doeer.eu\/it\/gender-equality\/\">Uguaglianza di genere<\/a><div class=\"wp-block-latest-posts__post-excerpt\">L\u2019uguaglianza di genere si riferisce alla parit\u00e0 di diritti, opportunit\u00e0 e trattamento degli individui a prescindere dal loro sesso<\/div><\/li>\n<li><div class=\"wp-block-latest-posts__featured-image alignleft\"><img loading=\"lazy\" decoding=\"async\" width=\"300\" height=\"113\" src=\"https:\/\/www.doeer.eu\/wp-content\/uploads\/2023\/04\/KoM-e1680780691169-300x113.png\" class=\"attachment-medium size-medium wp-post-image\" alt=\"KoM\" style=\"max-width:100px;\" srcset=\"https:\/\/www.doeer.eu\/wp-content\/uploads\/2023\/04\/KoM-e1680780691169-300x113.png 300w, https:\/\/www.doeer.eu\/wp-content\/uploads\/2023\/04\/KoM-e1680780691169-1024x384.png 1024w, https:\/\/www.doeer.eu\/wp-content\/uploads\/2023\/04\/KoM-e1680780691169-768x288.png 768w, https:\/\/www.doeer.eu\/wp-content\/uploads\/2023\/04\/KoM-e1680780691169.png 1300w\" sizes=\"auto, (max-width: 300px) 100vw, 300px\" \/><\/div><a class=\"wp-block-latest-posts__post-title\" href=\"https:\/\/www.doeer.eu\/it\/first-project-meeting-in-bucharest\/\">Primo incontro del progetto a Bucarest, in presenza<\/a><div class=\"wp-block-latest-posts__post-excerpt\">La squadra del progetto ha tenuto un primo incontro online per dare il via alle attivit\u00e0 del progetto e per organizzare l&#8217;incontro in presenza in Romania ad inizio ottobre 2022<\/div><\/li>\n<li><div class=\"wp-block-latest-posts__featured-image alignleft\"><img loading=\"lazy\" decoding=\"async\" width=\"300\" height=\"167\" src=\"https:\/\/www.doeer.eu\/wp-content\/uploads\/2023\/04\/Logo_VI-e1682243567277-300x167.png\" class=\"attachment-medium size-medium wp-post-image\" alt=\"\" style=\"max-width:100px;\" srcset=\"https:\/\/www.doeer.eu\/wp-content\/uploads\/2023\/04\/Logo_VI-e1682243567277-300x167.png 300w, https:\/\/www.doeer.eu\/wp-content\/uploads\/2023\/04\/Logo_VI-e1682243567277-768x428.png 768w, https:\/\/www.doeer.eu\/wp-content\/uploads\/2023\/04\/Logo_VI-e1682243567277.png 838w\" sizes=\"auto, (max-width: 300px) 100vw, 300px\" \/><\/div><a class=\"wp-block-latest-posts__post-title\" href=\"https:\/\/www.doeer.eu\/it\/doeer-branding\/\">Branding DOEER<\/a><div class=\"wp-block-latest-posts__post-excerpt\">Tutti gli output e i risultati del DOEER sono concepiti per essere utilizzati liberamente. Il logo \u00e8 la componente centrale dell&#8217;identit\u00e0 visiva del progetto e combina diversi simboli per rappresentare gli ambiti del DOEER<\/div><\/li>\n<\/ul>","protected":false},"excerpt":{"rendered":"","protected":false},"author":3,"featured_media":0,"parent":0,"menu_order":0,"comment_status":"closed","ping_status":"closed","template":"","meta":{"pgc_sgb_lightbox_settings":"","footnotes":""},"class_list":["post-398","page","type-page","status-publish","hentry"],"_links":{"self":[{"href":"https:\/\/www.doeer.eu\/it\/wp-json\/wp\/v2\/pages\/398","targetHints":{"allow":["GET"]}}],"collection":[{"href":"https:\/\/www.doeer.eu\/it\/wp-json\/wp\/v2\/pages"}],"about":[{"href":"https:\/\/www.doeer.eu\/it\/wp-json\/wp\/v2\/types\/page"}],"author":[{"embeddable":true,"href":"https:\/\/www.doeer.eu\/it\/wp-json\/wp\/v2\/users\/3"}],"replies":[{"embeddable":true,"href":"https:\/\/www.doeer.eu\/it\/wp-json\/wp\/v2\/comments?post=398"}],"version-history":[{"count":15,"href":"https:\/\/www.doeer.eu\/it\/wp-json\/wp\/v2\/pages\/398\/revisions"}],"predecessor-version":[{"id":1519,"href":"https:\/\/www.doeer.eu\/it\/wp-json\/wp\/v2\/pages\/398\/revisions\/1519"}],"wp:attachment":[{"href":"https:\/\/www.doeer.eu\/it\/wp-json\/wp\/v2\/media?parent=398"}],"curies":[{"name":"wp","href":"https:\/\/api.w.org\/{rel}","templated":true}]}}