{"id":398,"date":"2023-02-03T18:52:24","date_gmt":"2023-02-03T17:52:24","guid":{"rendered":"https:\/\/www.doeer.eu\/en\/?page_id=398"},"modified":"2025-10-29T09:15:26","modified_gmt":"2025-10-29T08:15:26","slug":"news-2","status":"publish","type":"page","link":"https:\/\/www.doeer.eu\/es\/news-2\/","title":{"rendered":"Noticias"},"content":{"rendered":"<ul class=\"wp-block-latest-posts__list wp-block-latest-posts\"><li><div class=\"wp-block-latest-posts__featured-image alignleft\"><img loading=\"lazy\" decoding=\"async\" width=\"300\" height=\"209\" src=\"https:\/\/www.doeer.eu\/wp-content\/uploads\/2025\/11\/DOEER-NL5_ES_thumb-300x209.png\" class=\"attachment-medium size-medium wp-post-image\" alt=\"\" style=\"max-width:100px;\" srcset=\"https:\/\/www.doeer.eu\/wp-content\/uploads\/2025\/11\/DOEER-NL5_ES_thumb-300x209.png 300w, https:\/\/www.doeer.eu\/wp-content\/uploads\/2025\/11\/DOEER-NL5_ES_thumb-1024x713.png 1024w, https:\/\/www.doeer.eu\/wp-content\/uploads\/2025\/11\/DOEER-NL5_ES_thumb-768x535.png 768w, https:\/\/www.doeer.eu\/wp-content\/uploads\/2025\/11\/DOEER-NL5_ES_thumb.png 1270w\" sizes=\"auto, (max-width: 300px) 100vw, 300px\" \/><\/div><a class=\"wp-block-latest-posts__post-title\" href=\"https:\/\/www.doeer.eu\/es\/doeer-newsletter-5\/\">Bolet\u00edn de Noticias DOEER 5<\/a><div class=\"wp-block-latest-posts__post-excerpt\">En este n\u00famero: Resultados finales de la iniciativa DOEER; Reuni\u00f3n final del proyecto DOEER en N\u00e1poles; Eventos de promoci\u00f3n en todos los pa\u00edses del proyecto; Retroalimentaci\u00f3n de los participantes sobre la actividad piloto; Conferencia internacional final en Italia; Pr\u00f3ximos pasos<\/div><\/li>\n<li><div class=\"wp-block-latest-posts__featured-image alignleft\"><img loading=\"lazy\" decoding=\"async\" width=\"227\" height=\"300\" src=\"https:\/\/www.doeer.eu\/wp-content\/uploads\/2025\/07\/Sustainability-227x300.png\" class=\"attachment-medium size-medium wp-post-image\" alt=\"\" style=\"max-width:100px;\" srcset=\"https:\/\/www.doeer.eu\/wp-content\/uploads\/2025\/07\/Sustainability-227x300.png 227w, https:\/\/www.doeer.eu\/wp-content\/uploads\/2025\/07\/Sustainability.png 662w\" sizes=\"auto, (max-width: 227px) 100vw, 227px\" \/><\/div><a class=\"wp-block-latest-posts__post-title\" href=\"https:\/\/www.doeer.eu\/es\/future-steps\/\">Pr\u00f3ximos pasos<\/a><div class=\"wp-block-latest-posts__post-excerpt\">Al final del proyecto, el equipo DOEER fij\u00f3 los componentes del programa de sostenibilidad en el documento \u201cPrograma de Sostenibilidad Ampliado &#8211; Plan estrat\u00e9gico sobre el uso de los resultados del proyecto Erasmus+ DOEER Educaci\u00f3n Digital y Abierta para la resiliencia basada en la igualdad\u201d y cre\u00f3 el v\u00eddeo \u201cWhat is DOOER?\u201d para que lo utilicen los socios en su actividad de seguimiento<\/div><\/li>\n<li><div class=\"wp-block-latest-posts__featured-image alignleft\"><img loading=\"lazy\" decoding=\"async\" width=\"206\" height=\"300\" src=\"https:\/\/www.doeer.eu\/wp-content\/uploads\/2025\/06\/DOEER-Poster-EN-Naples-206x300.png\" class=\"attachment-medium size-medium wp-post-image\" alt=\"\" style=\"max-width:100px;\" srcset=\"https:\/\/www.doeer.eu\/wp-content\/uploads\/2025\/06\/DOEER-Poster-EN-Naples-206x300.png 206w, https:\/\/www.doeer.eu\/wp-content\/uploads\/2025\/06\/DOEER-Poster-EN-Naples-704x1024.png 704w, https:\/\/www.doeer.eu\/wp-content\/uploads\/2025\/06\/DOEER-Poster-EN-Naples-768x1117.png 768w, https:\/\/www.doeer.eu\/wp-content\/uploads\/2025\/06\/DOEER-Poster-EN-Naples-1056x1536.png 1056w, https:\/\/www.doeer.eu\/wp-content\/uploads\/2025\/06\/DOEER-Poster-EN-Naples-1408x2048.png 1408w, https:\/\/www.doeer.eu\/wp-content\/uploads\/2025\/06\/DOEER-Poster-EN-Naples-scaled.png 1761w\" sizes=\"auto, (max-width: 206px) 100vw, 206px\" \/><\/div><a class=\"wp-block-latest-posts__post-title\" href=\"https:\/\/www.doeer.eu\/es\/the-final-international-conference-in-italy\/\">Conferencia internacional final en Italia<\/a><div class=\"wp-block-latest-posts__post-excerpt\">El 20 de junio de 2025, la Universidad de N\u00e1poles Federico II, coordinadora de DOEER, organiz\u00f3 en N\u00e1poles la conferencia internacional final del proyecto DOEER<\/div><\/li>\n<li><div class=\"wp-block-latest-posts__featured-image alignleft\"><img loading=\"lazy\" decoding=\"async\" width=\"300\" height=\"133\" src=\"https:\/\/www.doeer.eu\/wp-content\/uploads\/2025\/06\/events-cover-300x133.png\" class=\"attachment-medium size-medium wp-post-image\" alt=\"\" style=\"max-width:100px;\" srcset=\"https:\/\/www.doeer.eu\/wp-content\/uploads\/2025\/06\/events-cover-300x133.png 300w, https:\/\/www.doeer.eu\/wp-content\/uploads\/2025\/06\/events-cover-1024x453.png 1024w, https:\/\/www.doeer.eu\/wp-content\/uploads\/2025\/06\/events-cover-768x339.png 768w, https:\/\/www.doeer.eu\/wp-content\/uploads\/2025\/06\/events-cover-1536x679.png 1536w, https:\/\/www.doeer.eu\/wp-content\/uploads\/2025\/06\/events-cover.png 1919w\" sizes=\"auto, (max-width: 300px) 100vw, 300px\" \/><\/div><a class=\"wp-block-latest-posts__post-title\" href=\"https:\/\/www.doeer.eu\/es\/the-promotion-events-in-all-projectcountries\/\">Eventos de promoci\u00f3n en todos los pa\u00edses del proyecto<\/a><div class=\"wp-block-latest-posts__post-excerpt\">Entre abril y junio de 2025, los resultados del DOEER se presentaron en eventos nacionales de promoci\u00f3n organizados en cada pa\u00eds del proyecto: Espa\u00f1a, Ruman\u00eda, Eslovaquia, Chipre, Eslovenia y, en Italia, en la conferencia internacional final<\/div><\/li>\n<li><div class=\"wp-block-latest-posts__featured-image alignleft\"><img loading=\"lazy\" decoding=\"async\" width=\"300\" height=\"160\" src=\"https:\/\/www.doeer.eu\/wp-content\/uploads\/2025\/07\/Team-TPM-Naples-300x160.png\" class=\"attachment-medium size-medium wp-post-image\" alt=\"\" style=\"max-width:100px;\" srcset=\"https:\/\/www.doeer.eu\/wp-content\/uploads\/2025\/07\/Team-TPM-Naples-300x160.png 300w, https:\/\/www.doeer.eu\/wp-content\/uploads\/2025\/07\/Team-TPM-Naples-1024x546.png 1024w, https:\/\/www.doeer.eu\/wp-content\/uploads\/2025\/07\/Team-TPM-Naples-768x410.png 768w, https:\/\/www.doeer.eu\/wp-content\/uploads\/2025\/07\/Team-TPM-Naples-1536x820.png 1536w\" sizes=\"auto, (max-width: 300px) 100vw, 300px\" \/><\/div><a class=\"wp-block-latest-posts__post-title\" href=\"https:\/\/www.doeer.eu\/es\/the-doeer-final-project-meeting-innaples\/\">Reuni\u00f3n final del proyecto DOEER en N\u00e1poles<\/a><div class=\"wp-block-latest-posts__post-excerpt\">Los socios del proyecto se reunieron en N\u00e1poles (Italia) para asistir a la \u00faltima reuni\u00f3n del proyecto, organizada los d\u00edas 18 y 19 de junio por la Universidad de N\u00e1poles Federico II, coordinadora<\/div><\/li>\n<li><div class=\"wp-block-latest-posts__featured-image alignleft\"><img loading=\"lazy\" decoding=\"async\" width=\"300\" height=\"215\" src=\"https:\/\/www.doeer.eu\/wp-content\/uploads\/2025\/04\/DOEER_Events-300x215.jpg\" class=\"attachment-medium size-medium wp-post-image\" alt=\"\" style=\"max-width:100px;\" srcset=\"https:\/\/www.doeer.eu\/wp-content\/uploads\/2025\/04\/DOEER_Events-300x215.jpg 300w, https:\/\/www.doeer.eu\/wp-content\/uploads\/2025\/04\/DOEER_Events-1024x735.jpg 1024w, https:\/\/www.doeer.eu\/wp-content\/uploads\/2025\/04\/DOEER_Events-768x552.jpg 768w, https:\/\/www.doeer.eu\/wp-content\/uploads\/2025\/04\/DOEER_Events-1536x1103.jpg 1536w, https:\/\/www.doeer.eu\/wp-content\/uploads\/2025\/04\/DOEER_Events-2048x1471.jpg 2048w\" sizes=\"auto, (max-width: 300px) 100vw, 300px\" \/><\/div><a class=\"wp-block-latest-posts__post-title\" href=\"https:\/\/www.doeer.eu\/es\/the-doeer-events\/\">Los eventos del DOEER para presentar todos los resultados en los pa\u00edses del proyecto<\/a><div class=\"wp-block-latest-posts__post-excerpt\">Los resultados del DOEER se presentar\u00e1n durante eventos espec\u00edficos organizados entre abril y junio de 2025 en todos los pa\u00edses del proyecto<\/div><\/li>\n<li><div class=\"wp-block-latest-posts__featured-image alignleft\"><img loading=\"lazy\" decoding=\"async\" width=\"300\" height=\"138\" src=\"https:\/\/www.doeer.eu\/wp-content\/uploads\/2025\/04\/Results-thumb-300x138.png\" class=\"attachment-medium size-medium wp-post-image\" alt=\"\" style=\"max-width:100px;\" srcset=\"https:\/\/www.doeer.eu\/wp-content\/uploads\/2025\/04\/Results-thumb-300x138.png 300w, https:\/\/www.doeer.eu\/wp-content\/uploads\/2025\/04\/Results-thumb-1024x472.png 1024w, https:\/\/www.doeer.eu\/wp-content\/uploads\/2025\/04\/Results-thumb-768x354.png 768w, https:\/\/www.doeer.eu\/wp-content\/uploads\/2025\/04\/Results-thumb-1536x708.png 1536w, https:\/\/www.doeer.eu\/wp-content\/uploads\/2025\/04\/Results-thumb-2048x944.png 2048w\" sizes=\"auto, (max-width: 300px) 100vw, 300px\" \/><\/div><a class=\"wp-block-latest-posts__post-title\" href=\"https:\/\/www.doeer.eu\/es\/the-final-results-of-the-doeer-initiative\/\">Resultados finales de la iniciativa DOEER<\/a><div class=\"wp-block-latest-posts__post-excerpt\">De acuerdo con los objetivos generales y espec\u00edficos del DOEER, los resultados finales del proyecto producen diferentes valores a\u00f1adidos, apoyando un sistema de educaci\u00f3n eficiente basado en una comprensi\u00f3n com\u00fan y basada en la vida real de la &#8220;igualdad&#8221;<\/div><\/li>\n<li><div class=\"wp-block-latest-posts__featured-image alignleft\"><img loading=\"lazy\" decoding=\"async\" width=\"300\" height=\"225\" src=\"https:\/\/www.doeer.eu\/wp-content\/uploads\/2025\/04\/Progetto-senza-titolo-1-300x225.png\" class=\"attachment-medium size-medium wp-post-image\" alt=\"Pilot with HE students\" style=\"max-width:100px;\" srcset=\"https:\/\/www.doeer.eu\/wp-content\/uploads\/2025\/04\/Progetto-senza-titolo-1-300x225.png 300w, https:\/\/www.doeer.eu\/wp-content\/uploads\/2025\/04\/Progetto-senza-titolo-1-1024x768.png 1024w, https:\/\/www.doeer.eu\/wp-content\/uploads\/2025\/04\/Progetto-senza-titolo-1-768x576.png 768w, https:\/\/www.doeer.eu\/wp-content\/uploads\/2025\/04\/Progetto-senza-titolo-1-1536x1152.png 1536w, https:\/\/www.doeer.eu\/wp-content\/uploads\/2025\/04\/Progetto-senza-titolo-1-2048x1536.png 2048w\" sizes=\"auto, (max-width: 300px) 100vw, 300px\" \/><\/div><a class=\"wp-block-latest-posts__post-title\" href=\"https:\/\/www.doeer.eu\/es\/the-feedback-of-the-participants-to-the-pilot-activity\/\">El feedback de los participantes sobre la actividad piloto<\/a><div class=\"wp-block-latest-posts__post-excerpt\">Los 30 estudiantes de educaci\u00f3n superior de Italia, Espa\u00f1a, Ruman\u00eda, Eslovaquia, Chipre y Eslovenia evaluaron su experiencia de aprendizaje al final del piloto en Liubliana<\/div><\/li>\n<li><div class=\"wp-block-latest-posts__featured-image alignleft\"><img loading=\"lazy\" decoding=\"async\" width=\"300\" height=\"225\" src=\"https:\/\/www.doeer.eu\/wp-content\/uploads\/2025\/04\/d669a12d-d6a3-409c-a578-5a3562d8938e-300x225.jpg\" class=\"attachment-medium size-medium wp-post-image\" alt=\"\" style=\"max-width:100px;\" srcset=\"https:\/\/www.doeer.eu\/wp-content\/uploads\/2025\/04\/d669a12d-d6a3-409c-a578-5a3562d8938e-300x225.jpg 300w, https:\/\/www.doeer.eu\/wp-content\/uploads\/2025\/04\/d669a12d-d6a3-409c-a578-5a3562d8938e-1024x768.jpg 1024w, https:\/\/www.doeer.eu\/wp-content\/uploads\/2025\/04\/d669a12d-d6a3-409c-a578-5a3562d8938e-768x576.jpg 768w, https:\/\/www.doeer.eu\/wp-content\/uploads\/2025\/04\/d669a12d-d6a3-409c-a578-5a3562d8938e-1536x1152.jpg 1536w, https:\/\/www.doeer.eu\/wp-content\/uploads\/2025\/04\/d669a12d-d6a3-409c-a578-5a3562d8938e.jpg 1600w\" sizes=\"auto, (max-width: 300px) 100vw, 300px\" \/><\/div><a class=\"wp-block-latest-posts__post-title\" href=\"https:\/\/www.doeer.eu\/es\/the-he-students-mobility-event-in-slovenia-to-pilot-the-doeer-online-course\/\">El evento de movilidad de estudiantes de educaci\u00f3n superior en Eslovenia para probar el curso en l\u00ednea DOEER<\/a><div class=\"wp-block-latest-posts__post-excerpt\">La movilidad de estudiantes de educaci\u00f3n superior organizada en Liubliana para probar conjuntamente el curso de igualdad DOEER y experimentar el turismo inclusivo<\/div><\/li>\n<li><div class=\"wp-block-latest-posts__featured-image alignleft\"><img loading=\"lazy\" decoding=\"async\" width=\"300\" height=\"209\" src=\"https:\/\/www.doeer.eu\/wp-content\/uploads\/2024\/11\/DOEER-NL4-thumb-300x209.png\" class=\"attachment-medium size-medium wp-post-image\" alt=\"DOEER Newsletter 4\" style=\"max-width:100px;\" srcset=\"https:\/\/www.doeer.eu\/wp-content\/uploads\/2024\/11\/DOEER-NL4-thumb-300x209.png 300w, https:\/\/www.doeer.eu\/wp-content\/uploads\/2024\/11\/DOEER-NL4-thumb-1024x713.png 1024w, https:\/\/www.doeer.eu\/wp-content\/uploads\/2024\/11\/DOEER-NL4-thumb-768x535.png 768w, https:\/\/www.doeer.eu\/wp-content\/uploads\/2024\/11\/DOEER-NL4-thumb.png 1270w\" sizes=\"auto, (max-width: 300px) 100vw, 300px\" \/><\/div><a class=\"wp-block-latest-posts__post-title\" href=\"https:\/\/www.doeer.eu\/es\/doeer-newsletter-4\/\">Buletin informativ DOEER 4<\/a><div class=\"wp-block-latest-posts__post-excerpt\">En este n\u00famero: C\u00f3mo utilizar el aprendizaje multiling\u00fce de DOEER; Evaluaci\u00f3n de los participantes del evento de capacitaci\u00f3n en Espa\u00f1a; El aprendizaje piloto para estudiantes universitarios de todos los pa\u00edses del proyecto; La cuarta reuni\u00f3n del proyecto DOEER en Sevilla<\/div><\/li>\n<li><div class=\"wp-block-latest-posts__featured-image alignleft\"><img loading=\"lazy\" decoding=\"async\" width=\"300\" height=\"225\" src=\"https:\/\/www.doeer.eu\/wp-content\/uploads\/2024\/11\/20241022_120322-300x225.jpg\" class=\"attachment-medium size-medium wp-post-image\" alt=\"\" style=\"max-width:100px;\" srcset=\"https:\/\/www.doeer.eu\/wp-content\/uploads\/2024\/11\/20241022_120322-300x225.jpg 300w, https:\/\/www.doeer.eu\/wp-content\/uploads\/2024\/11\/20241022_120322-1024x768.jpg 1024w, https:\/\/www.doeer.eu\/wp-content\/uploads\/2024\/11\/20241022_120322-768x576.jpg 768w, https:\/\/www.doeer.eu\/wp-content\/uploads\/2024\/11\/20241022_120322-1536x1152.jpg 1536w, https:\/\/www.doeer.eu\/wp-content\/uploads\/2024\/11\/20241022_120322-2048x1536.jpg 2048w\" sizes=\"auto, (max-width: 300px) 100vw, 300px\" \/><\/div><a class=\"wp-block-latest-posts__post-title\" href=\"https:\/\/www.doeer.eu\/es\/the-doeer-fourth-project-meeting-in-seville\/\">La cuarta reuni\u00f3n del proyecto DOEER in Sevilla<\/a><div class=\"wp-block-latest-posts__post-excerpt\">El equipo DOEER se reuni\u00f3 en Espana, en persona, por cuarta vez<\/div><\/li>\n<li><div class=\"wp-block-latest-posts__featured-image alignleft\"><img loading=\"lazy\" decoding=\"async\" width=\"300\" height=\"225\" src=\"https:\/\/www.doeer.eu\/wp-content\/uploads\/2024\/11\/IMG-20241022-WA0017-300x225.jpg\" class=\"attachment-medium size-medium wp-post-image\" alt=\"\" style=\"max-width:100px;\" srcset=\"https:\/\/www.doeer.eu\/wp-content\/uploads\/2024\/11\/IMG-20241022-WA0017-300x225.jpg 300w, https:\/\/www.doeer.eu\/wp-content\/uploads\/2024\/11\/IMG-20241022-WA0017-1024x768.jpg 1024w, https:\/\/www.doeer.eu\/wp-content\/uploads\/2024\/11\/IMG-20241022-WA0017-768x576.jpg 768w, https:\/\/www.doeer.eu\/wp-content\/uploads\/2024\/11\/IMG-20241022-WA0017-1536x1152.jpg 1536w, https:\/\/www.doeer.eu\/wp-content\/uploads\/2024\/11\/IMG-20241022-WA0017.jpg 1600w\" sizes=\"auto, (max-width: 300px) 100vw, 300px\" \/><\/div><a class=\"wp-block-latest-posts__post-title\" href=\"https:\/\/www.doeer.eu\/es\/the-pilot-learning-for-the-university-students-from-all-project-countries\/\">El aprendizaje piloto para los estudiantes universitarios de todos los pa\u00edses del proyecto<\/a><div class=\"wp-block-latest-posts__post-excerpt\">Programa del aprendizaje piloto para estudiantes de educaci\u00f3n superior de las universidades del proyecto, que est\u00e1 previsto que se celebre en el primer trimestre de 2025<\/div><\/li>\n<li><div class=\"wp-block-latest-posts__featured-image alignleft\"><img loading=\"lazy\" decoding=\"async\" width=\"300\" height=\"274\" src=\"https:\/\/www.doeer.eu\/wp-content\/uploads\/2024\/11\/LTTA3-scaled-e1732658567692-300x274.jpg\" class=\"attachment-medium size-medium wp-post-image\" alt=\"\" style=\"max-width:100px;\" srcset=\"https:\/\/www.doeer.eu\/wp-content\/uploads\/2024\/11\/LTTA3-scaled-e1732658567692-300x274.jpg 300w, https:\/\/www.doeer.eu\/wp-content\/uploads\/2024\/11\/LTTA3-scaled-e1732658567692-1024x935.jpg 1024w, https:\/\/www.doeer.eu\/wp-content\/uploads\/2024\/11\/LTTA3-scaled-e1732658567692-768x701.jpg 768w, https:\/\/www.doeer.eu\/wp-content\/uploads\/2024\/11\/LTTA3-scaled-e1732658567692.jpg 1529w\" sizes=\"auto, (max-width: 300px) 100vw, 300px\" \/><\/div><a class=\"wp-block-latest-posts__post-title\" href=\"https:\/\/www.doeer.eu\/es\/attendees-evaluation-of-the-training-event-in-spain\/\">Valoraci\u00f3n de los asistentes al evento formativo en Espa\u00f1a<\/a><div class=\"wp-block-latest-posts__post-excerpt\">Comentarios de los 20 participantes de la organizaci\u00f3n de socios que participaron en la formaci\u00f3n entre pares del personal en Sevilla, Espa\u00f1a<\/div><\/li>\n<li><div class=\"wp-block-latest-posts__featured-image alignleft\"><img loading=\"lazy\" decoding=\"async\" width=\"300\" height=\"166\" src=\"https:\/\/www.doeer.eu\/wp-content\/uploads\/2024\/11\/Pictogram-300x166.png\" class=\"attachment-medium size-medium wp-post-image\" alt=\"\" style=\"max-width:100px;\" srcset=\"https:\/\/www.doeer.eu\/wp-content\/uploads\/2024\/11\/Pictogram-300x166.png 300w, https:\/\/www.doeer.eu\/wp-content\/uploads\/2024\/11\/Pictogram-1024x565.png 1024w, https:\/\/www.doeer.eu\/wp-content\/uploads\/2024\/11\/Pictogram-768x424.png 768w, https:\/\/www.doeer.eu\/wp-content\/uploads\/2024\/11\/Pictogram-1536x847.png 1536w, https:\/\/www.doeer.eu\/wp-content\/uploads\/2024\/11\/Pictogram.png 1800w\" sizes=\"auto, (max-width: 300px) 100vw, 300px\" \/><\/div><a class=\"wp-block-latest-posts__post-title\" href=\"https:\/\/www.doeer.eu\/es\/how-to-use-the-multilingual-doeer-learning\/\">C\u00f3mo usar el aprendizaje multiling\u00fce DOEER<\/a><div class=\"wp-block-latest-posts__post-excerpt\">C\u00f3mo utilizar el &#8220;Curso DOEER sobre pr\u00e1cticas basadas en la igualdad en el turismo&#8221;, disponible on line de forma gratuita, para los estudiantes de educaci\u00f3n superior y las partes interesadas en todos los idiomas del proyecto<\/div><\/li>\n<li><div class=\"wp-block-latest-posts__featured-image alignleft\"><img loading=\"lazy\" decoding=\"async\" width=\"300\" height=\"209\" src=\"https:\/\/www.doeer.eu\/wp-content\/uploads\/2024\/04\/DOEER-NL3_thumb-300x209.png\" class=\"attachment-medium size-medium wp-post-image\" alt=\"\" style=\"max-width:100px;\" srcset=\"https:\/\/www.doeer.eu\/wp-content\/uploads\/2024\/04\/DOEER-NL3_thumb-300x209.png 300w, https:\/\/www.doeer.eu\/wp-content\/uploads\/2024\/04\/DOEER-NL3_thumb-1024x713.png 1024w, https:\/\/www.doeer.eu\/wp-content\/uploads\/2024\/04\/DOEER-NL3_thumb-768x535.png 768w, https:\/\/www.doeer.eu\/wp-content\/uploads\/2024\/04\/DOEER-NL3_thumb.png 1270w\" sizes=\"auto, (max-width: 300px) 100vw, 300px\" \/><\/div><a class=\"wp-block-latest-posts__post-title\" href=\"https:\/\/www.doeer.eu\/es\/doeer-newsletter-3\/\">Bolet\u00edn de Noticias DOEER 3<\/a><div class=\"wp-block-latest-posts__post-excerpt\">En este n\u00famero: El curso MOOC de DOEER; La tercera reuni\u00f3n del proyecto DOEER en Liubliana (Eslovenia); El evento de formaci\u00f3n del personal del proyecto DOEER en Espa\u00f1a; El programa DOOER de aprendizaje piloto<\/div><\/li>\n<li><div class=\"wp-block-latest-posts__featured-image alignleft\"><img loading=\"lazy\" decoding=\"async\" width=\"300\" height=\"200\" src=\"https:\/\/www.doeer.eu\/wp-content\/uploads\/2024\/04\/persone-300x200.jpg\" class=\"attachment-medium size-medium wp-post-image\" alt=\"\" style=\"max-width:100px;\" srcset=\"https:\/\/www.doeer.eu\/wp-content\/uploads\/2024\/04\/persone-300x200.jpg 300w, https:\/\/www.doeer.eu\/wp-content\/uploads\/2024\/04\/persone-1024x683.jpg 1024w, https:\/\/www.doeer.eu\/wp-content\/uploads\/2024\/04\/persone-768x512.jpg 768w, https:\/\/www.doeer.eu\/wp-content\/uploads\/2024\/04\/persone-1536x1024.jpg 1536w\" sizes=\"auto, (max-width: 300px) 100vw, 300px\" \/><\/div><a class=\"wp-block-latest-posts__post-title\" href=\"https:\/\/www.doeer.eu\/es\/the-doeer-programme-of-pilot-learning\/\">El programa de aprendizaje piloto del proyecto DOOER<\/a><div class=\"wp-block-latest-posts__post-excerpt\">El equipo del proyecto est\u00e1 preparando el programa de aprendizaje piloto para estudiantes, programado en los primeros meses de 2025<\/div><\/li>\n<li><div class=\"wp-block-latest-posts__featured-image alignleft\"><img loading=\"lazy\" decoding=\"async\" width=\"300\" height=\"165\" src=\"https:\/\/www.doeer.eu\/wp-content\/uploads\/2024\/04\/camara-300x165.png\" class=\"attachment-medium size-medium wp-post-image\" alt=\"\" style=\"max-width:100px;\" srcset=\"https:\/\/www.doeer.eu\/wp-content\/uploads\/2024\/04\/camara-300x165.png 300w, https:\/\/www.doeer.eu\/wp-content\/uploads\/2024\/04\/camara.png 761w\" sizes=\"auto, (max-width: 300px) 100vw, 300px\" \/><\/div><a class=\"wp-block-latest-posts__post-title\" href=\"https:\/\/www.doeer.eu\/es\/the-doeer-project-staff-training-event-in-spain\/\">El evento de formaci\u00f3n del personal del proyecto DOEER en Espa\u00f1a<\/a><div class=\"wp-block-latest-posts__post-excerpt\">El equipo de DOEER est\u00e1 organizando una actividad formativa entre pares, programada para octubre de 2024 en Espa\u00f1a <\/div><\/li>\n<li><div class=\"wp-block-latest-posts__featured-image alignleft\"><img loading=\"lazy\" decoding=\"async\" width=\"300\" height=\"209\" src=\"https:\/\/www.doeer.eu\/wp-content\/uploads\/2024\/04\/DOEE_course-300x209.png\" class=\"attachment-medium size-medium wp-post-image\" alt=\"\" style=\"max-width:100px;\" srcset=\"https:\/\/www.doeer.eu\/wp-content\/uploads\/2024\/04\/DOEE_course-300x209.png 300w, https:\/\/www.doeer.eu\/wp-content\/uploads\/2024\/04\/DOEE_course-1024x713.png 1024w, https:\/\/www.doeer.eu\/wp-content\/uploads\/2024\/04\/DOEE_course-768x535.png 768w, https:\/\/www.doeer.eu\/wp-content\/uploads\/2024\/04\/DOEE_course.png 1270w\" sizes=\"auto, (max-width: 300px) 100vw, 300px\" \/><\/div><a class=\"wp-block-latest-posts__post-title\" href=\"https:\/\/www.doeer.eu\/es\/the-doeer-mooc\/\">El MOOC de DOEER<\/a><div class=\"wp-block-latest-posts__post-excerpt\">El resultado principal del proyecto DOEER es un curso gratuito online sobre pr\u00e1cticas basadas en la igualdad<\/div><\/li>\n<li><div class=\"wp-block-latest-posts__featured-image alignleft\"><img loading=\"lazy\" decoding=\"async\" width=\"300\" height=\"213\" src=\"https:\/\/www.doeer.eu\/wp-content\/uploads\/2024\/04\/TPM3_group-1.png\" class=\"attachment-medium size-medium wp-post-image\" alt=\"\" style=\"max-width:100px;\" \/><\/div><a class=\"wp-block-latest-posts__post-title\" href=\"https:\/\/www.doeer.eu\/es\/the-doeer-third-project-meeting-in-ljubljana\/\">Tercera reuni\u00f3n del Proyecto DOEER en Liubliana (Eslovenia)<\/a><div class=\"wp-block-latest-posts__post-excerpt\">Esta reuni\u00f3n, organizada por el socio esloveno Zavod Novi turizem en Ljubljana, ofreci\u00f3 a los socios la oportunidad de evaluar los resultados alcanzados hasta el momento y y planificar los pr\u00f3ximos pasos<\/div><\/li>\n<li><div class=\"wp-block-latest-posts__featured-image alignleft\"><img loading=\"lazy\" decoding=\"async\" width=\"300\" height=\"209\" src=\"https:\/\/www.doeer.eu\/wp-content\/uploads\/2023\/07\/DOEER-NL2_thumb-1-300x209.png\" class=\"attachment-medium size-medium wp-post-image\" alt=\"\" style=\"max-width:100px;\" srcset=\"https:\/\/www.doeer.eu\/wp-content\/uploads\/2023\/07\/DOEER-NL2_thumb-1-300x209.png 300w, https:\/\/www.doeer.eu\/wp-content\/uploads\/2023\/07\/DOEER-NL2_thumb-1-1024x713.png 1024w, https:\/\/www.doeer.eu\/wp-content\/uploads\/2023\/07\/DOEER-NL2_thumb-1-768x535.png 768w, https:\/\/www.doeer.eu\/wp-content\/uploads\/2023\/07\/DOEER-NL2_thumb-1.png 1270w\" sizes=\"auto, (max-width: 300px) 100vw, 300px\" \/><\/div><a class=\"wp-block-latest-posts__post-title\" href=\"https:\/\/www.doeer.eu\/es\/doeer-newsletter-2\/\">Bolet\u00edn de Noticias DOEER 2<\/a><div class=\"wp-block-latest-posts__post-excerpt\">En este n\u00famero: Directrices de calidad para las competencias digitales y pedag\u00f3gicas de la Ense\u00f1anza Superior en materia de igualdad; Definiciones de igualdad del DOEER; Peores y mejores pr\u00e1cticas en materia de igualdad; Segunda reuni\u00f3n del proyecto DOEER en Chipre; El marco DOEER<\/div><\/li>\n<li><div class=\"wp-block-latest-posts__featured-image alignleft\"><img loading=\"lazy\" decoding=\"async\" width=\"1\" height=\"1\" src=\"https:\/\/www.doeer.eu\/wp-content\/uploads\/2024\/04\/Guidelines_ES_cover-2.jpg\" class=\"attachment-medium size-medium wp-post-image\" alt=\"\" style=\"max-width:100px;\" \/><\/div><a class=\"wp-block-latest-posts__post-title\" href=\"https:\/\/www.doeer.eu\/es\/quality-guidelines-for-he-digital-and-pedagogical-competencies-on-equality\/\">Directrices de calidad para competencias digitales y pedag\u00f3gicas de la ense\u00f1anza superior en materia de igualdad<\/a><div class=\"wp-block-latest-posts__post-excerpt\">El estudio de acceso abierto \u201cDirectrices de calidad para las competencias digitales y pedag\u00f3gicas de la ense\u00f1anza superior en materia de igualdad&#8221; presenta el an\u00e1lisis de las conclusiones de la consulta a grupos nacionales de expertos sobre pr\u00e1cticas basadas en la calidad en el sector educativo y empresarial<\/div><\/li>\n<li><div class=\"wp-block-latest-posts__featured-image alignleft\"><img loading=\"lazy\" decoding=\"async\" width=\"300\" height=\"267\" src=\"https:\/\/www.doeer.eu\/wp-content\/uploads\/2023\/07\/DOEER-Framework-ES-300x267.png\" class=\"attachment-medium size-medium wp-post-image\" alt=\"\" style=\"max-width:100px;\" srcset=\"https:\/\/www.doeer.eu\/wp-content\/uploads\/2023\/07\/DOEER-Framework-ES-300x267.png 300w, https:\/\/www.doeer.eu\/wp-content\/uploads\/2023\/07\/DOEER-Framework-ES-768x684.png 768w, https:\/\/www.doeer.eu\/wp-content\/uploads\/2023\/07\/DOEER-Framework-ES.png 846w\" sizes=\"auto, (max-width: 300px) 100vw, 300px\" \/><\/div><a class=\"wp-block-latest-posts__post-title\" href=\"https:\/\/www.doeer.eu\/es\/the-doeer-framework\/\">Marco del Proyecto DOEER<\/a><div class=\"wp-block-latest-posts__post-excerpt\">El proyecto DOEER cre\u00f3 un Marco espec\u00edfico para lograr competencias sobre pr\u00e1cticas basadas en la igualdad<\/div><\/li>\n<li><div class=\"wp-block-latest-posts__featured-image alignleft\"><img loading=\"lazy\" decoding=\"async\" width=\"300\" height=\"264\" src=\"https:\/\/www.doeer.eu\/wp-content\/uploads\/2023\/06\/TPM2_group-e1687784875432-300x264.jpg\" class=\"attachment-medium size-medium wp-post-image\" alt=\"\" style=\"max-width:100px;\" srcset=\"https:\/\/www.doeer.eu\/wp-content\/uploads\/2023\/06\/TPM2_group-e1687784875432-300x264.jpg 300w, https:\/\/www.doeer.eu\/wp-content\/uploads\/2023\/06\/TPM2_group-e1687784875432-1024x901.jpg 1024w, https:\/\/www.doeer.eu\/wp-content\/uploads\/2023\/06\/TPM2_group-e1687784875432-768x676.jpg 768w, https:\/\/www.doeer.eu\/wp-content\/uploads\/2023\/06\/TPM2_group-e1687784875432.jpg 1200w\" sizes=\"auto, (max-width: 300px) 100vw, 300px\" \/><\/div><a class=\"wp-block-latest-posts__post-title\" href=\"https:\/\/www.doeer.eu\/es\/the-doeer-second-project-meeting-in-cyprus\/\">Segunda reuni\u00f3n del proyecto DOEER en Chipre<\/a><div class=\"wp-block-latest-posts__post-excerpt\">El equipo del proyecto se reuni\u00f3 de nuevo presencialmente en Nicosia (Chipre)<\/div><\/li>\n<li><div class=\"wp-block-latest-posts__featured-image alignleft\"><img loading=\"lazy\" decoding=\"async\" width=\"300\" height=\"220\" src=\"https:\/\/www.doeer.eu\/wp-content\/uploads\/2023\/07\/definitions_cover-ES-300x220.png\" class=\"attachment-medium size-medium wp-post-image\" alt=\"\" style=\"max-width:100px;\" srcset=\"https:\/\/www.doeer.eu\/wp-content\/uploads\/2023\/07\/definitions_cover-ES-300x220.png 300w, https:\/\/www.doeer.eu\/wp-content\/uploads\/2023\/07\/definitions_cover-ES.png 360w\" sizes=\"auto, (max-width: 300px) 100vw, 300px\" \/><\/div><a class=\"wp-block-latest-posts__post-title\" href=\"https:\/\/www.doeer.eu\/es\/the-doeer-definitions-of-equalities\/\">Las definiciones de igualdad del Proyecto DOEER<\/a><div class=\"wp-block-latest-posts__post-excerpt\">El proyecto DOEER seleccion\u00f3 y describi\u00f3 \u00e1reas espec\u00edficas de Igualdad<\/div><\/li>\n<li><div class=\"wp-block-latest-posts__featured-image alignleft\"><img loading=\"lazy\" decoding=\"async\" width=\"300\" height=\"70\" src=\"https:\/\/www.doeer.eu\/wp-content\/uploads\/2023\/04\/mosaic-3394372_1920-e1682087221809-300x70.jpg\" class=\"attachment-medium size-medium wp-post-image\" alt=\"\" style=\"max-width:100px;\" srcset=\"https:\/\/www.doeer.eu\/wp-content\/uploads\/2023\/04\/mosaic-3394372_1920-e1682087221809-300x70.jpg 300w, https:\/\/www.doeer.eu\/wp-content\/uploads\/2023\/04\/mosaic-3394372_1920-e1682087221809-768x180.jpg 768w, https:\/\/www.doeer.eu\/wp-content\/uploads\/2023\/04\/mosaic-3394372_1920-e1682087221809-1024x241.jpg 1024w, https:\/\/www.doeer.eu\/wp-content\/uploads\/2023\/04\/mosaic-3394372_1920-e1682087221809-1536x361.jpg 1536w, https:\/\/www.doeer.eu\/wp-content\/uploads\/2023\/04\/mosaic-3394372_1920-e1682087221809.jpg 1920w\" sizes=\"auto, (max-width: 300px) 100vw, 300px\" \/><\/div><a class=\"wp-block-latest-posts__post-title\" href=\"https:\/\/www.doeer.eu\/es\/worst-and-best-practice-on-equality\/\">Buenas y malas pr\u00e1cticas en Igualdad<\/a><div class=\"wp-block-latest-posts__post-excerpt\">Se ofrece como material did\u00e1ctico una selecci\u00f3n de pr\u00e1cticas basadas en la igualdad en el sector educativo y empresarial, en las \u00e1reas de Igualdad identificadas<\/div><\/li>\n<li><div class=\"wp-block-latest-posts__featured-image alignleft\"><img loading=\"lazy\" decoding=\"async\" width=\"300\" height=\"209\" src=\"https:\/\/www.doeer.eu\/wp-content\/uploads\/2023\/06\/DOEER-NL1_ES_thumb-300x209.png\" class=\"attachment-medium size-medium wp-post-image\" alt=\"\" style=\"max-width:100px;\" srcset=\"https:\/\/www.doeer.eu\/wp-content\/uploads\/2023\/06\/DOEER-NL1_ES_thumb-300x209.png 300w, https:\/\/www.doeer.eu\/wp-content\/uploads\/2023\/06\/DOEER-NL1_ES_thumb-1024x713.png 1024w, https:\/\/www.doeer.eu\/wp-content\/uploads\/2023\/06\/DOEER-NL1_ES_thumb-768x535.png 768w, https:\/\/www.doeer.eu\/wp-content\/uploads\/2023\/06\/DOEER-NL1_ES_thumb.png 1270w\" sizes=\"auto, (max-width: 300px) 100vw, 300px\" \/><\/div><a class=\"wp-block-latest-posts__post-title\" href=\"https:\/\/www.doeer.eu\/es\/doeer-newsletter-1\/\">Bolet\u00edn de Noticias DOEER 1<\/a><div class=\"wp-block-latest-posts__post-excerpt\">En este n\u00famero: Los objetivos del proyecto DOEER; El aprendizaje propuesto en DOEER; La identidad de marca de DOEER; La primera reuni\u00f3n presencial del proyecto DOEER en Bucarest<\/div><\/li>\n<li><div class=\"wp-block-latest-posts__featured-image alignleft\"><img loading=\"lazy\" decoding=\"async\" width=\"300\" height=\"196\" src=\"https:\/\/www.doeer.eu\/wp-content\/uploads\/2023\/04\/DOEER-A_thumb1-300x196.png\" class=\"attachment-medium size-medium wp-post-image\" alt=\"\" style=\"max-width:100px;\" srcset=\"https:\/\/www.doeer.eu\/wp-content\/uploads\/2023\/04\/DOEER-A_thumb1-300x196.png 300w, https:\/\/www.doeer.eu\/wp-content\/uploads\/2023\/04\/DOEER-A_thumb1-1024x671.png 1024w, https:\/\/www.doeer.eu\/wp-content\/uploads\/2023\/04\/DOEER-A_thumb1-768x503.png 768w, https:\/\/www.doeer.eu\/wp-content\/uploads\/2023\/04\/DOEER-A_thumb1.png 1350w\" sizes=\"auto, (max-width: 300px) 100vw, 300px\" \/><\/div><a class=\"wp-block-latest-posts__post-title\" href=\"https:\/\/www.doeer.eu\/es\/consultation-of-national-groups-of-experts-counsellors-in-each-project-country\/\">Nos asesoran grupos nacionales de expertos\/orientadores en cada pa\u00eds <\/a><div class=\"wp-block-latest-posts__post-excerpt\">Los grupos nacionales de expertos\/orientadores de los pa\u00edses participantes nos asesorar\u00e1n sobre las mejores y peores pr\u00e1cticas relevantes para los principios de las pr\u00e1cticas igualitarias en los sectores de la educaci\u00f3n y del negocio<\/div><\/li>\n<li><div class=\"wp-block-latest-posts__featured-image alignleft\"><img loading=\"lazy\" decoding=\"async\" width=\"300\" height=\"70\" src=\"https:\/\/www.doeer.eu\/wp-content\/uploads\/2023\/04\/mosaic-3394372_1920-e1682087221809-300x70.jpg\" class=\"attachment-medium size-medium wp-post-image\" alt=\"\" style=\"max-width:100px;\" srcset=\"https:\/\/www.doeer.eu\/wp-content\/uploads\/2023\/04\/mosaic-3394372_1920-e1682087221809-300x70.jpg 300w, https:\/\/www.doeer.eu\/wp-content\/uploads\/2023\/04\/mosaic-3394372_1920-e1682087221809-768x180.jpg 768w, https:\/\/www.doeer.eu\/wp-content\/uploads\/2023\/04\/mosaic-3394372_1920-e1682087221809-1024x241.jpg 1024w, https:\/\/www.doeer.eu\/wp-content\/uploads\/2023\/04\/mosaic-3394372_1920-e1682087221809-1536x361.jpg 1536w, https:\/\/www.doeer.eu\/wp-content\/uploads\/2023\/04\/mosaic-3394372_1920-e1682087221809.jpg 1920w\" sizes=\"auto, (max-width: 300px) 100vw, 300px\" \/><\/div><a class=\"wp-block-latest-posts__post-title\" href=\"https:\/\/www.doeer.eu\/es\/intercultural-equality\/\">Igualdad intercultural<\/a><div class=\"wp-block-latest-posts__post-excerpt\">La igualdad intercultural se refiere al principio de igualdad de trato y respeto de todas las culturas, y al reconocimiento de la diversidad de expresiones y pr\u00e1cticas culturales<\/div><\/li>\n<li><div class=\"wp-block-latest-posts__featured-image alignleft\"><img loading=\"lazy\" decoding=\"async\" width=\"300\" height=\"70\" src=\"https:\/\/www.doeer.eu\/wp-content\/uploads\/2023\/04\/mosaic-3394372_1920-e1682087221809-300x70.jpg\" class=\"attachment-medium size-medium wp-post-image\" alt=\"\" style=\"max-width:100px;\" srcset=\"https:\/\/www.doeer.eu\/wp-content\/uploads\/2023\/04\/mosaic-3394372_1920-e1682087221809-300x70.jpg 300w, https:\/\/www.doeer.eu\/wp-content\/uploads\/2023\/04\/mosaic-3394372_1920-e1682087221809-768x180.jpg 768w, https:\/\/www.doeer.eu\/wp-content\/uploads\/2023\/04\/mosaic-3394372_1920-e1682087221809-1024x241.jpg 1024w, https:\/\/www.doeer.eu\/wp-content\/uploads\/2023\/04\/mosaic-3394372_1920-e1682087221809-1536x361.jpg 1536w, https:\/\/www.doeer.eu\/wp-content\/uploads\/2023\/04\/mosaic-3394372_1920-e1682087221809.jpg 1920w\" sizes=\"auto, (max-width: 300px) 100vw, 300px\" \/><\/div><a class=\"wp-block-latest-posts__post-title\" href=\"https:\/\/www.doeer.eu\/es\/equality-in-opportunities-in-labour-market\/\">Igualdad de oportunidades en el mercado laboral<\/a><div class=\"wp-block-latest-posts__post-excerpt\">La igualdad de oportunidades en el mercado laboral implica que no existan barreras sist\u00e9micas que impidan a las personas acceder a un empleo o progresar en su carrera profesional<\/div><\/li>\n<li><div class=\"wp-block-latest-posts__featured-image alignleft\"><img loading=\"lazy\" decoding=\"async\" width=\"300\" height=\"70\" src=\"https:\/\/www.doeer.eu\/wp-content\/uploads\/2023\/04\/mosaic-3394372_1920-e1682087221809-300x70.jpg\" class=\"attachment-medium size-medium wp-post-image\" alt=\"\" style=\"max-width:100px;\" srcset=\"https:\/\/www.doeer.eu\/wp-content\/uploads\/2023\/04\/mosaic-3394372_1920-e1682087221809-300x70.jpg 300w, https:\/\/www.doeer.eu\/wp-content\/uploads\/2023\/04\/mosaic-3394372_1920-e1682087221809-768x180.jpg 768w, https:\/\/www.doeer.eu\/wp-content\/uploads\/2023\/04\/mosaic-3394372_1920-e1682087221809-1024x241.jpg 1024w, https:\/\/www.doeer.eu\/wp-content\/uploads\/2023\/04\/mosaic-3394372_1920-e1682087221809-1536x361.jpg 1536w, https:\/\/www.doeer.eu\/wp-content\/uploads\/2023\/04\/mosaic-3394372_1920-e1682087221809.jpg 1920w\" sizes=\"auto, (max-width: 300px) 100vw, 300px\" \/><\/div><a class=\"wp-block-latest-posts__post-title\" href=\"https:\/\/www.doeer.eu\/es\/economic-equality\/\">Igualdad econ\u00f3mica<\/a><div class=\"wp-block-latest-posts__post-excerpt\">La igualdad econ\u00f3mica se refiere al principio de igualdad de acceso a los recursos econ\u00f3micos, oportunidades y retribuciones para todos los individuos de una sociedad<\/div><\/li>\n<li><div class=\"wp-block-latest-posts__featured-image alignleft\"><img loading=\"lazy\" decoding=\"async\" width=\"300\" height=\"70\" src=\"https:\/\/www.doeer.eu\/wp-content\/uploads\/2023\/04\/mosaic-3394372_1920-e1682087221809-300x70.jpg\" class=\"attachment-medium size-medium wp-post-image\" alt=\"\" style=\"max-width:100px;\" srcset=\"https:\/\/www.doeer.eu\/wp-content\/uploads\/2023\/04\/mosaic-3394372_1920-e1682087221809-300x70.jpg 300w, https:\/\/www.doeer.eu\/wp-content\/uploads\/2023\/04\/mosaic-3394372_1920-e1682087221809-768x180.jpg 768w, https:\/\/www.doeer.eu\/wp-content\/uploads\/2023\/04\/mosaic-3394372_1920-e1682087221809-1024x241.jpg 1024w, https:\/\/www.doeer.eu\/wp-content\/uploads\/2023\/04\/mosaic-3394372_1920-e1682087221809-1536x361.jpg 1536w, https:\/\/www.doeer.eu\/wp-content\/uploads\/2023\/04\/mosaic-3394372_1920-e1682087221809.jpg 1920w\" sizes=\"auto, (max-width: 300px) 100vw, 300px\" \/><\/div><a class=\"wp-block-latest-posts__post-title\" href=\"https:\/\/www.doeer.eu\/es\/equality-for-persons-with-disabilities\/\">Igualdad para personas con discapacidad<\/a><div class=\"wp-block-latest-posts__post-excerpt\">La igualdad para las personas con discapacidad significa que deben tener las mismas oportunidades, derechos y acceso a los recursos que las personas sin discapacidad<\/div><\/li>\n<li><div class=\"wp-block-latest-posts__featured-image alignleft\"><img loading=\"lazy\" decoding=\"async\" width=\"300\" height=\"70\" src=\"https:\/\/www.doeer.eu\/wp-content\/uploads\/2023\/04\/mosaic-3394372_1920-e1682087221809-300x70.jpg\" class=\"attachment-medium size-medium wp-post-image\" alt=\"\" style=\"max-width:100px;\" srcset=\"https:\/\/www.doeer.eu\/wp-content\/uploads\/2023\/04\/mosaic-3394372_1920-e1682087221809-300x70.jpg 300w, https:\/\/www.doeer.eu\/wp-content\/uploads\/2023\/04\/mosaic-3394372_1920-e1682087221809-768x180.jpg 768w, https:\/\/www.doeer.eu\/wp-content\/uploads\/2023\/04\/mosaic-3394372_1920-e1682087221809-1024x241.jpg 1024w, https:\/\/www.doeer.eu\/wp-content\/uploads\/2023\/04\/mosaic-3394372_1920-e1682087221809-1536x361.jpg 1536w, https:\/\/www.doeer.eu\/wp-content\/uploads\/2023\/04\/mosaic-3394372_1920-e1682087221809.jpg 1920w\" sizes=\"auto, (max-width: 300px) 100vw, 300px\" \/><\/div><a class=\"wp-block-latest-posts__post-title\" href=\"https:\/\/www.doeer.eu\/es\/social-equality\/\">Igualdad social<\/a><div class=\"wp-block-latest-posts__post-excerpt\">La igualdad social se refiere al principio de igualdad de trato y oportunidades para todos los individuos de una sociedad, independientemente de su origen, condici\u00f3n social u otras caracter\u00edsticas personales<\/div><\/li>\n<li><div class=\"wp-block-latest-posts__featured-image alignleft\"><img loading=\"lazy\" decoding=\"async\" width=\"300\" height=\"70\" src=\"https:\/\/www.doeer.eu\/wp-content\/uploads\/2023\/04\/mosaic-3394372_1920-e1682087221809-300x70.jpg\" class=\"attachment-medium size-medium wp-post-image\" alt=\"\" style=\"max-width:100px;\" srcset=\"https:\/\/www.doeer.eu\/wp-content\/uploads\/2023\/04\/mosaic-3394372_1920-e1682087221809-300x70.jpg 300w, https:\/\/www.doeer.eu\/wp-content\/uploads\/2023\/04\/mosaic-3394372_1920-e1682087221809-768x180.jpg 768w, https:\/\/www.doeer.eu\/wp-content\/uploads\/2023\/04\/mosaic-3394372_1920-e1682087221809-1024x241.jpg 1024w, https:\/\/www.doeer.eu\/wp-content\/uploads\/2023\/04\/mosaic-3394372_1920-e1682087221809-1536x361.jpg 1536w, https:\/\/www.doeer.eu\/wp-content\/uploads\/2023\/04\/mosaic-3394372_1920-e1682087221809.jpg 1920w\" sizes=\"auto, (max-width: 300px) 100vw, 300px\" \/><\/div><a class=\"wp-block-latest-posts__post-title\" href=\"https:\/\/www.doeer.eu\/es\/gender-equality\/\">Igualdad de g\u00e9nero<\/a><div class=\"wp-block-latest-posts__post-excerpt\">La igualdad de g\u00e9nero se refiere a la igualdad de derechos, oportunidades y trato de las personas independientemente de su g\u00e9nero<\/div><\/li>\n<li><div class=\"wp-block-latest-posts__featured-image alignleft\"><img loading=\"lazy\" decoding=\"async\" width=\"300\" height=\"113\" src=\"https:\/\/www.doeer.eu\/wp-content\/uploads\/2023\/04\/KoM-e1680780691169-300x113.png\" class=\"attachment-medium size-medium wp-post-image\" alt=\"KoM\" style=\"max-width:100px;\" srcset=\"https:\/\/www.doeer.eu\/wp-content\/uploads\/2023\/04\/KoM-e1680780691169-300x113.png 300w, https:\/\/www.doeer.eu\/wp-content\/uploads\/2023\/04\/KoM-e1680780691169-1024x384.png 1024w, https:\/\/www.doeer.eu\/wp-content\/uploads\/2023\/04\/KoM-e1680780691169-768x288.png 768w, https:\/\/www.doeer.eu\/wp-content\/uploads\/2023\/04\/KoM-e1680780691169.png 1300w\" sizes=\"auto, (max-width: 300px) 100vw, 300px\" \/><\/div><a class=\"wp-block-latest-posts__post-title\" href=\"https:\/\/www.doeer.eu\/es\/first-project-meeting-in-bucharest\/\">Primera reuni\u00f3n en persona del equipo DOEER en Bucarest<\/a><div class=\"wp-block-latest-posts__post-excerpt\">El equipo del proyecto tuvo su primera reuni\u00f3n en l\u00ednea para ir comenzando las actividades y se reuni\u00f3 en persona en Ruman\u00eda a principios de octubre de 2022<\/div><\/li>\n<li><div class=\"wp-block-latest-posts__featured-image alignleft\"><img loading=\"lazy\" decoding=\"async\" width=\"300\" height=\"167\" src=\"https:\/\/www.doeer.eu\/wp-content\/uploads\/2023\/04\/Logo_VI-e1682243567277-300x167.png\" class=\"attachment-medium size-medium wp-post-image\" alt=\"\" style=\"max-width:100px;\" srcset=\"https:\/\/www.doeer.eu\/wp-content\/uploads\/2023\/04\/Logo_VI-e1682243567277-300x167.png 300w, https:\/\/www.doeer.eu\/wp-content\/uploads\/2023\/04\/Logo_VI-e1682243567277-768x428.png 768w, https:\/\/www.doeer.eu\/wp-content\/uploads\/2023\/04\/Logo_VI-e1682243567277.png 838w\" sizes=\"auto, (max-width: 300px) 100vw, 300px\" \/><\/div><a class=\"wp-block-latest-posts__post-title\" href=\"https:\/\/www.doeer.eu\/es\/doeer-branding\/\">Marca DOEER<\/a><div class=\"wp-block-latest-posts__post-excerpt\">odos los productos y resultados de DOEER est\u00e1n dise\u00f1ados para ser empleados libremente. El logo es el componente clave de la identidad visual del proyecto y combina diferentes s\u00edmbolos para representar el alcance de DOEER<\/div><\/li>\n<\/ul>","protected":false},"excerpt":{"rendered":"","protected":false},"author":3,"featured_media":0,"parent":0,"menu_order":0,"comment_status":"closed","ping_status":"closed","template":"","meta":{"pgc_sgb_lightbox_settings":"","footnotes":""},"class_list":["post-398","page","type-page","status-publish","hentry"],"_links":{"self":[{"href":"https:\/\/www.doeer.eu\/es\/wp-json\/wp\/v2\/pages\/398","targetHints":{"allow":["GET"]}}],"collection":[{"href":"https:\/\/www.doeer.eu\/es\/wp-json\/wp\/v2\/pages"}],"about":[{"href":"https:\/\/www.doeer.eu\/es\/wp-json\/wp\/v2\/types\/page"}],"author":[{"embeddable":true,"href":"https:\/\/www.doeer.eu\/es\/wp-json\/wp\/v2\/users\/3"}],"replies":[{"embeddable":true,"href":"https:\/\/www.doeer.eu\/es\/wp-json\/wp\/v2\/comments?post=398"}],"version-history":[{"count":15,"href":"https:\/\/www.doeer.eu\/es\/wp-json\/wp\/v2\/pages\/398\/revisions"}],"predecessor-version":[{"id":1519,"href":"https:\/\/www.doeer.eu\/es\/wp-json\/wp\/v2\/pages\/398\/revisions\/1519"}],"wp:attachment":[{"href":"https:\/\/www.doeer.eu\/es\/wp-json\/wp\/v2\/media?parent=398"}],"curies":[{"name":"wp","href":"https:\/\/api.w.org\/{rel}","templated":true}]}}