{"id":393,"date":"2023-04-03T18:36:45","date_gmt":"2023-04-03T16:36:45","guid":{"rendered":"https:\/\/www.doeer.eu\/en\/?page_id=393"},"modified":"2025-11-07T09:46:11","modified_gmt":"2025-11-07T08:46:11","slug":"resources","status":"publish","type":"page","link":"https:\/\/www.doeer.eu\/es\/resources\/","title":{"rendered":"Recursos"},"content":{"rendered":"\r\n<figure class=\"wp-block-image size-full\"><img decoding=\"async\" class=\"wp-image-556\" src=\"https:\/\/www.doeer.eu\/wp-content\/uploads\/2023\/04\/to-learn-4226965.jpg\" alt=\"\" \/><\/figure>\r\n\r\n\r\n\r\n<p>Seg\u00fan los objetivos, tanto generales como espec\u00edficos, del proyecto DOEER, los resultados finales del proyecto producir\u00e1n diferentes valores a\u00f1adidos.<br \/>Con respecto a esto, la cooperaci\u00f3n entre<strong> instituciones europeas<\/strong> de educaci\u00f3n superior reforzar\u00e1 el papel de las mismas en la constituci\u00f3n de una <strong>gu\u00eda, en di\u00e1logo con el mundo laboral, para el proceso de igualdad que liderar\u00e1 el reinicio y la resiliencia de los pa\u00edses europeos del proyecto<\/strong>, los cuales deber\u00e1n haberse desarrollado para participar en DOEER <strong>centr\u00e1ndose en las personas, digitalmente y de manera horizontal en todas las disciplinas<\/strong>. <br \/>Por lo tanto, ser\u00e1 esencial dialogar, debatir y compartir orientaciones conceptuales de forma transnacional en los pa\u00edses participantes, para crear un sistema de resultados eficiente basado en un entendimiento compartido y basado en la vida real de la igualdad.<\/p>\r\n","protected":false},"excerpt":{"rendered":"<p>Seg\u00fan los objetivos, tanto generales como espec\u00edficos, del proyecto DOEER, los resultados finales del proyecto producir\u00e1n diferentes valores a\u00f1adidos.Con respecto a esto, la cooperaci\u00f3n entre instituciones europeas de educaci\u00f3n superior reforzar\u00e1 el papel de las mismas en la constituci\u00f3n de una gu\u00eda, en di\u00e1logo con el mundo laboral, para el proceso de igualdad que liderar\u00e1 [&hellip;]<\/p>\n","protected":false},"author":3,"featured_media":0,"parent":0,"menu_order":0,"comment_status":"closed","ping_status":"closed","template":"","meta":{"pgc_sgb_lightbox_settings":"","footnotes":""},"class_list":["post-393","page","type-page","status-publish","hentry"],"_links":{"self":[{"href":"https:\/\/www.doeer.eu\/es\/wp-json\/wp\/v2\/pages\/393","targetHints":{"allow":["GET"]}}],"collection":[{"href":"https:\/\/www.doeer.eu\/es\/wp-json\/wp\/v2\/pages"}],"about":[{"href":"https:\/\/www.doeer.eu\/es\/wp-json\/wp\/v2\/types\/page"}],"author":[{"embeddable":true,"href":"https:\/\/www.doeer.eu\/es\/wp-json\/wp\/v2\/users\/3"}],"replies":[{"embeddable":true,"href":"https:\/\/www.doeer.eu\/es\/wp-json\/wp\/v2\/comments?post=393"}],"version-history":[{"count":3,"href":"https:\/\/www.doeer.eu\/es\/wp-json\/wp\/v2\/pages\/393\/revisions"}],"predecessor-version":[{"id":1552,"href":"https:\/\/www.doeer.eu\/es\/wp-json\/wp\/v2\/pages\/393\/revisions\/1552"}],"wp:attachment":[{"href":"https:\/\/www.doeer.eu\/es\/wp-json\/wp\/v2\/media?parent=393"}],"curies":[{"name":"wp","href":"https:\/\/api.w.org\/{rel}","templated":true}]}}